{"id":861,"date":"2021-03-14T10:21:37","date_gmt":"2021-03-14T09:21:37","guid":{"rendered":"https:\/\/ceskylvov.cz\/?page_id=861"},"modified":"2021-03-14T17:37:21","modified_gmt":"2021-03-14T16:37:21","slug":"karel-hadacek","status":"publish","type":"page","link":"https:\/\/ceskylvov.cz\/?page_id=861","title":{"rendered":"Karel Had\u00e1\u010dek"},"content":{"rendered":"\n<h4 class=\"wp-block-heading\"><em>Zakladatel modern\u00ed archeologie v Hali\u010di<\/em><\/h4>\n\n\n\n<div class=\"wp-block-image\"><figure class=\"alignright size-large is-resized\"><img loading=\"lazy\" decoding=\"async\" src=\"https:\/\/ua.ciru.org\/wp-content\/uploads\/2016\/01\/12592650_1095146093863720_6581345955520505587_n.jpg\" alt=\"\" width=\"174\" height=\"245\"\/><figcaption>Karel Had\u00e1\u010dek<\/figcaption><\/figure><\/div>\n\n\n\n<p><strong>Karel Had\u00e1\u010dek<\/strong> (Kare\u0142 Hadaczek) \u2013 24.01. 1873 Hrabivka (\u0413\u0440\u0430\u0431\u0456\u0432\u043a\u0430) \u2013 19.12. 1914 Lvov, archeolog, profesor Lvovsk\u00e9 univerzity, odborn\u00edk na neolit a antick\u00e9 obdob\u00ed byl p\u016fvodem z\u00a0rodiny \u010desk\u00e9ho muzikanta.<\/p>\n\n\n\n<div class=\"wp-block-image\"><figure class=\"alignleft size-large is-resized\"><img loading=\"lazy\" decoding=\"async\" src=\"https:\/\/ceskylvov.cz\/wp-content\/uploads\/2021\/03\/K.-Hadaczek\u2019s-habilitation-work.jpg\" alt=\"\" class=\"wp-image-898\" width=\"179\" height=\"265\" srcset=\"https:\/\/ceskylvov.cz\/wp-content\/uploads\/2021\/03\/K.-Hadaczek\u2019s-habilitation-work.jpg 560w, https:\/\/ceskylvov.cz\/wp-content\/uploads\/2021\/03\/K.-Hadaczek\u2019s-habilitation-work-202x300.jpg 202w\" sizes=\"(max-width: 179px) 100vw, 179px\" \/><figcaption>Habilita\u010dn\u00ed pr\u00e1ce K. Had\u00e1\u010dka<\/figcaption><\/figure><\/div>\n\n\n\n<p>Po t\u00e9, co absolvoval s\u00a0vyznamen\u00e1n\u00edm gymn\u00e1zium ve Stanis\u0142aw\u00f3w\u011b (Ivano \u2013 Frankivsk) byl p\u0159ijat na Filozofickou fakultu Lvovsk\u00e9 univerzity, kde studoval literaturu (1893-1897). Na doporu\u010den\u00ed sv\u00e9ho profesora <a href=\"https:\/\/cs.wikipedia.org\/wiki\/Ludwik_%C4%86wikli%C5%84ski\">Ludwika \u0106wikli\u0144skeho<\/a>, zah\u00e1jil Had\u00e1\u010dek studium archeologie ve V\u00eddni v\u00a0r\u00e1mci stipendia, kter\u00e9 z\u00edskal od ministerstva \u0161kolstv\u00ed (1897-1900). V letech 1900-1903, op\u011bt jako stipendista ministerstva \u0161kolstv\u00ed a Akademie v\u011bd v Krakov\u011b, provedl archeologick\u00fd v\u00fdzkum v \u0158ecku, It\u00e1lii a N\u011bmecku. Od roku 1903 ji\u017e p\u016fsobil jako docent na Lvovsk\u00e9 univerzit\u011b, kde vyu\u010doval archeologii a historii primitivn\u00edch n\u00e1rod\u016f. V roce 1905 byl pov\u011b\u0159en zalo\u017een\u00edm a veden\u00edm katedry klasick\u00e9 archeologie a prav\u011bku (\u0159\u00e1dnou profesuru z\u00edskal v roce 1909). V roce 1913 jej akademick\u00e1 rada filozofick\u00e9 fakulty zvolila d\u011bkanem. Na ve\u0159ejn\u00e9 n\u00e1klady opakovan\u011b cestoval za archeologick\u00fdmi v\u00fdzkumy &#8211; 1909 &#8211; \u0158ecko a It\u00e1lie, 1911-1913 Egypt. Ve sv\u00e9m oboru se proslavil zejm\u00e9na jako objevitel tzv. <a href=\"https:\/\/cs.wikipedia.org\/wiki\/P%C5%99evorsk%C3%A1_kultura\">P\u0159evorsk\u00e9 kultury<\/a>. Tento n\u00e1zev z\u00edskala podle okresu, v jeho\u017e katastru le\u017e\u00ed obec Ga\u0107 (dne\u0161n\u00ed Podkarpat\u00ed &#8211; Polsko). V letech 1904-1905 zde zkoumal poh\u0159ebi\u0161t\u011b (180 hrob\u016f) z doby \u0159\u00edmsk\u00e9 (kultura doby \u017eelezn\u00e9).<\/p>\n\n\n\n<figure class=\"wp-block-image size-large\"><img loading=\"lazy\" decoding=\"async\" width=\"1024\" height=\"437\" src=\"https:\/\/ceskylvov.cz\/wp-content\/uploads\/2021\/03\/aaa-1024x437.jpg\" alt=\"\" class=\"wp-image-867\" srcset=\"https:\/\/ceskylvov.cz\/wp-content\/uploads\/2021\/03\/aaa-1024x437.jpg 1024w, https:\/\/ceskylvov.cz\/wp-content\/uploads\/2021\/03\/aaa-300x128.jpg 300w, https:\/\/ceskylvov.cz\/wp-content\/uploads\/2021\/03\/aaa-768x328.jpg 768w, https:\/\/ceskylvov.cz\/wp-content\/uploads\/2021\/03\/aaa.jpg 1402w\" sizes=\"(max-width: 1024px) 100vw, 1024px\" \/><figcaption>M\u00edsto vykop\u00e1vek a nalezen\u00e9 p\u0159edm\u011bty ve vesnici Ga\u0107, pobl\u00ed\u017e m\u011bsta P\u0159evorsk, 1905<\/figcaption><\/figure>\n\n\n\n<div class=\"wp-block-image\"><figure class=\"alignleft size-large is-resized\"><img loading=\"lazy\" decoding=\"async\" src=\"https:\/\/ceskylvov.cz\/wp-content\/uploads\/2021\/03\/132043639_2466504283644241_558250518514567394_o1-814x1024.jpg\" alt=\"\" class=\"wp-image-906\" width=\"182\" height=\"229\" srcset=\"https:\/\/ceskylvov.cz\/wp-content\/uploads\/2021\/03\/132043639_2466504283644241_558250518514567394_o1-814x1024.jpg 814w, https:\/\/ceskylvov.cz\/wp-content\/uploads\/2021\/03\/132043639_2466504283644241_558250518514567394_o1-238x300.jpg 238w, https:\/\/ceskylvov.cz\/wp-content\/uploads\/2021\/03\/132043639_2466504283644241_558250518514567394_o1-768x966.jpg 768w, https:\/\/ceskylvov.cz\/wp-content\/uploads\/2021\/03\/132043639_2466504283644241_558250518514567394_o1-1221x1536.jpg 1221w, https:\/\/ceskylvov.cz\/wp-content\/uploads\/2021\/03\/132043639_2466504283644241_558250518514567394_o1.jpg 1500w\" sizes=\"(max-width: 182px) 100vw, 182px\" \/><figcaption>Obr\u00e1zek Karla Had\u00e1\u010dka ve lvovsk\u00e9m projektu \u201eHrdost m\u011bsta\u201c<\/figcaption><\/figure><\/div>\n\n\n\n<p>Nen\u00ed proto divu, \u017ee si z\u00edskal respekt i mimo univerzitu. Byl zvolen dopisuj\u00edc\u00edm \u010dlenem Akademie v\u011bd v Krakov\u011b, stal se \u0159\u00e1dn\u00fdm \u010dlenem Archeologick\u00e9ho institutu ve V\u00eddni a t\u00e9\u017e jmenov\u00e1n konzerv\u00e1torem \u00dast\u0159edn\u00ed komise pro um\u011bleck\u00e9 pam\u00e1tky Hali\u010de. Lvovsk\u00fd mecen\u00e1\u0161, hrab\u011b W\u0142odzimierz Dzieduszycki jej pozval jako v\u00fdzkumn\u00edka a spr\u00e1vce archeologick\u00fdch sb\u00edrek ve sv\u00e9m slavn\u00e9m muzeu. Zde se Had\u00e1\u010dek zab\u00fdval zejm\u00e9na odborn\u00fdm posouzen\u00edm nejslavn\u011bj\u0161\u00ed \u010d\u00e1sti m\u00edstn\u00ed sb\u00edrky -Zlat\u00e9ho pokladu z&nbsp;Michalkova (<a href=\"https:\/\/auction.violity.com\/pl\/new\/3095-staro-ytny-skarb-z-otej-bi-uterii-znaleziony-w-regionie-tarnopola\">Z\u0142oty Skarb Micha\u0142kowski<\/a>).<\/p>\n\n\n\n<div class=\"wp-block-image\"><figure class=\"alignright size-large is-resized\"><img loading=\"lazy\" decoding=\"async\" src=\"https:\/\/ceskylvov.cz\/wp-content\/uploads\/2021\/03\/\u0437\u043e\u0431\u0440\u0430\u0436\u0435\u043d\u043d\u044f-3.png\" alt=\"\" class=\"wp-image-869\" width=\"194\" height=\"260\" srcset=\"https:\/\/ceskylvov.cz\/wp-content\/uploads\/2021\/03\/\u0437\u043e\u0431\u0440\u0430\u0436\u0435\u043d\u043d\u044f-3.png 370w, https:\/\/ceskylvov.cz\/wp-content\/uploads\/2021\/03\/\u0437\u043e\u0431\u0440\u0430\u0436\u0435\u043d\u043d\u044f-3-225x300.png 225w\" sizes=\"(max-width: 194px) 100vw, 194px\" \/><figcaption>Hrob K. Had\u00e1\u010dka po renovaci v&nbsp;r. 2021 (z prost\u0159edk\u016f MZV \u010cR zajistila <strong><a href=\"https:\/\/ceskylvov.cz\/?page_id=151\">\u010cesk\u00e1 beseda<\/a><\/strong>)<\/figcaption><\/figure><\/div>\n\n\n\n<p>V\u011bhlasu dos\u00e1hl tak\u00e9 objevem neolitick\u00e9ho s\u00eddli\u0161t\u011b (Ko\u0161ilivci, Ternopilsk\u00e1 obl.) v&nbsp;roce 1910. Jeho pr\u00e1ce &nbsp;citovala \u0159ada evropsk\u00fdch odborn\u00fdch \u010dasopis\u016f i osobnost\u00ed v\u011bdy, v\u010detn\u011b zakladatele \u010desk\u00e9 modern\u00ed archeologie <a href=\"https:\/\/cs.wikipedia.org\/wiki\/Lubor_Niederle\">Lubora Niederleho<\/a>, kter\u00fd Had\u00e1\u010dka zmi\u0148uje nejen ve sv\u00e9m&nbsp;d\u00edle <em>Slovansk\u00e9 staro\u017eitnosti<\/em>.<\/p>\n\n\n\n<div class=\"wp-block-image\"><figure class=\"alignleft size-large is-resized\"><img loading=\"lazy\" decoding=\"async\" src=\"https:\/\/ceskylvov.cz\/wp-content\/uploads\/2021\/03\/\u0437\u043e\u0431\u0440\u0430\u0436\u0435\u043d\u043d\u044f-4.png\" alt=\"\" class=\"wp-image-890\" width=\"220\" height=\"132\" srcset=\"https:\/\/ceskylvov.cz\/wp-content\/uploads\/2021\/03\/\u0437\u043e\u0431\u0440\u0430\u0436\u0435\u043d\u043d\u044f-4.png 736w, https:\/\/ceskylvov.cz\/wp-content\/uploads\/2021\/03\/\u0437\u043e\u0431\u0440\u0430\u0436\u0435\u043d\u043d\u044f-4-300x180.png 300w\" sizes=\"(max-width: 220px) 100vw, 220px\" \/><figcaption>Bydlen\u00ed K. Had\u00e1\u010dka na ul. Supi\u0144skiego (nyn\u00ed Kocjubynskoho), 3<\/figcaption><\/figure><\/div>\n\n\n\n<p>Slibnou kari\u00e9ru profesora Had\u00e1\u010dka definitivn\u011b ukon\u010dila prvn\u00ed v\u00e1le\u010dn\u00e1 zima. V &nbsp;dob\u011b, kdy byl Lvov obsazen carsk\u00fdm vojskem, zem\u0159el ve sv\u00e9m vlastn\u00edm byt\u011b na ulici Supi\u0144skiego \u010d.5 (nyn\u00ed M. Kotsyubynskoho) jako star\u00fd ml\u00e1denec. Jeho tragick\u00fd odchod (zast\u0159elil se) je p\u0159i\u010d\u00edt\u00e1n vlekl\u00e9 chorob\u011b, kterou si p\u0159ivezl z badatelsk\u00fdch&nbsp;cest, existen\u010dn\u00edm pot\u00ed\u017e\u00edm a beznad\u011bji, plynouc\u00ed z&nbsp;v\u00e1le\u010dn\u00e9ho \u010dasu. Had\u00e1\u010dk\u016fv hrob byl objeven na Ly\u010dakivsk\u00e9m h\u0159bitov\u011b teprve ned\u00e1vno a d\u00edky p\u00e9\u010di \u010cesk\u00e9 besedy a podpo\u0159e na\u0161eho gener\u00e1ln\u00edho konzul\u00e1tu byl v&nbsp;roce 2020 opraven.<\/p>\n\n\n\n<h4 class=\"wp-block-heading\">V\u00fdb\u011br z d\u00edla:<\/h4>\n\n\n\n<div class=\"wp-block-image\"><figure class=\"alignright size-large is-resized\"><img loading=\"lazy\" decoding=\"async\" src=\"https:\/\/ceskylvov.cz\/wp-content\/uploads\/2021\/03\/hadaczek.jpg\" alt=\"\" class=\"wp-image-894\" width=\"288\" height=\"301\" srcset=\"https:\/\/ceskylvov.cz\/wp-content\/uploads\/2021\/03\/hadaczek.jpg 774w, https:\/\/ceskylvov.cz\/wp-content\/uploads\/2021\/03\/hadaczek-287x300.jpg 287w, https:\/\/ceskylvov.cz\/wp-content\/uploads\/2021\/03\/hadaczek-768x804.jpg 768w\" sizes=\"(max-width: 288px) 100vw, 288px\" \/><figcaption>Had\u00e1\u010dk\u016fv velk\u00fd nekrolog v novin\u00e1ch S\u0142owo Polskie (1914, <a href=\"https:\/\/jbc.bj.uj.edu.pl\/dlibra\/publication\/211131\/edition\/199835\/content\">\u010d. 574<\/a>)<\/figcaption><\/figure><\/div>\n\n\n\n<ul class=\"wp-block-list\"><li>Nowo odkryty dyplom \u017co\u0142nierski z czas\u00f3w Domicyana (1897)<\/li><li>Kilka uwag o czasach prehistorycznych Galicji (1897\u20141898)<\/li><li>Z bada\u0144 archeologicznych w dorzeczu Bugu (1900)<\/li><li>\u015alady epoki tzw. archaiczno-myke\u0144skiej we wschodniej Galicyi (1901)<\/li><li>Z bada\u0144 archeologicznych w dorzeczu Dniestru (1902)<\/li><li>Der Ohrschmuck der Griechen und Etrusken (vyd. V\u00edde\u0148 1903)<\/li><li>Gr\u00f3b Neptolemosa w Delfach (1903)<\/li><li>Rze\u017aba w us\u0142ugach \u015bwi\u0105tyni greckiej (1903)<\/li><li>\u015awiatowid (1904)<\/li><li>Z\u0142ote skarby micha\u0142kowskie (1904)<\/li><li>Dzia\u0142 przedhistoryczny Muzeum im. Dzieduszyckich (1907)<\/li><li>Polygnotos, pierwszy klasyk malarstwa greckiego (1908)<\/li><li>Cmentarzysko cia\u0142opalne ko\u0142o Przeworska (1909)<\/li><li>Kultura dorzecza Dniestru w epoce cesarstwa rzymskiego (1912)<\/li><li>Osada przemys\u0142owa w Koszy\u0142owcach z epoki eneolitu (1914)<\/li><\/ul>\n\n\n\n<div style=\"height:53px\" aria-hidden=\"true\" class=\"wp-block-spacer\"><\/div>\n\n\n\n<figure class=\"wp-block-gallery columns-2 is-cropped wp-block-gallery-1 is-layout-flex wp-block-gallery-is-layout-flex\"><ul class=\"blocks-gallery-grid\"><li class=\"blocks-gallery-item\"><figure><img loading=\"lazy\" decoding=\"async\" width=\"231\" height=\"218\" src=\"https:\/\/ceskylvov.cz\/wp-content\/uploads\/2021\/03\/index.jpg\" alt=\"\" data-id=\"887\" data-full-url=\"https:\/\/ceskylvov.cz\/wp-content\/uploads\/2021\/03\/index.jpg\" data-link=\"https:\/\/ceskylvov.cz\/?attachment_id=887\" class=\"wp-image-887\"\/><\/figure><\/li><li class=\"blocks-gallery-item\"><figure><img loading=\"lazy\" decoding=\"async\" width=\"960\" height=\"720\" src=\"https:\/\/ceskylvov.cz\/wp-content\/uploads\/2021\/03\/12644880_1095145357197127_4190118945442070233_n1.jpg\" alt=\"\" data-id=\"888\" data-full-url=\"https:\/\/ceskylvov.cz\/wp-content\/uploads\/2021\/03\/12644880_1095145357197127_4190118945442070233_n1.jpg\" data-link=\"https:\/\/ceskylvov.cz\/?attachment_id=888\" class=\"wp-image-888\" srcset=\"https:\/\/ceskylvov.cz\/wp-content\/uploads\/2021\/03\/12644880_1095145357197127_4190118945442070233_n1.jpg 960w, https:\/\/ceskylvov.cz\/wp-content\/uploads\/2021\/03\/12644880_1095145357197127_4190118945442070233_n1-300x225.jpg 300w, https:\/\/ceskylvov.cz\/wp-content\/uploads\/2021\/03\/12644880_1095145357197127_4190118945442070233_n1-768x576.jpg 768w\" sizes=\"(max-width: 960px) 100vw, 960px\" \/><\/figure><\/li><li class=\"blocks-gallery-item\"><figure><img loading=\"lazy\" decoding=\"async\" width=\"1024\" height=\"347\" src=\"https:\/\/ceskylvov.cz\/wp-content\/uploads\/2021\/03\/\u0410\u0440\u0445\u0435\u043e\u043b\u043e\u0433\u0456\u0447\u043d\u0456-\u0437\u043d\u0430\u0445\u0456\u0434\u043a\u0438-1024x347.jpg\" alt=\"\" data-id=\"875\" data-full-url=\"https:\/\/ceskylvov.cz\/wp-content\/uploads\/2021\/03\/\u0410\u0440\u0445\u0435\u043e\u043b\u043e\u0433\u0456\u0447\u043d\u0456-\u0437\u043d\u0430\u0445\u0456\u0434\u043a\u0438.jpg\" data-link=\"https:\/\/ceskylvov.cz\/?attachment_id=875\" class=\"wp-image-875\" srcset=\"https:\/\/ceskylvov.cz\/wp-content\/uploads\/2021\/03\/\u0410\u0440\u0445\u0435\u043e\u043b\u043e\u0433\u0456\u0447\u043d\u0456-\u0437\u043d\u0430\u0445\u0456\u0434\u043a\u0438-1024x347.jpg 1024w, https:\/\/ceskylvov.cz\/wp-content\/uploads\/2021\/03\/\u0410\u0440\u0445\u0435\u043e\u043b\u043e\u0433\u0456\u0447\u043d\u0456-\u0437\u043d\u0430\u0445\u0456\u0434\u043a\u0438-300x102.jpg 300w, https:\/\/ceskylvov.cz\/wp-content\/uploads\/2021\/03\/\u0410\u0440\u0445\u0435\u043e\u043b\u043e\u0433\u0456\u0447\u043d\u0456-\u0437\u043d\u0430\u0445\u0456\u0434\u043a\u0438-768x260.jpg 768w, https:\/\/ceskylvov.cz\/wp-content\/uploads\/2021\/03\/\u0410\u0440\u0445\u0435\u043e\u043b\u043e\u0433\u0456\u0447\u043d\u0456-\u0437\u043d\u0430\u0445\u0456\u0434\u043a\u0438.jpg 1045w\" sizes=\"(max-width: 1024px) 100vw, 1024px\" \/><\/figure><\/li><\/ul><figcaption class=\"blocks-gallery-caption\">Archeologick\u00e9 n\u00e1lezy K. Had\u00e1\u010dka<\/figcaption><\/figure>\n\n\n\n<figure class=\"wp-block-gallery columns-1 wp-block-gallery-2 is-layout-flex wp-block-gallery-is-layout-flex\"><ul class=\"blocks-gallery-grid\"><li class=\"blocks-gallery-item\"><figure><img loading=\"lazy\" decoding=\"async\" width=\"1024\" height=\"586\" src=\"https:\/\/ceskylvov.cz\/wp-content\/uploads\/2021\/03\/cv_hadacek_1903-1024x586.jpg\" alt=\"\" data-id=\"882\" data-link=\"https:\/\/ceskylvov.cz\/?attachment_id=882\" class=\"wp-image-882\" srcset=\"https:\/\/ceskylvov.cz\/wp-content\/uploads\/2021\/03\/cv_hadacek_1903-1024x586.jpg 1024w, https:\/\/ceskylvov.cz\/wp-content\/uploads\/2021\/03\/cv_hadacek_1903-300x172.jpg 300w, https:\/\/ceskylvov.cz\/wp-content\/uploads\/2021\/03\/cv_hadacek_1903-768x440.jpg 768w, https:\/\/ceskylvov.cz\/wp-content\/uploads\/2021\/03\/cv_hadacek_1903.jpg 1266w\" sizes=\"(max-width: 1024px) 100vw, 1024px\" \/><figcaption class=\"blocks-gallery-item__caption\">Autobiografie Karla Had\u00e1\u010dka, 1903<\/figcaption><\/figure><\/li><li class=\"blocks-gallery-item\"><figure><img loading=\"lazy\" decoding=\"async\" width=\"791\" height=\"611\" src=\"https:\/\/ceskylvov.cz\/wp-content\/uploads\/2021\/03\/hadacek_wien.jpg\" alt=\"\" data-id=\"883\" data-link=\"https:\/\/ceskylvov.cz\/?attachment_id=883\" class=\"wp-image-883\" srcset=\"https:\/\/ceskylvov.cz\/wp-content\/uploads\/2021\/03\/hadacek_wien.jpg 791w, https:\/\/ceskylvov.cz\/wp-content\/uploads\/2021\/03\/hadacek_wien-300x232.jpg 300w, https:\/\/ceskylvov.cz\/wp-content\/uploads\/2021\/03\/hadacek_wien-768x593.jpg 768w\" sizes=\"(max-width: 791px) 100vw, 791px\" \/><figcaption class=\"blocks-gallery-item__caption\">\u00da\u0159edn\u00ed dokument z V\u00eddn\u011b o jmenov\u00e1n\u00ed K. Had\u00e1\u010dka profesorem na kated\u0159e klasick\u00e9 archeologie a prav\u011bku, 1905<\/figcaption><\/figure><\/li><li class=\"blocks-gallery-item\"><figure><img loading=\"lazy\" decoding=\"async\" width=\"863\" height=\"693\" src=\"https:\/\/ceskylvov.cz\/wp-content\/uploads\/2021\/03\/dean.jpg\" alt=\"\" data-id=\"885\" data-full-url=\"https:\/\/ceskylvov.cz\/wp-content\/uploads\/2021\/03\/dean.jpg\" data-link=\"https:\/\/ceskylvov.cz\/?attachment_id=885\" class=\"wp-image-885\" srcset=\"https:\/\/ceskylvov.cz\/wp-content\/uploads\/2021\/03\/dean.jpg 863w, https:\/\/ceskylvov.cz\/wp-content\/uploads\/2021\/03\/dean-300x241.jpg 300w, https:\/\/ceskylvov.cz\/wp-content\/uploads\/2021\/03\/dean-768x617.jpg 768w\" sizes=\"(max-width: 863px) 100vw, 863px\" \/><figcaption class=\"blocks-gallery-item__caption\">Dokument o jmenov\u00e1n\u00ed K. Had\u00e1\u010dka d\u011bkanem Filozofick\u00e9 fakulty Lvovsk\u00e9 univerzity, 1913<\/figcaption><\/figure><\/li><\/ul><\/figure>\n\n\n\n<h4 class=\"wp-block-heading\">\u00a9 2021 Petr Zenker<\/h4>\n\n\n\n<p><em>Zdroje:<\/em> <em><a href=\"https:\/\/jbc.bj.uj.edu.pl\/dlibra\/publication\/211131\/edition\/199835\/content\">https:\/\/jbc.bj.uj.edu.pl\/dlibra\/publication\/211131\/edition\/199835\/content<\/a>, <a href=\"https:\/\/stowarzyszeniehistorykowstarozytnosci.edu.pl\/portfolio\/karol-hadaczek-1873-1914\/\">https:\/\/stowarzyszeniehistorykowstarozytnosci.edu.pl\/portfolio\/karol-hadaczek-1873-1914\/<\/a>, <a href=\"https:\/\/zbruc.eu\/node\/31090\">https:\/\/zbruc.eu\/node\/31090<\/a>, <a href=\"https:\/\/web.archive.org\/web\/20140726145224\/\">https:\/\/web.archive.org\/web\/20140726145224\/<\/a>, <a href=\"https:\/\/portal.lviv.ua\/digest\/2004\/03\/26\/124431.html\">https:\/\/portal.lviv.ua\/digest\/2004\/03\/26\/124431.html<\/a><\/em>, <em><a href=\"https:\/\/ena.lp.edu.ua:8080\/bitstream\/ntb\/16876\/1\/2-Bulyk-7-32.pdf\">https:\/\/ena.lp.edu.ua:8080\/bitstream\/ntb\/16876\/1\/2-Bulyk-7-32.pdf<\/a><\/em>, <em><a href=\"https:\/\/www.facebook.com\/NGO.ContrForce\/photos\/2466504280310908\">https:\/\/www.facebook.com\/NGO.ContrForce\/photos\/2466504280310908<\/a><\/em><\/p>\n","protected":false},"excerpt":{"rendered":"<p>Zakladatel modern\u00ed archeologie v Hali\u010di Karel Had\u00e1\u010dek (Kare\u0142 Hadaczek) \u2013 24.01. 1873 Hrabivka (\u0413\u0440\u0430\u0431\u0456\u0432\u043a\u0430) \u2013 19.12. 1914 Lvov, archeolog, profesor Lvovsk\u00e9 univerzity, odborn\u00edk na neolit&hellip;<\/p>\n","protected":false},"author":1,"featured_media":903,"parent":0,"menu_order":0,"comment_status":"closed","ping_status":"closed","template":"","meta":{"footnotes":""},"class_list":["post-861","page","type-page","status-publish","has-post-thumbnail","hentry"],"_links":{"self":[{"href":"https:\/\/ceskylvov.cz\/index.php?rest_route=\/wp\/v2\/pages\/861"}],"collection":[{"href":"https:\/\/ceskylvov.cz\/index.php?rest_route=\/wp\/v2\/pages"}],"about":[{"href":"https:\/\/ceskylvov.cz\/index.php?rest_route=\/wp\/v2\/types\/page"}],"author":[{"embeddable":true,"href":"https:\/\/ceskylvov.cz\/index.php?rest_route=\/wp\/v2\/users\/1"}],"replies":[{"embeddable":true,"href":"https:\/\/ceskylvov.cz\/index.php?rest_route=%2Fwp%2Fv2%2Fcomments&post=861"}],"version-history":[{"count":35,"href":"https:\/\/ceskylvov.cz\/index.php?rest_route=\/wp\/v2\/pages\/861\/revisions"}],"predecessor-version":[{"id":918,"href":"https:\/\/ceskylvov.cz\/index.php?rest_route=\/wp\/v2\/pages\/861\/revisions\/918"}],"wp:featuredmedia":[{"embeddable":true,"href":"https:\/\/ceskylvov.cz\/index.php?rest_route=\/wp\/v2\/media\/903"}],"wp:attachment":[{"href":"https:\/\/ceskylvov.cz\/index.php?rest_route=%2Fwp%2Fv2%2Fmedia&parent=861"}],"curies":[{"name":"wp","href":"https:\/\/api.w.org\/{rel}","templated":true}]}}