{"id":749,"date":"2021-03-09T15:05:17","date_gmt":"2021-03-09T14:05:17","guid":{"rendered":"https:\/\/ceskylvov.cz\/?page_id=749"},"modified":"2021-03-10T15:32:29","modified_gmt":"2021-03-10T14:32:29","slug":"karel-auer","status":"publish","type":"page","link":"https:\/\/ceskylvov.cz\/?page_id=749","title":{"rendered":"Karel Auer"},"content":{"rendered":"\n<h4 class=\"wp-block-heading\"><em>Kr\u00e1sy d\u00e1vn\u00e9 Hali\u010de o\u010dima pra\u017esk\u00e9ho rod\u00e1ka<\/em><\/h4>\n\n\n\n<p><strong>Karel Auer <\/strong>(Karl, Karol) \u2013 1818 Praha \u2013 1859 Lvov \u2013 v\u00fdznamn\u00fd um\u011blec, rytec a grafik, absolvoval v\u00edde\u0148skou Akademii v\u00fdtvarn\u00fdch um\u011bn\u00ed. A\u010dkoliv se jednalo s nejv\u011bt\u0161\u00ed pravd\u011bpodobnost\u00ed o n\u011bmecky hovo\u0159\u00edc\u00edho krajana, m\u00edsto narozen\u00ed potvrzuje jeho p\u016fvod. Nejen proto, zasluhuje Auerova tvorba pozornost i \u010desk\u00fdch milovn\u00edk\u016f um\u011bn\u00ed a historie.<\/p>\n\n\n\n<div class=\"wp-block-image\"><figure class=\"alignright size-large is-resized\"><img loading=\"lazy\" decoding=\"async\" src=\"https:\/\/ceskylvov.cz\/wp-content\/uploads\/2021\/03\/auer2.jpg\" alt=\"\" class=\"wp-image-757\" width=\"343\" height=\"166\" srcset=\"https:\/\/ceskylvov.cz\/wp-content\/uploads\/2021\/03\/auer2.jpg 397w, https:\/\/ceskylvov.cz\/wp-content\/uploads\/2021\/03\/auer2-300x145.jpg 300w\" sizes=\"(max-width: 343px) 100vw, 343px\" \/><figcaption>Podpisy Karla Auera<\/figcaption><\/figure><\/div>\n\n\n\n<p>Nemnoh\u00e9 prameny uv\u00e1d\u011bj\u00ed, \u017ee v r. 1837 p\u0159ich\u00e1z\u00ed Auer do Lvova na pozv\u00e1n\u00ed majitele zaveden\u00e9 tiska\u0159sk\u00e9 d\u00edlny Petera (Piotra) Pillera. Ten byl pokra\u010dovatelem v rodinn\u00e9 firm\u011b (zal. 1772), kter\u00e1 se pod\u00edlela i na v\u00fdrob\u011b prvn\u00edho m\u00edstn\u00edho periodika (Gazette de Leopol, v r. 1776). Prosperitu tisk\u00e1rny zaji\u0161\u0165oval dostatek st\u00e1tn\u00edch zak\u00e1zek na tisk odborn\u00fdch a \u00fa\u0159edn\u00edch knih (od roku 1831 byla fili\u00e1lkou v\u00edde\u0148sk\u00e9 k. k. Hof- und Staatsdruckerei). Zda-li skute\u010dnost, \u017ee \u0159editelem zm\u00edn\u011bn\u00e9 c.k. Dvorn\u00ed a st\u00e1tn\u00ed tisk\u00e1rny ve V\u00eddni se v b\u0159eznu 1841 stal Alois Auer Ritter von Welsbach, otec <a href=\"https:\/\/cs.wikipedia.org\/wiki\/Carl_Auer_von_Welsbach\">Karla Auera von Welsbach<\/a>, m\u00e1 p\u0159\u00edmou souvislost s na\u0161\u00edm lvovsk\u00fdm um\u011blcem a jeho p\u0159\u00edb\u011bhem, nev\u00edme. O krevn\u00edm poutu mezi nimi, tak m\u016f\u017eeme jen spekulovat.<\/p>\n\n\n\n<p>Auer nahradil na pozici hlavn\u00edho grafika firmy, pozd\u011bji zn\u00e1m\u00e9 pod n\u00e1zvem Piller \u2013 Neumann, <a href=\"https:\/\/www.dorotheum.com\/en\/k\/antoni-lange\/\">Antoniho Langeho <\/a>(1774 V\u00edde\u0148 &#8211; 1842 Lvov). Z\u00e1hy zde z\u00faro\u010dil sv\u016fj talent a stal se autorem des\u00edtek litografi\u00ed m\u011bst a okoln\u00ed krajiny. Ty byly soust\u0159ed\u011bny v souborech Hali\u010d v obrazech (Galicja w obrazach vyd. 1837-38) a Obr\u00e1zky Lvova (1835-42). Jeho d\u00edla pravideln\u011b publikoval i \u010dasopis Lwowian (1838-42) a Den\u00edk pa\u0159\u00ed\u017esk\u00e9 m\u00f3dy (Dzennik M\u00f3d Paryskich 1840-48).<\/p>\n\n\n\n<div class=\"wp-block-image\"><figure class=\"alignleft size-large is-resized\"><img loading=\"lazy\" decoding=\"async\" src=\"https:\/\/ceskylvov.cz\/wp-content\/uploads\/2021\/03\/Piller-768x4191-1.jpeg\" alt=\"\" class=\"wp-image-824\" width=\"370\" height=\"202\" srcset=\"https:\/\/ceskylvov.cz\/wp-content\/uploads\/2021\/03\/Piller-768x4191-1.jpeg 768w, https:\/\/ceskylvov.cz\/wp-content\/uploads\/2021\/03\/Piller-768x4191-1-300x164.jpeg 300w\" sizes=\"(max-width: 370px) 100vw, 370px\" \/><figcaption>Tisk\u00e1rna Pillera (dnes ul. Lychakivska, 3), litografie Karla Auera<\/figcaption><\/figure><\/div>\n\n\n\n<p>Obr\u00e1zky zdej\u0161\u00ed krajiny, architektury a spole\u010densk\u00e9ho \u017eivota prvn\u00ed poloviny 19. stolet\u00ed, dopl\u0148uje Auer \u0159adou litografick\u00fdch portr\u00e9t\u016f v\u00fdznamn\u00fdch osobnost\u00ed a historick\u00fdch postav kr\u00e1lovstv\u00ed.Krom\u011b sv\u00fdch sou\u010dasn\u00edk\u016f (b\u00e1sn\u00edk Adam Mickiewicz (1856); tv\u016frce polsk\u00e9 komedie Alexander hr. Fredro (1858), spisovatel J\u00f3zef-Ignatius Kraszewski (1854); b\u00e1sn\u00edk Teofil Lenartowicz (1858), Bohdan-J\u00f3zef Zaleski a Wincenty Pol (1855)), vytvo\u0159il tak\u00e9 \u0159adu imagin\u00e1rn\u00edch portr\u00e9t\u016f. Mezi jin\u00fdmi nap\u0159. polsk\u00e9ho kr\u00e1le Boleslava Chrabr\u00e9ho a Kazim\u00edra III. Velk\u00e9ho (1842) nebo slavnou hali\u010dskou roda\u010dku <a href=\"https:\/\/cs.wikipedia.org\/wiki\/Marina_Mniszkov%C3%A1\">Marinu Mniszek<\/a>.<\/p>\n\n\n\n<p>Autor se ve sv\u00e9 tvorb\u011b v\u011bnuje tak\u00e9 n\u00e1bo\u017eensk\u00fdm t\u00e9mat\u016fm. Zn\u00e1m\u00e9 jsou jeho litografie \u201eSv. Michael patron Hali\u010de\u201c a \u201eSv. Tade\u00e1\u0161 z karmelit\u00e1nsk\u00e9ho kostela\u201c (1850). V roce 1851 vytvo\u0159il ku p\u0159\u00edle\u017eitosti 100. v\u00fdro\u010d\u00ed tzv. mari\u00e1nsk\u00e9 korunovace litografii ,,Obraz Matky Bo\u017e\u00ed z dominik\u00e1nsk\u00e9ho kostela,, Nejv\u011bt\u0161\u00ed z jeho d\u011bl (47&#215;64 cm) je grafika z roku 1845. Pod n\u00e1zvem \u201eBoj proti mo\u0159sk\u00fdm p\u0159\u00ed\u0161er\u00e1m\u201c byla reklamou na charitativn\u00ed divadeln\u00ed p\u0159edstaven\u00ed na m\u00edstn\u00edm Pel\u010dinsk\u00e9m rybn\u00edku (staw Pe\u0142czy\u0144ski), jeho\u017e c\u00edlem bylo z\u00edskat finan\u010dn\u00ed prost\u0159edky na pomoc ob\u011btem t\u011b\u017ek\u00fdch povodn\u00ed. V\u00fdt\u011b\u017eek z prodeje t\u00e9to rytiny, kter\u00e1 byla distribuov\u00e1na do v\u0161ech knihkupectv\u00ed, putoval tak\u00e9 do humanit\u00e1rn\u00edho fondu. A\u010dkoli je pr\u00e1ce Karla Auera pom\u011brn\u011b zn\u00e1m\u00e1 a rozs\u00e1hl\u00e1, o jeho soukrom\u00e9m \u017eivot\u011b, \u010di m\u00edst\u011b jeho posledn\u00edho odpo\u010dinku, v\u00edce nev\u00edme. Na z\u00e1v\u011br m\u016f\u017eeme doplnit, \u017ee na pozici hlavn\u00edho grafika u spole\u010dnosti P. Pillera, jej nahradil dal\u0161\u00ed n\u00e1\u0161 krajan, <a href=\"https:\/\/www.abebooks.de\/servlet\/SearchResults?an=jozef%20swoboda&amp;cm_sp=det-_-bdp-_-author\">Josef Svoboda<\/a>.<\/p>\n\n\n\n<div style=\"height:38px\" aria-hidden=\"true\" class=\"wp-block-spacer\"><\/div>\n\n\n\n<figure class=\"wp-block-gallery columns-2 is-cropped wp-block-gallery-1 is-layout-flex wp-block-gallery-is-layout-flex\"><ul class=\"blocks-gallery-grid\"><li class=\"blocks-gallery-item\"><figure><img loading=\"lazy\" decoding=\"async\" width=\"689\" height=\"686\" src=\"https:\/\/ceskylvov.cz\/wp-content\/uploads\/2021\/03\/marina-mnishek2.jpg\" alt=\"\" data-id=\"797\" data-link=\"https:\/\/ceskylvov.cz\/?attachment_id=797\" class=\"wp-image-797\" srcset=\"https:\/\/ceskylvov.cz\/wp-content\/uploads\/2021\/03\/marina-mnishek2.jpg 689w, https:\/\/ceskylvov.cz\/wp-content\/uploads\/2021\/03\/marina-mnishek2-300x300.jpg 300w, https:\/\/ceskylvov.cz\/wp-content\/uploads\/2021\/03\/marina-mnishek2-150x150.jpg 150w\" sizes=\"(max-width: 689px) 100vw, 689px\" \/><figcaption class=\"blocks-gallery-item__caption\">Marina Mniszek<\/figcaption><\/figure><\/li><li class=\"blocks-gallery-item\"><figure><img loading=\"lazy\" decoding=\"async\" width=\"552\" height=\"724\" src=\"https:\/\/ceskylvov.cz\/wp-content\/uploads\/2021\/03\/Wac\u0142aw-Zaleski-by\u0142y-Gubernator-Galicji.png\" alt=\"\" data-id=\"803\" data-link=\"https:\/\/ceskylvov.cz\/?attachment_id=803\" class=\"wp-image-803\" srcset=\"https:\/\/ceskylvov.cz\/wp-content\/uploads\/2021\/03\/Wac\u0142aw-Zaleski-by\u0142y-Gubernator-Galicji.png 552w, https:\/\/ceskylvov.cz\/wp-content\/uploads\/2021\/03\/Wac\u0142aw-Zaleski-by\u0142y-Gubernator-Galicji-229x300.png 229w\" sizes=\"(max-width: 552px) 100vw, 552px\" \/><figcaption class=\"blocks-gallery-item__caption\">Wac\u0142aw Zaleski, b\u00fdval\u00fd guvern\u00e9r Hali\u010de<\/figcaption><\/figure><\/li><li class=\"blocks-gallery-item\"><figure><img loading=\"lazy\" decoding=\"async\" width=\"652\" height=\"700\" src=\"https:\/\/ceskylvov.cz\/wp-content\/uploads\/2021\/03\/Athanasius-Szeptycki-metropolita-Rud\u00e9-Rusi.png\" alt=\"\" data-id=\"805\" data-link=\"https:\/\/ceskylvov.cz\/?attachment_id=805\" class=\"wp-image-805\" srcset=\"https:\/\/ceskylvov.cz\/wp-content\/uploads\/2021\/03\/Athanasius-Szeptycki-metropolita-Rud\u00e9-Rusi.png 652w, https:\/\/ceskylvov.cz\/wp-content\/uploads\/2021\/03\/Athanasius-Szeptycki-metropolita-Rud\u00e9-Rusi-279x300.png 279w\" sizes=\"(max-width: 652px) 100vw, 652px\" \/><figcaption class=\"blocks-gallery-item__caption\">Athanasius Szeptycki, metropolita Rud\u00e9 Rusi<\/figcaption><\/figure><\/li><li class=\"blocks-gallery-item\"><figure><img loading=\"lazy\" decoding=\"async\" width=\"636\" height=\"720\" src=\"https:\/\/ceskylvov.cz\/wp-content\/uploads\/2021\/03\/pol.png\" alt=\"\" data-id=\"806\" data-full-url=\"https:\/\/ceskylvov.cz\/wp-content\/uploads\/2021\/03\/pol.png\" data-link=\"https:\/\/ceskylvov.cz\/?attachment_id=806\" class=\"wp-image-806\" srcset=\"https:\/\/ceskylvov.cz\/wp-content\/uploads\/2021\/03\/pol.png 636w, https:\/\/ceskylvov.cz\/wp-content\/uploads\/2021\/03\/pol-265x300.png 265w\" sizes=\"(max-width: 636px) 100vw, 636px\" \/><figcaption class=\"blocks-gallery-item__caption\"><em>Wincenty Pol<\/em>, polsk\u00fd b\u00e1sn\u00edk<\/figcaption><\/figure><\/li><\/ul><\/figure>\n\n\n\n<figure class=\"wp-block-gallery columns-1 is-cropped wp-block-gallery-2 is-layout-flex wp-block-gallery-is-layout-flex\"><ul class=\"blocks-gallery-grid\"><li class=\"blocks-gallery-item\"><figure><img loading=\"lazy\" decoding=\"async\" width=\"717\" height=\"479\" src=\"https:\/\/ceskylvov.cz\/wp-content\/uploads\/2021\/03\/Portraits11.jpg\" alt=\"\" data-id=\"794\" data-full-url=\"https:\/\/ceskylvov.cz\/wp-content\/uploads\/2021\/03\/Portraits11.jpg\" data-link=\"https:\/\/ceskylvov.cz\/?attachment_id=794\" class=\"wp-image-794\" srcset=\"https:\/\/ceskylvov.cz\/wp-content\/uploads\/2021\/03\/Portraits11.jpg 717w, https:\/\/ceskylvov.cz\/wp-content\/uploads\/2021\/03\/Portraits11-300x200.jpg 300w\" sizes=\"(max-width: 717px) 100vw, 717px\" \/><figcaption class=\"blocks-gallery-item__caption\">Alexander Fredro, Adam Mickiewicz<\/figcaption><\/figure><\/li><li class=\"blocks-gallery-item\"><figure><img loading=\"lazy\" decoding=\"async\" width=\"768\" height=\"614\" src=\"https:\/\/ceskylvov.cz\/wp-content\/uploads\/2021\/03\/Portraits-768x6141-1.jpg\" alt=\"\" data-id=\"798\" data-full-url=\"https:\/\/ceskylvov.cz\/wp-content\/uploads\/2021\/03\/Portraits-768x6141-1.jpg\" data-link=\"https:\/\/ceskylvov.cz\/?attachment_id=798\" class=\"wp-image-798\" srcset=\"https:\/\/ceskylvov.cz\/wp-content\/uploads\/2021\/03\/Portraits-768x6141-1.jpg 768w, https:\/\/ceskylvov.cz\/wp-content\/uploads\/2021\/03\/Portraits-768x6141-1-300x240.jpg 300w\" sizes=\"(max-width: 768px) 100vw, 768px\" \/><figcaption class=\"blocks-gallery-item__caption\">Boleslav Chrabr\u00fd, Kazim\u00edr III. Velik\u00fd<\/figcaption><\/figure><\/li><\/ul><\/figure>\n\n\n\n<figure class=\"wp-block-gallery columns-2 is-cropped wp-block-gallery-3 is-layout-flex wp-block-gallery-is-layout-flex\"><ul class=\"blocks-gallery-grid\"><li class=\"blocks-gallery-item\"><figure><img loading=\"lazy\" decoding=\"async\" width=\"1024\" height=\"709\" src=\"https:\/\/ceskylvov.cz\/wp-content\/uploads\/2021\/03\/art-lviv-online-karl-auer0bernard-kostel1-1024x709.jpg\" alt=\"\" data-id=\"761\" data-link=\"https:\/\/ceskylvov.cz\/?attachment_id=761\" class=\"wp-image-761\" srcset=\"https:\/\/ceskylvov.cz\/wp-content\/uploads\/2021\/03\/art-lviv-online-karl-auer0bernard-kostel1-1024x709.jpg 1024w, https:\/\/ceskylvov.cz\/wp-content\/uploads\/2021\/03\/art-lviv-online-karl-auer0bernard-kostel1-300x208.jpg 300w, https:\/\/ceskylvov.cz\/wp-content\/uploads\/2021\/03\/art-lviv-online-karl-auer0bernard-kostel1-768x531.jpg 768w, https:\/\/ceskylvov.cz\/wp-content\/uploads\/2021\/03\/art-lviv-online-karl-auer0bernard-kostel1-1536x1063.jpg 1536w, https:\/\/ceskylvov.cz\/wp-content\/uploads\/2021\/03\/art-lviv-online-karl-auer0bernard-kostel1.jpg 1734w\" sizes=\"(max-width: 1024px) 100vw, 1024px\" \/><figcaption class=\"blocks-gallery-item__caption\">Lvov, Bernardinsk\u00fd kl\u00e1\u0161ter (1838)<\/figcaption><\/figure><\/li><li class=\"blocks-gallery-item\"><figure><img loading=\"lazy\" decoding=\"async\" width=\"1024\" height=\"701\" src=\"https:\/\/ceskylvov.cz\/wp-content\/uploads\/2021\/03\/art-lviv-online-karl-auer-ratusha1-1024x701.jpg\" alt=\"\" data-id=\"769\" data-link=\"https:\/\/ceskylvov.cz\/?attachment_id=769\" class=\"wp-image-769\" srcset=\"https:\/\/ceskylvov.cz\/wp-content\/uploads\/2021\/03\/art-lviv-online-karl-auer-ratusha1-1024x701.jpg 1024w, https:\/\/ceskylvov.cz\/wp-content\/uploads\/2021\/03\/art-lviv-online-karl-auer-ratusha1-300x205.jpg 300w, https:\/\/ceskylvov.cz\/wp-content\/uploads\/2021\/03\/art-lviv-online-karl-auer-ratusha1-768x525.jpg 768w, https:\/\/ceskylvov.cz\/wp-content\/uploads\/2021\/03\/art-lviv-online-karl-auer-ratusha1-1536x1051.jpg 1536w, https:\/\/ceskylvov.cz\/wp-content\/uploads\/2021\/03\/art-lviv-online-karl-auer-ratusha1.jpg 1754w\" sizes=\"(max-width: 1024px) 100vw, 1024px\" \/><figcaption class=\"blocks-gallery-item__caption\">Lvov. Radnice (1838)<\/figcaption><\/figure><\/li><li class=\"blocks-gallery-item\"><figure><img loading=\"lazy\" decoding=\"async\" width=\"1024\" height=\"709\" src=\"https:\/\/ceskylvov.cz\/wp-content\/uploads\/2021\/03\/art-lviv-online-karl-auer-vul-panska1-1024x709.jpg\" alt=\"\" data-id=\"768\" data-link=\"https:\/\/ceskylvov.cz\/?attachment_id=768\" class=\"wp-image-768\" srcset=\"https:\/\/ceskylvov.cz\/wp-content\/uploads\/2021\/03\/art-lviv-online-karl-auer-vul-panska1-1024x709.jpg 1024w, https:\/\/ceskylvov.cz\/wp-content\/uploads\/2021\/03\/art-lviv-online-karl-auer-vul-panska1-300x208.jpg 300w, https:\/\/ceskylvov.cz\/wp-content\/uploads\/2021\/03\/art-lviv-online-karl-auer-vul-panska1-768x531.jpg 768w, https:\/\/ceskylvov.cz\/wp-content\/uploads\/2021\/03\/art-lviv-online-karl-auer-vul-panska1-1536x1063.jpg 1536w, https:\/\/ceskylvov.cz\/wp-content\/uploads\/2021\/03\/art-lviv-online-karl-auer-vul-panska1.jpg 1734w\" sizes=\"(max-width: 1024px) 100vw, 1024px\" \/><figcaption class=\"blocks-gallery-item__caption\">Lvov, ul. Panska (nyn\u00ed Vynnychenka) (1838)<\/figcaption><\/figure><\/li><li class=\"blocks-gallery-item\"><figure><img loading=\"lazy\" decoding=\"async\" width=\"1024\" height=\"646\" src=\"https:\/\/ceskylvov.cz\/wp-content\/uploads\/2021\/03\/326613_279685312092244_285910686_o1-1024x646.jpg\" alt=\"\" data-id=\"792\" data-full-url=\"https:\/\/ceskylvov.cz\/wp-content\/uploads\/2021\/03\/326613_279685312092244_285910686_o1.jpg\" data-link=\"https:\/\/ceskylvov.cz\/?attachment_id=792\" class=\"wp-image-792\" srcset=\"https:\/\/ceskylvov.cz\/wp-content\/uploads\/2021\/03\/326613_279685312092244_285910686_o1-1024x646.jpg 1024w, https:\/\/ceskylvov.cz\/wp-content\/uploads\/2021\/03\/326613_279685312092244_285910686_o1-300x189.jpg 300w, https:\/\/ceskylvov.cz\/wp-content\/uploads\/2021\/03\/326613_279685312092244_285910686_o1-768x485.jpg 768w, https:\/\/ceskylvov.cz\/wp-content\/uploads\/2021\/03\/326613_279685312092244_285910686_o1-1536x969.jpg 1536w, https:\/\/ceskylvov.cz\/wp-content\/uploads\/2021\/03\/326613_279685312092244_285910686_o1.jpg 1640w\" sizes=\"(max-width: 1024px) 100vw, 1024px\" \/><figcaption class=\"blocks-gallery-item__caption\">Lvov, Katedr\u00e1la svat\u00e9ho Ji\u0159\u00ed (cca. 1838)<\/figcaption><\/figure><\/li><li class=\"blocks-gallery-item\"><figure><img loading=\"lazy\" decoding=\"async\" width=\"1024\" height=\"700\" src=\"https:\/\/ceskylvov.cz\/wp-content\/uploads\/2021\/03\/art-lviv-online-karl-auer-lviv-z-pivnochi1-1024x700.jpg\" alt=\"\" data-id=\"763\" data-link=\"https:\/\/ceskylvov.cz\/?attachment_id=763\" class=\"wp-image-763\" srcset=\"https:\/\/ceskylvov.cz\/wp-content\/uploads\/2021\/03\/art-lviv-online-karl-auer-lviv-z-pivnochi1-1024x700.jpg 1024w, https:\/\/ceskylvov.cz\/wp-content\/uploads\/2021\/03\/art-lviv-online-karl-auer-lviv-z-pivnochi1-300x205.jpg 300w, https:\/\/ceskylvov.cz\/wp-content\/uploads\/2021\/03\/art-lviv-online-karl-auer-lviv-z-pivnochi1-768x525.jpg 768w, https:\/\/ceskylvov.cz\/wp-content\/uploads\/2021\/03\/art-lviv-online-karl-auer-lviv-z-pivnochi1-1536x1050.jpg 1536w, https:\/\/ceskylvov.cz\/wp-content\/uploads\/2021\/03\/art-lviv-online-karl-auer-lviv-z-pivnochi1.jpg 1756w\" sizes=\"(max-width: 1024px) 100vw, 1024px\" \/><figcaption class=\"blocks-gallery-item__caption\">Lvov ze severu (1838)<\/figcaption><\/figure><\/li><li class=\"blocks-gallery-item\"><figure><img loading=\"lazy\" decoding=\"async\" width=\"1024\" height=\"635\" src=\"https:\/\/ceskylvov.cz\/wp-content\/uploads\/2021\/03\/335172_279685608758881_657093878_o1-1024x635.jpg\" alt=\"\" data-id=\"787\" data-link=\"https:\/\/ceskylvov.cz\/?attachment_id=787\" class=\"wp-image-787\" srcset=\"https:\/\/ceskylvov.cz\/wp-content\/uploads\/2021\/03\/335172_279685608758881_657093878_o1-1024x635.jpg 1024w, https:\/\/ceskylvov.cz\/wp-content\/uploads\/2021\/03\/335172_279685608758881_657093878_o1-300x186.jpg 300w, https:\/\/ceskylvov.cz\/wp-content\/uploads\/2021\/03\/335172_279685608758881_657093878_o1-768x476.jpg 768w, https:\/\/ceskylvov.cz\/wp-content\/uploads\/2021\/03\/335172_279685608758881_657093878_o1-1536x952.jpg 1536w, https:\/\/ceskylvov.cz\/wp-content\/uploads\/2021\/03\/335172_279685608758881_657093878_o1.jpg 1630w\" sizes=\"(max-width: 1024px) 100vw, 1024px\" \/><figcaption class=\"blocks-gallery-item__caption\">Lvov, doln\u00ed valy (nyn\u00ed prospekt Svobody) (cca. 1838)<\/figcaption><\/figure><\/li><li class=\"blocks-gallery-item\"><figure><img loading=\"lazy\" decoding=\"async\" width=\"1024\" height=\"709\" src=\"https:\/\/ceskylvov.cz\/wp-content\/uploads\/2021\/03\/art-lviv-online-karl-auer-mistechko-vynnyky1-1024x709.jpg\" alt=\"\" data-id=\"766\" data-link=\"https:\/\/ceskylvov.cz\/?attachment_id=766\" class=\"wp-image-766\" srcset=\"https:\/\/ceskylvov.cz\/wp-content\/uploads\/2021\/03\/art-lviv-online-karl-auer-mistechko-vynnyky1-1024x709.jpg 1024w, https:\/\/ceskylvov.cz\/wp-content\/uploads\/2021\/03\/art-lviv-online-karl-auer-mistechko-vynnyky1-300x208.jpg 300w, https:\/\/ceskylvov.cz\/wp-content\/uploads\/2021\/03\/art-lviv-online-karl-auer-mistechko-vynnyky1-768x531.jpg 768w, https:\/\/ceskylvov.cz\/wp-content\/uploads\/2021\/03\/art-lviv-online-karl-auer-mistechko-vynnyky1-1536x1063.jpg 1536w, https:\/\/ceskylvov.cz\/wp-content\/uploads\/2021\/03\/art-lviv-online-karl-auer-mistechko-vynnyky1.jpg 1734w\" sizes=\"(max-width: 1024px) 100vw, 1024px\" \/><figcaption class=\"blocks-gallery-item__caption\">Vynnyky (1838)<\/figcaption><\/figure><\/li><li class=\"blocks-gallery-item\"><figure><img loading=\"lazy\" decoding=\"async\" width=\"1024\" height=\"711\" src=\"https:\/\/ceskylvov.cz\/wp-content\/uploads\/2021\/03\/art-lviv-online-karl-auer-zolochiv-zamok1-1024x711.jpg\" alt=\"\" data-id=\"765\" data-link=\"https:\/\/ceskylvov.cz\/?attachment_id=765\" class=\"wp-image-765\" srcset=\"https:\/\/ceskylvov.cz\/wp-content\/uploads\/2021\/03\/art-lviv-online-karl-auer-zolochiv-zamok1-1024x711.jpg 1024w, https:\/\/ceskylvov.cz\/wp-content\/uploads\/2021\/03\/art-lviv-online-karl-auer-zolochiv-zamok1-300x208.jpg 300w, https:\/\/ceskylvov.cz\/wp-content\/uploads\/2021\/03\/art-lviv-online-karl-auer-zolochiv-zamok1-768x533.jpg 768w, https:\/\/ceskylvov.cz\/wp-content\/uploads\/2021\/03\/art-lviv-online-karl-auer-zolochiv-zamok1-1536x1067.jpg 1536w, https:\/\/ceskylvov.cz\/wp-content\/uploads\/2021\/03\/art-lviv-online-karl-auer-zolochiv-zamok1.jpg 1728w\" sizes=\"(max-width: 1024px) 100vw, 1024px\" \/><figcaption class=\"blocks-gallery-item__caption\">Zolo\u010div (1838)<\/figcaption><\/figure><\/li><li class=\"blocks-gallery-item\"><figure><img loading=\"lazy\" decoding=\"async\" width=\"1024\" height=\"712\" src=\"https:\/\/ceskylvov.cz\/wp-content\/uploads\/2021\/03\/art-lviv-online-karl-auer-zhovkva1-1024x712.jpg\" alt=\"\" data-id=\"762\" data-link=\"https:\/\/ceskylvov.cz\/?attachment_id=762\" class=\"wp-image-762\" srcset=\"https:\/\/ceskylvov.cz\/wp-content\/uploads\/2021\/03\/art-lviv-online-karl-auer-zhovkva1-1024x712.jpg 1024w, https:\/\/ceskylvov.cz\/wp-content\/uploads\/2021\/03\/art-lviv-online-karl-auer-zhovkva1-300x209.jpg 300w, https:\/\/ceskylvov.cz\/wp-content\/uploads\/2021\/03\/art-lviv-online-karl-auer-zhovkva1-768x534.jpg 768w, https:\/\/ceskylvov.cz\/wp-content\/uploads\/2021\/03\/art-lviv-online-karl-auer-zhovkva1-1536x1068.jpg 1536w, https:\/\/ceskylvov.cz\/wp-content\/uploads\/2021\/03\/art-lviv-online-karl-auer-zhovkva1.jpg 1726w\" sizes=\"(max-width: 1024px) 100vw, 1024px\" \/><figcaption class=\"blocks-gallery-item__caption\">\u017dovkva (1838)<\/figcaption><\/figure><\/li><li class=\"blocks-gallery-item\"><figure><img loading=\"lazy\" decoding=\"async\" width=\"1024\" height=\"713\" src=\"https:\/\/ceskylvov.cz\/wp-content\/uploads\/2021\/03\/art-lviv-online-karl-auer-burshtyn1-1024x713.jpg\" alt=\"\" data-id=\"760\" data-link=\"https:\/\/ceskylvov.cz\/?attachment_id=760\" class=\"wp-image-760\" srcset=\"https:\/\/ceskylvov.cz\/wp-content\/uploads\/2021\/03\/art-lviv-online-karl-auer-burshtyn1-1024x713.jpg 1024w, https:\/\/ceskylvov.cz\/wp-content\/uploads\/2021\/03\/art-lviv-online-karl-auer-burshtyn1-300x209.jpg 300w, https:\/\/ceskylvov.cz\/wp-content\/uploads\/2021\/03\/art-lviv-online-karl-auer-burshtyn1-768x535.jpg 768w, https:\/\/ceskylvov.cz\/wp-content\/uploads\/2021\/03\/art-lviv-online-karl-auer-burshtyn1-1536x1070.jpg 1536w, https:\/\/ceskylvov.cz\/wp-content\/uploads\/2021\/03\/art-lviv-online-karl-auer-burshtyn1.jpg 1723w\" sizes=\"(max-width: 1024px) 100vw, 1024px\" \/><figcaption class=\"blocks-gallery-item__caption\">Bur\u0161tyn (1838)<\/figcaption><\/figure><\/li><li class=\"blocks-gallery-item\"><figure><img loading=\"lazy\" decoding=\"async\" width=\"1024\" height=\"644\" src=\"https:\/\/ceskylvov.cz\/wp-content\/uploads\/2021\/03\/321700_279686115425497_525963366_o1-1024x644.jpg\" alt=\"\" data-id=\"785\" data-link=\"https:\/\/ceskylvov.cz\/?attachment_id=785\" class=\"wp-image-785\" srcset=\"https:\/\/ceskylvov.cz\/wp-content\/uploads\/2021\/03\/321700_279686115425497_525963366_o1-1024x644.jpg 1024w, https:\/\/ceskylvov.cz\/wp-content\/uploads\/2021\/03\/321700_279686115425497_525963366_o1-300x189.jpg 300w, https:\/\/ceskylvov.cz\/wp-content\/uploads\/2021\/03\/321700_279686115425497_525963366_o1-768x483.jpg 768w, https:\/\/ceskylvov.cz\/wp-content\/uploads\/2021\/03\/321700_279686115425497_525963366_o1-1536x966.jpg 1536w, https:\/\/ceskylvov.cz\/wp-content\/uploads\/2021\/03\/321700_279686115425497_525963366_o1.jpg 1642w\" sizes=\"(max-width: 1024px) 100vw, 1024px\" \/><figcaption class=\"blocks-gallery-item__caption\">Pidhirci (cca. 1838)<\/figcaption><\/figure><\/li><li class=\"blocks-gallery-item\"><figure><img loading=\"lazy\" decoding=\"async\" width=\"1024\" height=\"641\" src=\"https:\/\/ceskylvov.cz\/wp-content\/uploads\/2021\/03\/413689_279685535425555_1083563944_o1-1024x641.jpg\" alt=\"\" data-id=\"791\" data-link=\"https:\/\/ceskylvov.cz\/?attachment_id=791\" class=\"wp-image-791\" srcset=\"https:\/\/ceskylvov.cz\/wp-content\/uploads\/2021\/03\/413689_279685535425555_1083563944_o1-1024x641.jpg 1024w, https:\/\/ceskylvov.cz\/wp-content\/uploads\/2021\/03\/413689_279685535425555_1083563944_o1-300x188.jpg 300w, https:\/\/ceskylvov.cz\/wp-content\/uploads\/2021\/03\/413689_279685535425555_1083563944_o1-768x481.jpg 768w, https:\/\/ceskylvov.cz\/wp-content\/uploads\/2021\/03\/413689_279685535425555_1083563944_o1-1536x961.jpg 1536w, https:\/\/ceskylvov.cz\/wp-content\/uploads\/2021\/03\/413689_279685535425555_1083563944_o1.jpg 1638w\" sizes=\"(max-width: 1024px) 100vw, 1024px\" \/><figcaption class=\"blocks-gallery-item__caption\">Mostyska (cca. 1838)<\/figcaption><\/figure><\/li><\/ul><\/figure>\n\n\n\n<figure class=\"wp-block-gallery columns-2 is-cropped wp-block-gallery-4 is-layout-flex wp-block-gallery-is-layout-flex\"><ul class=\"blocks-gallery-grid\"><li class=\"blocks-gallery-item\"><figure><img loading=\"lazy\" decoding=\"async\" width=\"1024\" height=\"703\" src=\"https:\/\/ceskylvov.cz\/wp-content\/uploads\/2021\/03\/4_11-1024x703.jpeg\" alt=\"\" data-id=\"810\" data-link=\"https:\/\/ceskylvov.cz\/?attachment_id=810\" class=\"wp-image-810\" srcset=\"https:\/\/ceskylvov.cz\/wp-content\/uploads\/2021\/03\/4_11-1024x703.jpeg 1024w, https:\/\/ceskylvov.cz\/wp-content\/uploads\/2021\/03\/4_11-300x206.jpeg 300w, https:\/\/ceskylvov.cz\/wp-content\/uploads\/2021\/03\/4_11-768x527.jpeg 768w, https:\/\/ceskylvov.cz\/wp-content\/uploads\/2021\/03\/4_11.jpeg 1280w\" sizes=\"(max-width: 1024px) 100vw, 1024px\" \/><\/figure><\/li><li class=\"blocks-gallery-item\"><figure><img loading=\"lazy\" decoding=\"async\" width=\"1024\" height=\"760\" src=\"https:\/\/ceskylvov.cz\/wp-content\/uploads\/2021\/03\/5_11-1024x760.jpeg\" alt=\"\" data-id=\"815\" data-link=\"https:\/\/ceskylvov.cz\/?attachment_id=815\" class=\"wp-image-815\" srcset=\"https:\/\/ceskylvov.cz\/wp-content\/uploads\/2021\/03\/5_11-1024x760.jpeg 1024w, https:\/\/ceskylvov.cz\/wp-content\/uploads\/2021\/03\/5_11-300x223.jpeg 300w, https:\/\/ceskylvov.cz\/wp-content\/uploads\/2021\/03\/5_11-768x570.jpeg 768w, https:\/\/ceskylvov.cz\/wp-content\/uploads\/2021\/03\/5_11.jpeg 1280w\" sizes=\"(max-width: 1024px) 100vw, 1024px\" \/><\/figure><\/li><li class=\"blocks-gallery-item\"><figure><img loading=\"lazy\" decoding=\"async\" width=\"768\" height=\"513\" src=\"https:\/\/ceskylvov.cz\/wp-content\/uploads\/2021\/03\/\u041f\u043b\u043e\u0449\u0430-\u041c\u0456\u0446\u043a\u0435\u0432\u0438\u0447\u0430-768x5131-1.jpg\" alt=\"\" data-id=\"837\" data-link=\"https:\/\/ceskylvov.cz\/?attachment_id=837\" class=\"wp-image-837\" srcset=\"https:\/\/ceskylvov.cz\/wp-content\/uploads\/2021\/03\/\u041f\u043b\u043e\u0449\u0430-\u041c\u0456\u0446\u043a\u0435\u0432\u0438\u0447\u0430-768x5131-1.jpg 768w, https:\/\/ceskylvov.cz\/wp-content\/uploads\/2021\/03\/\u041f\u043b\u043e\u0449\u0430-\u041c\u0456\u0446\u043a\u0435\u0432\u0438\u0447\u0430-768x5131-1-300x200.jpg 300w\" sizes=\"(max-width: 768px) 100vw, 768px\" \/><\/figure><\/li><li class=\"blocks-gallery-item\"><figure><img loading=\"lazy\" decoding=\"async\" width=\"728\" height=\"374\" src=\"https:\/\/ceskylvov.cz\/wp-content\/uploads\/2021\/03\/skarbek1.jpeg\" alt=\"\" data-id=\"840\" data-full-url=\"https:\/\/ceskylvov.cz\/wp-content\/uploads\/2021\/03\/skarbek1.jpeg\" data-link=\"https:\/\/ceskylvov.cz\/?attachment_id=840\" class=\"wp-image-840\" srcset=\"https:\/\/ceskylvov.cz\/wp-content\/uploads\/2021\/03\/skarbek1.jpeg 728w, https:\/\/ceskylvov.cz\/wp-content\/uploads\/2021\/03\/skarbek1-300x154.jpeg 300w\" sizes=\"(max-width: 728px) 100vw, 728px\" \/><\/figure><\/li><\/ul><\/figure>\n\n\n\n<figure class=\"wp-block-gallery columns-2 is-cropped wp-block-gallery-5 is-layout-flex wp-block-gallery-is-layout-flex\"><ul class=\"blocks-gallery-grid\"><li class=\"blocks-gallery-item\"><figure><img loading=\"lazy\" decoding=\"async\" width=\"766\" height=\"1024\" src=\"https:\/\/ceskylvov.cz\/wp-content\/uploads\/2021\/03\/336702_279685735425535_1457720242_o1-766x1024.jpg\" alt=\"\" data-id=\"782\" data-full-url=\"https:\/\/ceskylvov.cz\/wp-content\/uploads\/2021\/03\/336702_279685735425535_1457720242_o1.jpg\" data-link=\"https:\/\/ceskylvov.cz\/?attachment_id=782\" class=\"wp-image-782\" srcset=\"https:\/\/ceskylvov.cz\/wp-content\/uploads\/2021\/03\/336702_279685735425535_1457720242_o1-766x1024.jpg 766w, https:\/\/ceskylvov.cz\/wp-content\/uploads\/2021\/03\/336702_279685735425535_1457720242_o1-224x300.jpg 224w, https:\/\/ceskylvov.cz\/wp-content\/uploads\/2021\/03\/336702_279685735425535_1457720242_o1-768x1026.jpg 768w, https:\/\/ceskylvov.cz\/wp-content\/uploads\/2021\/03\/336702_279685735425535_1457720242_o1.jpg 1100w\" sizes=\"(max-width: 766px) 100vw, 766px\" \/><\/figure><\/li><li class=\"blocks-gallery-item\"><figure><img loading=\"lazy\" decoding=\"async\" width=\"757\" height=\"1024\" src=\"https:\/\/ceskylvov.cz\/wp-content\/uploads\/2021\/03\/333676_279685782092197_1442565025_o1-757x1024.jpg\" alt=\"\" data-id=\"783\" data-full-url=\"https:\/\/ceskylvov.cz\/wp-content\/uploads\/2021\/03\/333676_279685782092197_1442565025_o1.jpg\" data-link=\"https:\/\/ceskylvov.cz\/?attachment_id=783\" class=\"wp-image-783\" srcset=\"https:\/\/ceskylvov.cz\/wp-content\/uploads\/2021\/03\/333676_279685782092197_1442565025_o1-757x1024.jpg 757w, https:\/\/ceskylvov.cz\/wp-content\/uploads\/2021\/03\/333676_279685782092197_1442565025_o1-222x300.jpg 222w, https:\/\/ceskylvov.cz\/wp-content\/uploads\/2021\/03\/333676_279685782092197_1442565025_o1-768x1039.jpg 768w, https:\/\/ceskylvov.cz\/wp-content\/uploads\/2021\/03\/333676_279685782092197_1442565025_o1.jpg 1098w\" sizes=\"(max-width: 757px) 100vw, 757px\" \/><\/figure><\/li><li class=\"blocks-gallery-item\"><figure><img loading=\"lazy\" decoding=\"async\" width=\"574\" height=\"805\" src=\"https:\/\/ceskylvov.cz\/wp-content\/uploads\/2021\/03\/kaplica-w-podhorcach-18371.jpg\" alt=\"\" data-id=\"808\" data-full-url=\"https:\/\/ceskylvov.cz\/wp-content\/uploads\/2021\/03\/kaplica-w-podhorcach-18371.jpg\" data-link=\"https:\/\/ceskylvov.cz\/?attachment_id=808\" class=\"wp-image-808\" srcset=\"https:\/\/ceskylvov.cz\/wp-content\/uploads\/2021\/03\/kaplica-w-podhorcach-18371.jpg 574w, https:\/\/ceskylvov.cz\/wp-content\/uploads\/2021\/03\/kaplica-w-podhorcach-18371-214x300.jpg 214w\" sizes=\"(max-width: 574px) 100vw, 574px\" \/><figcaption class=\"blocks-gallery-item__caption\">Kaple v Pidhircich<\/figcaption><\/figure><\/li><li class=\"blocks-gallery-item\"><figure><img loading=\"lazy\" decoding=\"async\" width=\"768\" height=\"619\" src=\"https:\/\/ceskylvov.cz\/wp-content\/uploads\/2021\/03\/krasiczyn-768x6191-1.jpg\" alt=\"\" data-id=\"834\" data-full-url=\"https:\/\/ceskylvov.cz\/wp-content\/uploads\/2021\/03\/krasiczyn-768x6191-1.jpg\" data-link=\"https:\/\/ceskylvov.cz\/?attachment_id=834\" class=\"wp-image-834\" srcset=\"https:\/\/ceskylvov.cz\/wp-content\/uploads\/2021\/03\/krasiczyn-768x6191-1.jpg 768w, https:\/\/ceskylvov.cz\/wp-content\/uploads\/2021\/03\/krasiczyn-768x6191-1-300x242.jpg 300w\" sizes=\"(max-width: 768px) 100vw, 768px\" \/><figcaption class=\"blocks-gallery-item__caption\">Krasiczyn (dnes v Polsku)<\/figcaption><\/figure><\/li><li class=\"blocks-gallery-item\"><figure><img loading=\"lazy\" decoding=\"async\" width=\"1024\" height=\"701\" src=\"https:\/\/ceskylvov.cz\/wp-content\/uploads\/2021\/03\/art-lviv-online-karl-auer-borotba-s-potvoramy1-1024x701.jpg\" alt=\"\" data-id=\"801\" data-full-url=\"https:\/\/ceskylvov.cz\/wp-content\/uploads\/2021\/03\/art-lviv-online-karl-auer-borotba-s-potvoramy1.jpg\" data-link=\"https:\/\/ceskylvov.cz\/?attachment_id=801\" class=\"wp-image-801\" srcset=\"https:\/\/ceskylvov.cz\/wp-content\/uploads\/2021\/03\/art-lviv-online-karl-auer-borotba-s-potvoramy1-1024x701.jpg 1024w, https:\/\/ceskylvov.cz\/wp-content\/uploads\/2021\/03\/art-lviv-online-karl-auer-borotba-s-potvoramy1-300x205.jpg 300w, https:\/\/ceskylvov.cz\/wp-content\/uploads\/2021\/03\/art-lviv-online-karl-auer-borotba-s-potvoramy1-768x526.jpg 768w, https:\/\/ceskylvov.cz\/wp-content\/uploads\/2021\/03\/art-lviv-online-karl-auer-borotba-s-potvoramy1-1536x1051.jpg 1536w, https:\/\/ceskylvov.cz\/wp-content\/uploads\/2021\/03\/art-lviv-online-karl-auer-borotba-s-potvoramy1.jpg 1753w\" sizes=\"(max-width: 1024px) 100vw, 1024px\" \/><figcaption class=\"blocks-gallery-item__caption\">Bitva s mo\u0159sk\u00fdmi p\u0159\u00ed\u0161erami, 1845<\/figcaption><\/figure><\/li><\/ul><\/figure>\n\n\n\n<figure class=\"wp-block-image size-large\"><img loading=\"lazy\" decoding=\"async\" width=\"1024\" height=\"742\" src=\"https:\/\/ceskylvov.cz\/wp-content\/uploads\/2021\/03\/auer-2-1024x742.png\" alt=\"\" class=\"wp-image-826\" srcset=\"https:\/\/ceskylvov.cz\/wp-content\/uploads\/2021\/03\/auer-2-1024x742.png 1024w, https:\/\/ceskylvov.cz\/wp-content\/uploads\/2021\/03\/auer-2-300x217.png 300w, https:\/\/ceskylvov.cz\/wp-content\/uploads\/2021\/03\/auer-2-768x557.png 768w, https:\/\/ceskylvov.cz\/wp-content\/uploads\/2021\/03\/auer-2.png 1076w\" sizes=\"(max-width: 1024px) 100vw, 1024px\" \/><figcaption>Obl\u00edben\u00e9 m\u00edsto setk\u00e1v\u00e1n\u00ed krajan\u016f &#8211; St\u0159elnice na ul. Lysenka 23a, jak jej 30 let p\u0159ed vznikem <strong><a href=\"https:\/\/ceskylvov.cz\/?page_id=151\">\u010cesk\u00e9 besedy <\/a><\/strong>zachytil pra\u017esk\u00fd rod\u00e1k Karel Auer<\/figcaption><\/figure>\n\n\n\n<h4 class=\"wp-block-heading\">\u00a9 2021 Petr Zenker<\/h4>\n\n\n\n<p><em>Zdroje: <a href=\"https:\/\/art.lviv-online.com\/karl-auer\/\">https:\/\/art.lviv-online.com\/karl-auer\/<\/a>, <a href=\"https:\/\/uma.lvivcenter.org\/en\/photos\/1176\">https:\/\/uma.lvivcenter.org\/en\/photos\/1176<\/a>, <a href=\"https:\/\/shron1.chtyvo.org.ua\/Prokopovych_Markiian\/Habsburg_Lemberg__architecture_public_space_and_politics_in_the_Galician_capital_1772-1914_anhl.pdf?PHPSESSID=ujfnm0dca214q7qgqtk0ps9835\">https:\/\/shron1.chtyvo.org.ua\/Prokopovych_Markiian\/Habsburg_Lemberg__architecture_public_space_and_politics_in_the_Galician_capital_1772-1914_anhl.pdf?PHPSESSID=ujfnm0dca214q7qgqtk0ps9835<\/a>, <a href=\"https:\/\/forgottengalicia.com\/nineteenth-century-galicia-in-the-lithography-of-karl-auer\/\">https:\/\/forgottengalicia.com\/nineteenth-century-galicia-in-the-lithography-of-karl-auer\/<\/a><\/em><\/p>\n","protected":false},"excerpt":{"rendered":"<p>Kr\u00e1sy d\u00e1vn\u00e9 Hali\u010de o\u010dima pra\u017esk\u00e9ho rod\u00e1ka<\/p>\n","protected":false},"author":1,"featured_media":755,"parent":0,"menu_order":0,"comment_status":"closed","ping_status":"closed","template":"","meta":{"footnotes":""},"class_list":["post-749","page","type-page","status-publish","has-post-thumbnail","hentry"],"_links":{"self":[{"href":"https:\/\/ceskylvov.cz\/index.php?rest_route=\/wp\/v2\/pages\/749"}],"collection":[{"href":"https:\/\/ceskylvov.cz\/index.php?rest_route=\/wp\/v2\/pages"}],"about":[{"href":"https:\/\/ceskylvov.cz\/index.php?rest_route=\/wp\/v2\/types\/page"}],"author":[{"embeddable":true,"href":"https:\/\/ceskylvov.cz\/index.php?rest_route=\/wp\/v2\/users\/1"}],"replies":[{"embeddable":true,"href":"https:\/\/ceskylvov.cz\/index.php?rest_route=%2Fwp%2Fv2%2Fcomments&post=749"}],"version-history":[{"count":41,"href":"https:\/\/ceskylvov.cz\/index.php?rest_route=\/wp\/v2\/pages\/749\/revisions"}],"predecessor-version":[{"id":854,"href":"https:\/\/ceskylvov.cz\/index.php?rest_route=\/wp\/v2\/pages\/749\/revisions\/854"}],"wp:featuredmedia":[{"embeddable":true,"href":"https:\/\/ceskylvov.cz\/index.php?rest_route=\/wp\/v2\/media\/755"}],"wp:attachment":[{"href":"https:\/\/ceskylvov.cz\/index.php?rest_route=%2Fwp%2Fv2%2Fmedia&parent=749"}],"curies":[{"name":"wp","href":"https:\/\/api.w.org\/{rel}","templated":true}]}}