{"id":614,"date":"2021-01-25T11:36:17","date_gmt":"2021-01-25T10:36:17","guid":{"rendered":"https:\/\/ceskylvov.cz\/?page_id=614"},"modified":"2021-02-03T13:58:36","modified_gmt":"2021-02-03T12:58:36","slug":"bratri-vcelakovi","status":"publish","type":"page","link":"https:\/\/ceskylvov.cz\/?page_id=614","title":{"rendered":"Brat\u0159i V\u010del\u00e1kovi"},"content":{"rendered":"\n<h4 class=\"wp-block-heading\"><em>Kr\u00e1tk\u00fd p\u0159\u00edb\u011bh majitel\u016f&nbsp;slavn\u00e9 stola\u0159sk\u00e9 fabriky<\/em><\/h4>\n\n\n\n<p><strong>Franti\u0161ek V\u010cEL\u00c1K<\/strong> (Franciszek Wczelak) 31.12.1840 ?\u2013 11.01. 1899 Lvov, \u010dlen M\u011bstsk\u00e9ho st\u0159eleck\u00e9ho spolku a v\u00fdznamn\u00fd \u010dlen <strong><a href=\"https:\/\/ceskylvov.cz\/?page_id=151\">\u010cesk\u00e9 besedy<\/a><\/strong> (od r. 1869), dr\u017eitel \u0158\u00e1du Franze Josefa, kter\u00fdm byl dekorov\u00e1n za \u0159emeslnou pr\u00e1ci na objektech instalovan\u00fdch na <strong><a href=\"https:\/\/ceskylvov.cz\/?page_id=142\">V\u0161eobecn\u00e9 zemsk\u00e9 v\u00fdstav\u011b<\/a><\/strong> v&nbsp;r. 1894. P\u0159\u00ed\u010dinou jeho n\u00e1hl\u00e9 smrti byl pravd\u011bpodobn\u011b praskl\u00fd \u017ealude\u010dn\u00ed v\u0159ed. Jeho ostatky jsou ulo\u017eeny v&nbsp;rodinn\u00e9 hrobce na m\u00edstn\u00edm, Ly\u010dakivsk\u00e9m h\u0159bitov\u011b.<\/p>\n\n\n\n<p><strong>Josef V\u010cEL\u00c1K<\/strong> (J\u00f3zef Wczelak) 1848 ?\u2013 13.10. 1925 Lvov, \u010dlen M\u011bstsk\u00e9ho st\u0159eleck\u00e9ho spolku a v\u00fdznamn\u00fd \u010dlen \u010cesk\u00e9 besedy (od 1869 \u2013 po r. 1908 se v\u0161ak ji\u017e na seznamu plat\u00edc\u00edch \u010dlen\u016f neobjevuje). Od&nbsp;r. 1902 byl opakovan\u011b zvolen <a href=\"https:\/\/pochodzimyzelwowa.pl\/wczelak-jozef\/\">m\u011bstsk\u00fdm radn\u00edm<\/a> a je\u0161t\u011b v z\u00e1\u0159\u00ed 1914 pat\u0159il do skupiny&nbsp;z\u00e1stupc\u016f m\u011bsta, kte\u0159\u00ed vyjedn\u00e1vali s&nbsp;velen\u00edm carsk\u00fdch vojsk podm\u00ednky okupace m\u011bsta. Od dubna 1920 a\u017e do sv\u00e9 smrti byl \u010dlenem v\u00fdkonn\u00e9ho v\u00fdboru akcion\u00e1\u0159\u016f a \u0159editelem stola\u0159sk\u00e9 tov\u00e1rny v r\u00e1mci v\u00fdrobn\u00ed a obchodn\u00ed spole\u010dnosti OIKOS a.s., do kter\u00e9 vlo\u017eil rodinn\u00fd podnik. Pochov\u00e1n je v&nbsp;samostatn\u00e9 hrobce na Ly\u010dakovsk\u00e9m h\u0159bitov\u011b.<\/p>\n\n\n\n<div style=\"height:36px\" aria-hidden=\"true\" class=\"wp-block-spacer\"><\/div>\n\n\n\n<figure class=\"wp-block-gallery columns-2 is-cropped wp-block-gallery-1 is-layout-flex wp-block-gallery-is-layout-flex\"><ul class=\"blocks-gallery-grid\"><li class=\"blocks-gallery-item\"><figure><img loading=\"lazy\" decoding=\"async\" width=\"722\" height=\"1000\" src=\"https:\/\/ceskylvov.cz\/wp-content\/uploads\/2021\/01\/Frantisek-Vcelak.jpg\" alt=\"\" data-id=\"628\" data-full-url=\"https:\/\/ceskylvov.cz\/wp-content\/uploads\/2021\/01\/Frantisek-Vcelak.jpg\" data-link=\"https:\/\/ceskylvov.cz\/?attachment_id=628\" class=\"wp-image-628\" srcset=\"https:\/\/ceskylvov.cz\/wp-content\/uploads\/2021\/01\/Frantisek-Vcelak.jpg 722w, https:\/\/ceskylvov.cz\/wp-content\/uploads\/2021\/01\/Frantisek-Vcelak-217x300.jpg 217w\" sizes=\"(max-width: 722px) 100vw, 722px\" \/><\/figure><\/li><li class=\"blocks-gallery-item\"><figure><img loading=\"lazy\" decoding=\"async\" width=\"722\" height=\"1000\" src=\"https:\/\/ceskylvov.cz\/wp-content\/uploads\/2021\/01\/Josef-Vcelak_2.jpg\" alt=\"\" data-id=\"629\" data-full-url=\"https:\/\/ceskylvov.cz\/wp-content\/uploads\/2021\/01\/Josef-Vcelak_2.jpg\" data-link=\"https:\/\/ceskylvov.cz\/?attachment_id=629\" class=\"wp-image-629\" srcset=\"https:\/\/ceskylvov.cz\/wp-content\/uploads\/2021\/01\/Josef-Vcelak_2.jpg 722w, https:\/\/ceskylvov.cz\/wp-content\/uploads\/2021\/01\/Josef-Vcelak_2-217x300.jpg 217w\" sizes=\"(max-width: 722px) 100vw, 722px\" \/><\/figure><\/li><\/ul><\/figure>\n\n\n\n<div class=\"wp-block-image\"><figure class=\"alignright size-large is-resized\"><img loading=\"lazy\" decoding=\"async\" src=\"https:\/\/ceskylvov.cz\/wp-content\/uploads\/2021\/01\/Budova-sidla-firmy-bri.-Vcelaku.jpg\" alt=\"\" class=\"wp-image-621\" width=\"257\" height=\"157\" srcset=\"https:\/\/ceskylvov.cz\/wp-content\/uploads\/2021\/01\/Budova-sidla-firmy-bri.-Vcelaku.jpg 1000w, https:\/\/ceskylvov.cz\/wp-content\/uploads\/2021\/01\/Budova-sidla-firmy-bri.-Vcelaku-300x183.jpg 300w, https:\/\/ceskylvov.cz\/wp-content\/uploads\/2021\/01\/Budova-sidla-firmy-bri.-Vcelaku-768x468.jpg 768w\" sizes=\"(max-width: 257px) 100vw, 257px\" \/><figcaption>S\u00eddlo firmy brat\u0159\u00ed V\u010del\u00e1k\u016f na ul. Ly\u010dakivsk\u00e1 \u010d. 27-29<\/figcaption><\/figure><\/div>\n\n\n\n<p>A\u010dkoliv se dosud nepoda\u0159ilo ur\u010dit m\u00edsto narozen\u00ed obou bratr\u016f, jejich \u010desk\u00fd p\u016fvod je potvrzen i polsk\u00fdmi prameny. Po sv\u00e9m p\u0159\u00edchodu do <strong><a href=\"https:\/\/ceskylvov.cz\/?page_id=117\">hali\u010dsk\u00e9ho Lvova<\/a><\/strong> v&nbsp;60. letech 19. stolet\u00ed zalo\u017eili stola\u0159skou d\u00edlnu, od roku 1873 ji\u017e zn\u00e1mou firmu pod n\u00e1zvem <em>Bracia Wczelak<\/em> &#8211; <em>Parn\u00ed tov\u00e1rna stola\u0159sk\u00fdch v\u00fdrobk\u016f a parket<\/em>. Jejich \u0159emesln\u00e1 pr\u00e1ce je dodnes obdivov\u00e1na nejen na fas\u00e1d\u00e1ch \u0159ady budov, ale zejm\u00e9na v&nbsp;jejich interi\u00e9rech.<\/p>\n\n\n\n<p>Svou dekorativnost\u00ed zaujme n\u00e1v\u0161t\u011bvn\u00edky nap\u0159. d\u0159ev\u011bn\u00e9 vybaven\u00ed s\u00e1lu <a href=\"https:\/\/cs.wikipedia.org\/wiki\/N%C3%A1rodn%C3%AD_akademick%C3%A9_divadlo_opery_a_baletu_(Lvov)\">Lvovsk\u00e9 opery<\/a> (1900),\u00a0knihovny v nov\u00e9 budov\u011b Lvovsk\u00e9 polytechniky (1877), nebo auly neorenesan\u010dn\u00ed Lvovsk\u00e9 univerzity I. Franka (d\u0159\u00edve Zemsk\u00fd sn\u011bm, dokon\u010d. 1881). Firma bratr\u016f V\u010del\u00e1k\u016f se pod\u00edlela i na stavb\u011b budovy b\u00fdval\u00e9ho \u0158editelstv\u00ed po\u0161t a telegrafu v ul. Slowackiego, objektu hlavn\u00edho n\u00e1dra\u017e\u00ed (1904), nebo u\u010deben \u0160koly kadet\u016f p\u011bchoty na ul. Heroiv Maidanu. Zcela unik\u00e1tn\u00ed p\u0159edstaven\u00ed jejich \u0159emesln\u00e9ho fortelu lze i nyn\u00ed zhl\u00e9dnout v prostor\u00e1ch luxusn\u00edho\u00a0neobarokn\u00edho Noble Casina (dnes <a href=\"https:\/\/discover-ukraine.info\/places\/western-ukraine\/lviv\/1363\">D\u016fm v\u011bdc\u016f<\/a>) na ul. Lystopadovoho Chynu 6.<\/p>\n\n\n\n<div class=\"wp-block-image\"><figure class=\"alignleft size-large is-resized\"><img loading=\"lazy\" decoding=\"async\" src=\"https:\/\/ceskylvov.cz\/wp-content\/uploads\/2021\/01\/image-4.png\" alt=\"\" class=\"wp-image-633\" width=\"258\" height=\"88\" srcset=\"https:\/\/ceskylvov.cz\/wp-content\/uploads\/2021\/01\/image-4.png 414w, https:\/\/ceskylvov.cz\/wp-content\/uploads\/2021\/01\/image-4-300x103.png 300w\" sizes=\"(max-width: 258px) 100vw, 258px\" \/><figcaption>S\u0142owo Polskie ze dne 26.9.1914<\/figcaption><\/figure><\/div>\n\n\n\n<p>D\u00edky sv\u00e9mu v\u011bhlasu se firma v&nbsp;roce 1912 pod\u00edlela i na realizaci rekonstruk\u010dn\u00edch prac\u00ed v jedn\u00e9 z&nbsp;nejstar\u0161\u00edch lvovsk\u00fdch pam\u00e1tek \u2013 Arm\u00e9nsk\u00e9 katedr\u00e1ly (ze 2. pol. 14. stol.). Podle projektu krakovsk\u00e9ho architekta, prof. Franciszka M\u0105czy\u0144skiego, vytvo\u0159ili nov\u00fd kazetov\u00fd strop v&nbsp;hlavn\u00ed lodi. A\u010d byli oba \u010desk\u00e9ho p\u016fvodu, zvl\u00e1\u0161t\u011b mlad\u0161\u00ed bratr se pozd\u011bji zcela odklonil od sv\u00fdch krajan\u016f. Jako v&nbsp;p\u0159\u00edpad\u011b \u0159ady&nbsp;dal\u0161\u00edch lvovsk\u00fdch&nbsp;\u010cech\u016f se s\u0148atkem s&nbsp;m\u00edstn\u00edm d\u011bv\u010detem, jeho rodina zcela polonizovala. Nutno podotknout, \u017ee i d\u00edky tomuto splynut\u00ed s v\u011bt\u0161inovou populac\u00ed se jejich pam\u00e1tka, v\u010detn\u011b udr\u017eovan\u00fdch&nbsp;hrob\u016f, zachovala a\u017e do dne\u0161n\u00edch dn\u016f.<\/p>\n\n\n\n<div style=\"height:36px\" aria-hidden=\"true\" class=\"wp-block-spacer\"><\/div>\n\n\n\n<figure class=\"wp-block-gallery columns-2 is-cropped wp-block-gallery-2 is-layout-flex wp-block-gallery-is-layout-flex\"><ul class=\"blocks-gallery-grid\"><li class=\"blocks-gallery-item\"><figure><img loading=\"lazy\" decoding=\"async\" width=\"432\" height=\"288\" src=\"https:\/\/ceskylvov.cz\/wp-content\/uploads\/2021\/01\/120232664_3648464515211158_3822074062249104445_n.jpg\" alt=\"\" data-id=\"625\" data-link=\"https:\/\/ceskylvov.cz\/?attachment_id=625\" class=\"wp-image-625\" srcset=\"https:\/\/ceskylvov.cz\/wp-content\/uploads\/2021\/01\/120232664_3648464515211158_3822074062249104445_n.jpg 432w, https:\/\/ceskylvov.cz\/wp-content\/uploads\/2021\/01\/120232664_3648464515211158_3822074062249104445_n-300x200.jpg 300w\" sizes=\"(max-width: 432px) 100vw, 432px\" \/><figcaption class=\"blocks-gallery-item__caption\"><em>Dubov\u00e1&nbsp;knihovna studovny v budov\u011b Lvovsk\u00e9 polytechniky<\/em><\/figcaption><\/figure><\/li><li class=\"blocks-gallery-item\"><figure><img loading=\"lazy\" decoding=\"async\" width=\"760\" height=\"509\" src=\"https:\/\/ceskylvov.cz\/wp-content\/uploads\/2021\/01\/iBR6M6MAL1.jpg\" alt=\"\" data-id=\"660\" data-full-url=\"https:\/\/ceskylvov.cz\/wp-content\/uploads\/2021\/01\/iBR6M6MAL1.jpg\" data-link=\"https:\/\/ceskylvov.cz\/?attachment_id=660\" class=\"wp-image-660\" srcset=\"https:\/\/ceskylvov.cz\/wp-content\/uploads\/2021\/01\/iBR6M6MAL1.jpg 760w, https:\/\/ceskylvov.cz\/wp-content\/uploads\/2021\/01\/iBR6M6MAL1-300x201.jpg 300w\" sizes=\"(max-width: 760px) 100vw, 760px\" \/><figcaption class=\"blocks-gallery-item__caption\">Kazetov\u00fd strop v&nbsp;hlavn\u00ed lodi Arm\u00e9nsk\u00e9 katedr\u00e1ly <\/figcaption><\/figure><\/li><\/ul><\/figure>\n\n\n\n<figure class=\"wp-block-image size-large\"><img loading=\"lazy\" decoding=\"async\" width=\"700\" height=\"568\" src=\"https:\/\/ceskylvov.cz\/wp-content\/uploads\/2021\/01\/Aula-Zemskeho-snemu-dnes-Univerzita-I.-Franka.jpg\" alt=\"\" class=\"wp-image-620\" srcset=\"https:\/\/ceskylvov.cz\/wp-content\/uploads\/2021\/01\/Aula-Zemskeho-snemu-dnes-Univerzita-I.-Franka.jpg 700w, https:\/\/ceskylvov.cz\/wp-content\/uploads\/2021\/01\/Aula-Zemskeho-snemu-dnes-Univerzita-I.-Franka-300x243.jpg 300w\" sizes=\"(max-width: 700px) 100vw, 700px\" \/><figcaption><em>Aula Zemsk\u00e9ho sn\u011bmu (dnes Univerzita I. Franka)<\/em><\/figcaption><\/figure>\n\n\n\n<div style=\"height:36px\" aria-hidden=\"true\" class=\"wp-block-spacer\"><\/div>\n\n\n\n<figure class=\"wp-block-gallery columns-2 is-cropped wp-block-gallery-3 is-layout-flex wp-block-gallery-is-layout-flex\"><ul class=\"blocks-gallery-grid\"><li class=\"blocks-gallery-item\"><figure><img loading=\"lazy\" decoding=\"async\" width=\"750\" height=\"1000\" src=\"https:\/\/ceskylvov.cz\/wp-content\/uploads\/2021\/01\/Mistrovska-prace-v-Noble-Casino-Dum-vedcu.jpg\" alt=\"\" data-id=\"623\" data-full-url=\"https:\/\/ceskylvov.cz\/wp-content\/uploads\/2021\/01\/Mistrovska-prace-v-Noble-Casino-Dum-vedcu.jpg\" data-link=\"https:\/\/ceskylvov.cz\/?attachment_id=623\" class=\"wp-image-623\" srcset=\"https:\/\/ceskylvov.cz\/wp-content\/uploads\/2021\/01\/Mistrovska-prace-v-Noble-Casino-Dum-vedcu.jpg 750w, https:\/\/ceskylvov.cz\/wp-content\/uploads\/2021\/01\/Mistrovska-prace-v-Noble-Casino-Dum-vedcu-225x300.jpg 225w\" sizes=\"(max-width: 750px) 100vw, 750px\" \/><figcaption class=\"blocks-gallery-item__caption\"><em>Mistrovsk\u00e1 pr\u00e1ce<\/em> v Noble Casino (D\u016fm v\u011bdc\u016f)<\/figcaption><\/figure><\/li><li class=\"blocks-gallery-item\"><figure><img loading=\"lazy\" decoding=\"async\" width=\"452\" height=\"1024\" src=\"https:\/\/ceskylvov.cz\/wp-content\/uploads\/2021\/01\/Vila-na-ul.-Romanyuka-15.jpg\" alt=\"\" data-id=\"624\" data-full-url=\"https:\/\/ceskylvov.cz\/wp-content\/uploads\/2021\/01\/Vila-na-ul.-Romanyuka-15.jpg\" data-link=\"https:\/\/ceskylvov.cz\/?attachment_id=624\" class=\"wp-image-624\" srcset=\"https:\/\/ceskylvov.cz\/wp-content\/uploads\/2021\/01\/Vila-na-ul.-Romanyuka-15.jpg 452w, https:\/\/ceskylvov.cz\/wp-content\/uploads\/2021\/01\/Vila-na-ul.-Romanyuka-15-132x300.jpg 132w\" sizes=\"(max-width: 452px) 100vw, 452px\" \/><figcaption class=\"blocks-gallery-item__caption\">Vila na ul. Romanyuka 15<\/figcaption><\/figure><\/li><\/ul><\/figure>\n\n\n\n<figure class=\"wp-block-gallery columns-1 is-cropped wp-block-gallery-4 is-layout-flex wp-block-gallery-is-layout-flex\"><ul class=\"blocks-gallery-grid\"><li class=\"blocks-gallery-item\"><figure><img loading=\"lazy\" decoding=\"async\" width=\"697\" height=\"317\" src=\"https:\/\/ceskylvov.cz\/wp-content\/uploads\/2021\/01\/image.png\" alt=\"\" data-id=\"616\" class=\"wp-image-616\" srcset=\"https:\/\/ceskylvov.cz\/wp-content\/uploads\/2021\/01\/image.png 697w, https:\/\/ceskylvov.cz\/wp-content\/uploads\/2021\/01\/image-300x136.png 300w\" sizes=\"(max-width: 697px) 100vw, 697px\" \/><figcaption class=\"blocks-gallery-item__caption\">Gazeta Lwowska ze dne 20.3.1878<\/figcaption><\/figure><\/li><\/ul><\/figure>\n\n\n\n<figure class=\"wp-block-gallery aligncenter columns-2 wp-block-gallery-5 is-layout-flex wp-block-gallery-is-layout-flex\"><ul class=\"blocks-gallery-grid\"><li class=\"blocks-gallery-item\"><figure><img loading=\"lazy\" decoding=\"async\" width=\"410\" height=\"758\" src=\"https:\/\/ceskylvov.cz\/wp-content\/uploads\/2021\/01\/image-3.png\" alt=\"\" data-id=\"619\" data-full-url=\"https:\/\/ceskylvov.cz\/wp-content\/uploads\/2021\/01\/image-3.png\" data-link=\"https:\/\/ceskylvov.cz\/?attachment_id=619\" class=\"wp-image-619\" srcset=\"https:\/\/ceskylvov.cz\/wp-content\/uploads\/2021\/01\/image-3.png 410w, https:\/\/ceskylvov.cz\/wp-content\/uploads\/2021\/01\/image-3-162x300.png 162w\" sizes=\"(max-width: 410px) 100vw, 410px\" \/><figcaption class=\"blocks-gallery-item__caption\"><em>Gazeta Lwowska ze dne 13.1.1899 \u2013 nekrolog F.V.<\/em><\/figcaption><\/figure><\/li><li class=\"blocks-gallery-item\"><figure><img loading=\"lazy\" decoding=\"async\" width=\"393\" height=\"593\" src=\"https:\/\/ceskylvov.cz\/wp-content\/uploads\/2021\/01\/image-1.png\" alt=\"\" data-id=\"617\" data-full-url=\"https:\/\/ceskylvov.cz\/wp-content\/uploads\/2021\/01\/image-1.png\" data-link=\"https:\/\/ceskylvov.cz\/?attachment_id=617\" class=\"wp-image-617\" srcset=\"https:\/\/ceskylvov.cz\/wp-content\/uploads\/2021\/01\/image-1.png 393w, https:\/\/ceskylvov.cz\/wp-content\/uploads\/2021\/01\/image-1-199x300.png 199w\" sizes=\"(max-width: 393px) 100vw, 393px\" \/><figcaption class=\"blocks-gallery-item__caption\">Kurjer Lwowski <em>ze dne<\/em> 18.10.1925 \u2013 zpr\u00e1va o poh\u0159bu J.V.<\/figcaption><\/figure><\/li><\/ul><\/figure>\n\n\n\n<p><em>Zdroje:&nbsp;<\/em><a rel=\"noreferrer noopener\" href=\"https:\/\/jbc.bj.uj.edu.pl\/dlibra\" target=\"_blank\"><em>https:\/\/jbc.bj.uj.edu.pl\/dlibra<\/em><\/a><em> , <\/em><a href=\"https:\/\/www.szukajwarchiwach.gov.pl\"><em>https:\/\/www.szukajwarchiwach.gov.pl<\/em><\/a><em>, Ev\u017een Topinka &#8211; Archiv spolku \u010cesk\u00e1 beseda ve Lvov\u011b (1867-1936) \u2013 ISBN 978-966-7022-65-5 \u2013 vydalo Centrum Evropy 2007, <\/em><a rel=\"noreferrer noopener\" href=\"https:\/\/www.lvivcenter.org\/uk\/\" target=\"_blank\"><em>https:\/\/www.lvivcenter.org\/uk\/<\/em><\/a><em>,<\/em> <em>Sto let \u010desk\u00e9ho \u017eivota ve Lvov\u011b, II. d\u00edl, autor Ludv\u00edk Feigl, vyd. r. 1925 n\u00e1kladem \u010cesk\u00e9 besedy v Lvov\u011b<\/em><\/p>\n\n\n\n<h4 class=\"wp-block-heading\">\u00a9 2021 Petr Zenker<\/h4>\n\n\n\n<p><\/p>\n","protected":false},"excerpt":{"rendered":"<p>Kr\u00e1tk\u00fd p\u0159\u00edb\u011bh majitel\u016f&nbsp;slavn\u00e9 stola\u0159sk\u00e9 fabriky Franti\u0161ek V\u010cEL\u00c1K (Franciszek Wczelak) 31.12.1840 ?\u2013 11.01. 1899 Lvov, \u010dlen M\u011bstsk\u00e9ho st\u0159eleck\u00e9ho spolku a v\u00fdznamn\u00fd \u010dlen \u010cesk\u00e9 besedy (od r.&hellip;<\/p>\n","protected":false},"author":1,"featured_media":615,"parent":0,"menu_order":0,"comment_status":"closed","ping_status":"closed","template":"","meta":{"footnotes":""},"class_list":["post-614","page","type-page","status-publish","has-post-thumbnail","hentry"],"_links":{"self":[{"href":"https:\/\/ceskylvov.cz\/index.php?rest_route=\/wp\/v2\/pages\/614"}],"collection":[{"href":"https:\/\/ceskylvov.cz\/index.php?rest_route=\/wp\/v2\/pages"}],"about":[{"href":"https:\/\/ceskylvov.cz\/index.php?rest_route=\/wp\/v2\/types\/page"}],"author":[{"embeddable":true,"href":"https:\/\/ceskylvov.cz\/index.php?rest_route=\/wp\/v2\/users\/1"}],"replies":[{"embeddable":true,"href":"https:\/\/ceskylvov.cz\/index.php?rest_route=%2Fwp%2Fv2%2Fcomments&post=614"}],"version-history":[{"count":29,"href":"https:\/\/ceskylvov.cz\/index.php?rest_route=\/wp\/v2\/pages\/614\/revisions"}],"predecessor-version":[{"id":707,"href":"https:\/\/ceskylvov.cz\/index.php?rest_route=\/wp\/v2\/pages\/614\/revisions\/707"}],"wp:featuredmedia":[{"embeddable":true,"href":"https:\/\/ceskylvov.cz\/index.php?rest_route=\/wp\/v2\/media\/615"}],"wp:attachment":[{"href":"https:\/\/ceskylvov.cz\/index.php?rest_route=%2Fwp%2Fv2%2Fmedia&parent=614"}],"curies":[{"name":"wp","href":"https:\/\/api.w.org\/{rel}","templated":true}]}}