{"id":59,"date":"2020-05-29T23:49:48","date_gmt":"2020-05-29T21:49:48","guid":{"rendered":"https:\/\/ceskylvov.cz\/?page_id=59"},"modified":"2021-03-10T15:26:15","modified_gmt":"2021-03-10T14:26:15","slug":"architekt-lvova","status":"publish","type":"page","link":"https:\/\/ceskylvov.cz\/?page_id=59","title":{"rendered":"Architekt Lvova"},"content":{"rendered":"\n<h4 class=\"wp-block-heading\"><em>Fascinuj\u00edc\u00ed cesta \u0161umavsk\u00e9ho rod\u00e1ka za uzn\u00e1n\u00edm, kter\u00e9ho se mu dostalo a\u017e na sam\u00e9m <a href=\"https:\/\/ceskylvov.cz\/?page_id=115\">okraji Evropy<\/a><\/em><\/h4>\n\n\n\n<p>Poznejte p\u0159\u00edb\u011bh Karla Boubl\u00edka, autora des\u00edtek v\u00fdstavn\u00edch budov ve m\u011bst\u011b chr\u00e1n\u011bn\u00e9m UNESCO. Dotkn\u011bte se tvorby na\u0161eho krajana s um\u011bleck\u00fdm nad\u00e1n\u00edm a viz\u00ed, kter\u00fd byl ve sv\u00e9 zemi zapomenut. T\u00e9m\u011b\u0159 100 let po jeho smrti, zavadil pisatel n\u00e1sleduj\u00edc\u00edch text\u016f o <a href=\"https:\/\/zbruc.eu\/node\/79920\">ukrajinsk\u00fd zdroj<\/a>, s\u00a0uk\u00e1zkou\u00a0osobit\u00e9ho architektonick\u00e9ho d\u00edla\u00a0v ulic\u00edch\u00a0<a href=\"https:\/\/ceskylvov.cz\/?page_id=117\">Lvova<\/a>. Jak se okouzlen\u00e9mu amat\u00e9rsk\u00e9mu badateli poda\u0159ilo doplnit jednotliv\u00e9 st\u0159\u00edpky nejen profesn\u00edho \u017eivota Karla Boubl\u00edka, posu\u010fte sami.<\/p>\n\n\n\n<div class=\"wp-block-group\"><div class=\"wp-block-group__inner-container is-layout-flow wp-block-group-is-layout-flow\">\n<div class=\"wp-block-group\"><div class=\"wp-block-group__inner-container is-layout-flow wp-block-group-is-layout-flow\">\n<div class=\"wp-block-group\"><div class=\"wp-block-group__inner-container is-layout-flow wp-block-group-is-layout-flow\">\n<div class=\"wp-block-group\"><div class=\"wp-block-group__inner-container is-layout-flow wp-block-group-is-layout-flow\">\n<h4 class=\"wp-block-heading\"><a href=\"https:\/\/ceskylvov.cz\/?page_id=121\">Rodn\u00fd Kolinec<\/a><\/h4>\n\n\n\n<h4 class=\"wp-block-heading\"><a href=\"https:\/\/ceskylvov.cz\/?page_id=124\">1869<\/a><\/h4>\n\n\n\n<h4 class=\"wp-block-heading\"><a href=\"https:\/\/ceskylvov.cz\/?page_id=129\">P\u0159es Brno<\/a><\/h4>\n\n\n\n<h4 class=\"wp-block-heading\"><a href=\"https:\/\/ceskylvov.cz\/?page_id=138\">Lvovsk\u00e9 za\u010d\u00e1tky<\/a><\/h4>\n\n\n\n<h4 class=\"wp-block-heading\"><a href=\"https:\/\/ceskylvov.cz\/?page_id=142\">V\u0161eobecn\u00e1 zemsk\u00e1 v\u00fdstava 1894<\/a><\/h4>\n<\/div><\/div>\n\n\n\n<h4 class=\"wp-block-heading\"><a href=\"https:\/\/ceskylvov.cz\/?page_id=147\">\u017divot architekta<\/a><\/h4>\n\n\n\n<p><\/p>\n\n\n\n<h4 class=\"wp-block-heading\"><strong>Architektonick\u00e9 d\u011bdictv\u00ed a adresy pobytu Karla Boubl\u00edka<\/strong><\/h4>\n<\/div><\/div>\n<\/div><\/div>\n<\/div><\/div>\n\n\n\n<iframe loading=\"lazy\" src=\"https:\/\/www.google.com\/maps\/d\/u\/0\/embed?mid=1RdgmFhoDsEcLhxXZuv_EZPI07RLSxd7v\" width=\"640\" height=\"480\"><\/iframe>\n\n\n\n<p><\/p>\n\n\n\n<h4 class=\"wp-block-heading\"><strong>150 let od narozen\u00ed Karla Boubl\u00edka<\/strong><\/h4>\n\n\n\n<h4 class=\"wp-block-heading\"><a href=\"https:\/\/www.mzv.cz\/lvov\/cz\/vzajemne_vztahy_1\/x150_let_od_narozeni_karla_boublika.html\">\u010cl\u00e1nek na webov\u00fdch str\u00e1nk\u00e1ch Gener\u00e1ln\u00edho konzul\u00e1tu \u010cR ve Lvov\u011b<\/a><\/h4>\n\n\n\n<p><em>Kol\u00e1\u017e pou\u017e\u00edv\u00e1 ilustraci z projektu &#8222;Hrdost<\/em> <em>m\u011bsta&#8220; Lvovsk\u00e9 m\u011bstsk\u00e9 rady<\/em><\/p>\n","protected":false},"excerpt":{"rendered":"<p>Fascinuj\u00edc\u00ed cesta \u0161umavsk\u00e9ho rod\u00e1ka za uzn\u00e1n\u00edm, kter\u00e9ho se mu dostalo a\u017e na sam\u00e9m okraji Evropy<\/p>\n","protected":false},"author":1,"featured_media":60,"parent":0,"menu_order":0,"comment_status":"closed","ping_status":"closed","template":"","meta":{"footnotes":""},"class_list":["post-59","page","type-page","status-publish","has-post-thumbnail","hentry"],"_links":{"self":[{"href":"https:\/\/ceskylvov.cz\/index.php?rest_route=\/wp\/v2\/pages\/59"}],"collection":[{"href":"https:\/\/ceskylvov.cz\/index.php?rest_route=\/wp\/v2\/pages"}],"about":[{"href":"https:\/\/ceskylvov.cz\/index.php?rest_route=\/wp\/v2\/types\/page"}],"author":[{"embeddable":true,"href":"https:\/\/ceskylvov.cz\/index.php?rest_route=\/wp\/v2\/users\/1"}],"replies":[{"embeddable":true,"href":"https:\/\/ceskylvov.cz\/index.php?rest_route=%2Fwp%2Fv2%2Fcomments&post=59"}],"version-history":[{"count":25,"href":"https:\/\/ceskylvov.cz\/index.php?rest_route=\/wp\/v2\/pages\/59\/revisions"}],"predecessor-version":[{"id":851,"href":"https:\/\/ceskylvov.cz\/index.php?rest_route=\/wp\/v2\/pages\/59\/revisions\/851"}],"wp:featuredmedia":[{"embeddable":true,"href":"https:\/\/ceskylvov.cz\/index.php?rest_route=\/wp\/v2\/media\/60"}],"wp:attachment":[{"href":"https:\/\/ceskylvov.cz\/index.php?rest_route=%2Fwp%2Fv2%2Fmedia&parent=59"}],"curies":[{"name":"wp","href":"https:\/\/api.w.org\/{rel}","templated":true}]}}