{"id":465,"date":"2020-06-26T23:37:48","date_gmt":"2020-06-26T21:37:48","guid":{"rendered":"https:\/\/ceskylvov.cz\/?page_id=465"},"modified":"2021-03-10T15:38:17","modified_gmt":"2021-03-10T14:38:17","slug":"zapomenuty-genius-z-holesova","status":"publish","type":"page","link":"https:\/\/ceskylvov.cz\/?page_id=465","title":{"rendered":"Ign\u00e1c Chambrez"},"content":{"rendered":"\n<p><strong>Ign\u00e1c Chambrez<\/strong> <strong>(Ignacy Chambrez <strong>de Ryvos<\/strong>)<\/strong> (nar. 31. \u010dervence 1758 v Hole\u0161ov\u011b, okr. Krom\u011b\u0159\u00ed\u017e \u2013 zem\u0159. 1. prosince 1842 ve Lvov\u011b) byl kresli\u010d, mal\u00ed\u0159 a architekt, profesor na Jagellonsk\u00e9 univerzit\u011b a Lvovske univerzit\u011b v oboru stavebnictv\u00ed. Od r. 1812 na n\u011bkolik desetilet\u00ed spojil sv\u016fj \u017eivot se Lvovem. Zde u\u010dil a tvo\u0159il, v\u00fdznamn\u011b p\u0159isp\u011bl k utv\u00e1\u0159en\u00ed obrazu architektury star\u00e9ho Lvova, kter\u00fd je dnes tak obdivov\u00e1n n\u00e1v\u0161t\u011bvn\u00edky m\u011bsta.<\/p>\n\n\n\n<p>Ign\u00e1c poch\u00e1zel z Moravy, z um\u011bleck\u00e9 rodiny \u2013 jeho otec <a href=\"https:\/\/pl.wikipedia.org\/wiki\/Jan_Chambrez\">Jan <\/a>byl tak\u00e9 mal\u00ed\u0159 a byl prvn\u00edm u\u010ditelem sv\u00e9ho syna. Vystudoval gymn\u00e1zium v Krom\u011b\u0159\u00ed\u017ei. V roce 1775 se vydal na studijn\u00ed cestu Evropou, kterou zah\u00e1jil v Praze, kde pob\u00fdval u mal\u00ed\u0159e J. J. Redelmayera, a p\u0159es Rakousko, N\u011bmecko a Francii ode\u0161el do Pa\u0159\u00ed\u017ee. Tu byl \u017e\u00e1kem \u010desk\u00e9ho mal\u00ed\u0159e Jana Krause a p\u0159itom studoval mal\u00ed\u0159stv\u00ed a architekturu na Kr\u00e1lovsk\u00e9 akademii celkem 3,5 r. Pot\u00e9 zah\u00e1jil um\u011bleckou praxi jako mal\u00ed\u0159 podobizen a p\u016fsobil na r\u016fzn\u00fdch m\u00edstech Francie. Na sklonku r. 1780 se stal kresl\u00ed\u0159em dvorn\u00edho architekta v\u00e9vody Orle\u00e1nsk\u00e9ho <a href=\"https:\/\/en.wikipedia.org\/wiki\/Victor_Louis\">Victora Louise<\/a>. Za\u010d\u00e1tkem r. 1782 opustil Pa\u0159\u00ed\u017e a p\u0159es \u0160v\u00fdcarsko odcestoval do It\u00e1lie a odtud ke sklonku roku do V\u00eddn\u011b.<\/p>\n\n\n\n<blockquote class=\"wp-block-quote is-layout-flow wp-block-quote-is-layout-flow\"><p>Chambrez se nau\u010dil n\u011bmecky a francouzsky ji\u017e kr\u00e1tce p\u0159ed vstupem na gymn\u00e1zium v Krom\u011b\u0159\u00ed\u017ei. Cestou na z\u00e1pad p\u0159es Prahu, Horn\u00ed Rakousy a Mnichov do Pa\u0159\u00ed\u017ee a \u0158\u00edma se z n\u011bj stal profesion\u00e1ln\u00ed um\u011blec a architekt. Jeho architektonick\u00e9 vn\u00edm\u00e1n\u00ed vych\u00e1zelo z jeho studi\u00ed na Kr\u00e1lovsk\u00e9 akademii um\u011bn\u00ed a architektury v Pa\u0159\u00ed\u017ei, kter\u00e1 byla siln\u011b ovlivn\u011bna teoretick\u00fdm d\u00edlem <a href=\"https:\/\/en.wikipedia.org\/wiki\/Marc-Antoine_Laugier\">Laugiera<\/a>. Chambrez byl pro svou dobu neobvykle dob\u0159e vzd\u011blan\u00fd v&nbsp;um\u011bn\u00ed, architektu\u0159e i ve filosofick\u00fdch prac\u00edch od <a href=\"https:\/\/cs.wikipedia.org\/wiki\/Marcus_Vitruvius_Pollio\">Vitruviuse<\/a> po <a href=\"https:\/\/cs.wikipedia.org\/wiki\/Johann_Joachim_Winckelmann\">Winckelmanna<\/a>, <a href=\"https:\/\/cs.wikipedia.org\/wiki\/Gotthold_Ephraim_Lessing\">Lessinga <\/a>a <a href=\"https:\/\/cs.wikipedia.org\/wiki\/%C3%89tienne_Maurice_Falconet\">Falconeta<\/a>\u2026<\/p><cite><em>Prokopovych M. Habsburg Lemberg: Architecture, Public Space, and Politics in the Galician Capital, 1772-1914<\/em><\/cite><\/blockquote>\n\n\n\n<p>V prosinci 1783 se vr\u00e1til do Hole\u0161ova, odkud v\u0161ak ode\u0161el do Slezska a usadil se v T\u011b\u0161\u00edn\u011b. Zde se tak\u00e9 5.10.1784 o\u017eenil s Terezi\u00ed, dcerou stavitele <a href=\"https:\/\/www.tesin.cz\/?kdo-je-kdo=josef-drachny\">Josefa Drachn\u00e9ho<\/a>; p\u016fsobil jako mal\u00ed\u0159 a architekt a od 1793 jako u\u010ditel kreslen\u00ed. V&nbsp;roce 1803 se stal u\u010ditelem kreslen\u00ed ve \u0161kole v Krakov\u011b a od r. 1807, profesorem katedry architektury na zdej\u0161\u00ed univerzit\u011b.<\/p>\n\n\n\n<figure class=\"wp-block-image size-large\"><img decoding=\"async\" src=\"https:\/\/openairmuseum.info\/source\/Olza%20w%20malarstwie\/4-mc-s-02921-min.jpg\" alt=\"\"\/><figcaption><em>Panorama T\u011b\u0161\u00edna, Ign\u00e1c Chambrez de Ryvos, 1800, olejomalba<\/em><\/figcaption><\/figure>\n\n\n\n<p>Zab\u00fdval se malbou, kterou m\u011bl v mlad\u00e9m v\u011bku obzvl\u00e1\u0161t\u011b r\u00e1d. V dob\u011b sv\u00e9ho p\u016fsoben\u00ed v T\u011b\u0161\u00edn\u011b tvo\u0159il sakr\u00e1ln\u00ed d\u00edla, namaloval rovn\u011b\u017e mnoho portr\u00e9t\u016f. Zat\u00edmco jeho sakr\u00e1ln\u00ed malby maj\u00ed je\u0161t\u011b zcela rokokov\u00fd charakter, jeho podobizny jsou ji\u017e v klasicistn\u00edm duchu. Panor\u00e1ma m\u011bsta, v dob\u011b jeho op\u011btovn\u00e9 v\u00fdstavby po katastrof\u011b, vzniklo v roce 1800. Z\u00edskal si za to uzn\u00e1n\u00ed sou\u010dasn\u00edk\u016f, na jeho \u0161\u00ed\u0159en\u00ed v podob\u011b m\u011bdirytiny, z\u00edskal Chambrez prost\u0159edky od sasko-t\u011b\u0161\u00ednsk\u00e9ho kn\u00ed\u017eete Alberta (Albrechta).<\/p>\n\n\n\n<div class=\"wp-block-image\"><figure class=\"alignleft size-large is-resized\"><img loading=\"lazy\" decoding=\"async\" src=\"https:\/\/upload.wikimedia.org\/wikipedia\/commons\/1\/11\/Market_Square%2C_Cieszyn_%28I._Chambrez%29.jpg\" alt=\"\" width=\"304\" height=\"225\"\/><figcaption>Fragment akvarelu <em>Ign\u00e1ce Chambreze<\/em> &#8222;Pohled na n\u00e1m\u011bst\u00ed v T\u011b\u0161\u00edn\u011b&#8220; s radnic\u00ed jeho autorstv\u00ed, 1802<\/figcaption><\/figure><\/div>\n\n\n\n<p>Sv\u00e9 ran\u00e9 budovy navrhoval v barokn\u00edm stylu s prvky klasicismu, pozd\u011bji v\u0161ak zcela p\u0159e\u0161el ke klasicistn\u00edmu stylu. Mezi budovami, kter\u00e9 vytvo\u0159il, vynik\u00e1 barokn\u00ed <a href=\"https:\/\/www.cieszyn.pl\/?p=categoriesShow&amp;iCategory=2481\">radnice v T\u011b\u0161\u00edn\u011b<\/a> s prvky klasicismu, postavena v roce 1800. Dne\u0161n\u00ed vzhled se li\u0161\u00ed od p\u016fvodn\u00edho n\u011bkolika \u00fapravami. Dal\u0161\u00ed navr\u017eenou budovou bylo <a href=\"https:\/\/www.cieszyn.pl\/?p=categoriesShow&amp;iCategory=2483\">katolick\u00e9 gymn\u00e1zium v \u200b\u200bT\u011b\u0161\u00edn\u011b<\/a> z roku 1802.<\/p>\n\n\n\n<div class=\"wp-block-image\"><figure class=\"alignright size-large is-resized\"><img loading=\"lazy\" decoding=\"async\" src=\"https:\/\/www.cieszyn.pl\/files\/103[1].jpg\" alt=\"\" width=\"230\" height=\"162\"\/><figcaption>Katolick\u00e9 gymn\u00e1zium v \u200b\u200bT\u011b\u0161\u00edn\u011b, projekt I. Chambreze z roku 1802<\/figcaption><\/figure><\/div>\n\n\n\n<p>Kolem roku 1803 se p\u0159est\u011bhoval do Krakova. V letech 1803\u20131807 byl u\u010ditelem kreslen\u00ed v ni\u017e\u0161\u00ed (z\u00e1kladn\u00ed) \u0161kole (Szkole Normalnej) v Krakov\u011b, od roku 1807 se stal mimo\u0159\u00e1dn\u00fdm profesorem na Filozofick\u00e9 fakult\u011b <a href=\"https:\/\/cs.wikipedia.org\/wiki\/Jagellonsk%C3%A1_univerzita\">Jagellonsk\u00e9 univerzity<\/a>, kde vyu\u010doval architekturu a kresbu. B\u011bhem tohoto obdob\u00ed vydal dvakr\u00e1t u\u010debnici <em>Betrachtungen \u00fcber den Character der Geb\u00e4ude und die darauf anzubringenden architektischen Verzierungen <\/em>(V\u00edde\u0148 1807 a 1808). Z\u00e1rove\u0148 byl poprv\u00e9 pozv\u00e1n do Lvova, av\u0161ak tuto nab\u00eddku odm\u00edtl.<\/p>\n\n\n\n<p>V roce 1810 opustil Jagellonskou univerzitu a vyu\u010doval na \u0161kole sv. Barbory \u200b\u200bv Krakov\u011b.&nbsp; Nelze vylou\u010dit, \u017ee se v t\u00e9 dob\u011b pod\u00edlel i na jej\u00ed v\u00fdstavb\u011b, ale pro nedostatek d\u016fkaz\u016f je obt\u00ed\u017en\u00e9 rekonstruovat podrobnosti t\u00e9to \u010d\u00e1sti jeho \u017eivota. V r. 1809 se vr\u00e1til do T\u011b\u0161\u00edna a odtud, v r. 1812, odjel do <strong><a href=\"https:\/\/ceskylvov.cz\/?page_id=117\">Lvova<\/a><\/strong>. V tomto m\u011bst\u011b bude \u017e\u00edt a\u017e do okam\u017eiku sv\u00e9 smrti. Podle polsk\u00fdch zdroj\u016f, Chambrez opustil svou rodinu v T\u011b\u0161\u00edn\u011b; av\u0161ak dva z jeho potomk\u016f, \u017eili v pozd\u011bj\u0161\u00edch letech ve Lvov\u011b.<\/p>\n\n\n\n<p>V hlavn\u00edm m\u011bst\u011b <strong><a href=\"https:\/\/ceskylvov.cz\/?page_id=115\">Hali\u010de<\/a><\/strong><a href=\"https:\/\/ceskylvov.cz\/?page_id=115\"> <\/a>p\u016fsobil Chambrez zejm\u00e9na jako pedagog. Zpo\u010d\u00e1tku p\u0159edn\u00e1\u0161el na m\u00edstn\u00ed univerzit\u011b, kter\u00e1 v\u0161ak v t\u00e9 dob\u011b m\u011bla je\u0161t\u011b status lycea. V r. 1817 st\u00e1l v \u010dele nov\u011b vytvo\u0159en\u00e9 katedry \u201evy\u0161\u0161\u00edho in\u017een\u00fdrstv\u00ed\u201c na Filozofick\u00e9 fakult\u011b univerzity.<\/p>\n\n\n\n<p>Navzdory sv\u00e9mu v\u011bku (v dob\u011b n\u00e1stupu do funkce vedouc\u00edho katedry bylo Chambrezovi 59 let), prok\u00e1zal velkou akceschopnost, \u010dasto cestoval do zahrani\u010d\u00ed, aby si doplnil znalosti a staral se tak o vysokou v\u011bdeckou \u00farove\u0148 sv\u00fdch student\u016f a t\u00e9\u017e pe\u010dliv\u011b shroma\u017e\u010foval didaktick\u00e9 pom\u016fcky ve sv\u00e9 sb\u00edrce. Vzd\u011bl\u00e1val celou \u0159adu hali\u010dsk\u00fdch architekt\u016f. Ch\u00e1pal povinnosti sv\u00e9 katedry \u0161iroce, p\u0159edn\u00e1\u0161el nejen architekturu, ale tak\u00e9 principy stavby silnic a most\u016f a vytv\u00e1\u0159el v\u011bdeck\u00e9 z\u00e1klady pro v\u00fduku na <a href=\"https:\/\/pl.wikipedia.org\/wiki\/Politechnika_Lwowska\">Lvovsk\u00e9 polytechnice<\/a>, \u200b\u200bzalo\u017een\u00e9 v pozd\u011bj\u0161\u00edch letech. P\u0159edn\u00e1\u0161el mimo jin\u00e9 na z\u00e1klad\u011b vlastn\u00edho studia a odborn\u00fdch prac\u00ed v oblasti technick\u00fdch v\u011bd autor\u016f <a href=\"https:\/\/cs.wikipedia.org\/wiki\/Jacopo_Barozzi_da_Vignola\">da Vignoly<\/a>, <a href=\"https:\/\/it.wikipedia.org\/wiki\/Francesco_Milizia_(scrittore_d%27arte)\">Milizii <\/a>a <a href=\"https:\/\/sl.wikipedia.org\/wiki\/Jo%C5%BEef_Marija_%C5%A0emrl\">\u0160emrle<\/a>ho. Nicm\u00e9n\u011b, Chambrezova snaha o z\u00edsk\u00e1n\u00ed hodnosti \u0159\u00e1dn\u00e9ho profesora v roce 1818, nebyla \u00fasp\u011b\u0161n\u00e1.<\/p>\n\n\n\n<div class=\"wp-block-image\"><figure class=\"alignright size-large is-resized\"><img loading=\"lazy\" decoding=\"async\" src=\"https:\/\/ceskylvov.cz\/wp-content\/uploads\/2020\/06\/\u0411\u0435\u0437\u044b\u043c\u044f\u043d\u043d\u044b\u0439.png\" alt=\"\" class=\"wp-image-550\" width=\"266\" height=\"247\" srcset=\"https:\/\/ceskylvov.cz\/wp-content\/uploads\/2020\/06\/\u0411\u0435\u0437\u044b\u043c\u044f\u043d\u043d\u044b\u0439.png 375w, https:\/\/ceskylvov.cz\/wp-content\/uploads\/2020\/06\/\u0411\u0435\u0437\u044b\u043c\u044f\u043d\u043d\u044b\u0439-300x278.png 300w\" sizes=\"(max-width: 266px) 100vw, 266px\" \/><figcaption>V\u00fd\u0148atek z novin Gazeta Krakowska (1821, \u010d. 20) o zvolen\u00ed I. Chambreze dopisuj\u00edc\u00edm \u010dlenem V\u011bdeck\u00e9 spole\u010dnosti Krakovsk\u00e9 univerzity<\/figcaption><\/figure><\/div>\n\n\n\n<p>Po cel\u00fd \u017eivot udr\u017eoval kontakt s moravsk\u00fdmi um\u011blci, buditeli a historiky (<a href=\"https:\/\/encyklopedie.brna.cz\/home-mmb\/?acc=profil_osobnosti&amp;load=88\">T. Fry\u010dajem<\/a>, <a href=\"https:\/\/cs.wikipedia.org\/wiki\/Josef_He%C5%99man_Agapit_Galla%C5%A1\">J. H. A. Galla\u0161em<\/a>, <a href=\"https:\/\/cs.wikipedia.org\/wiki\/Josef_Fiala_(skladatel)\">J. Fialou<\/a>, <a href=\"https:\/\/cs.wikipedia.org\/wiki\/Jan_Petr_Cerroni\">J. P. Cerronim<\/a>). Jeho veduty maj\u00ed v\u011bcn\u011b dokument\u00e1rn\u00ed r\u00e1z, figur\u00e1ln\u00ed staf\u00e1\u017e jim v\u0161ak dod\u00e1v\u00e1 idylick\u00fd p\u016fvab. V\u00fdznamn\u00fd je jeho p\u0159\u00ednos p\u0159edev\u0161\u00edm v liter\u00e1rn\u00ed oblasti. Psal i technologick\u00e9 p\u0159\u00edru\u010dky, nejv\u00fdznamn\u011bj\u0161\u00ed je v\u0161ak jeho um\u011bleck\u00fd cestopis <em>Odkaz moravsk\u00e9ho um\u011blce k pou\u010den\u00ed jeho syn\u016f<\/em>.<\/p>\n\n\n\n<p>B\u011bhem sv\u00e9 pedagogick\u00e9 praxe publikoval \u0159adu knih, zejm\u00e9na u\u010debnic pro studenty, nap\u0159.: <em>Versuch eines architektonischen Katechismus (1821)<\/em>a <em>Kurzer und fassl. Anweis zum Selbstunterricht f\u00fcr Landmaurermeister<\/em> (Brno 1822). Byl dopisuj\u00edc\u00edm \u010dlenem V\u011bdeck\u00e9 spole\u010dnosti Krakovsk\u00e9 univerzity a t\u00e9\u017e Moravskoslezsk\u00e9 zem\u011bd\u011blsk\u00e9 spole\u010dnosti.<\/p>\n\n\n\n<blockquote class=\"wp-block-quote is-layout-flow wp-block-quote-is-layout-flow\"><p>Chambrez\u016fv nejcenn\u011bj\u0161\u00ed p\u0159\u00edsp\u011bvek byl v&nbsp;jeho p\u0159\u00edstupu k architektonick\u00e9 kritice, kter\u00e1 jej p\u0159edstavila jako p\u0159esv\u011bd\u010den\u00e9ho neoklasicistu: \u201ev\u0161echny starov\u011bky stimuluj\u00ed p\u0159edstavivost\u201c\u2026<\/p><cite><em>Prokopovych M. Habsburg Lemberg: Architecture, Public Space, and Politics in the Galician Capital, 1772-1914<\/em><\/cite><\/blockquote>\n\n\n\n<p>Jako teoretik a praktik architektury byl Chambrez velmi pozorn\u00fd k zachov\u00e1v\u00e1n\u00ed m\u00edstn\u00edch n\u00e1rodn\u00edch tradic. Ve Lvov\u011b pokra\u010doval ve sv\u00e9 architektonick\u00e9 kari\u00e9\u0159e a stal se autorem rekonstrukce budovy <a href=\"https:\/\/cs.wikipedia.org\/wiki\/Lvovsk%C3%A1_univerzita\">Lvovsk\u00e9 univerzity<\/a>, kter\u00e1 prob\u00edhala v letech 1826\u20131828. B\u011bhem revoluce roku 1848 a rakousk\u00e9ho ost\u0159elov\u00e1n\u00ed m\u011bsta, v\u0161ak byla tato budova zni\u010dena.<\/p>\n\n\n\n<figure class=\"wp-block-image size-large\"><img decoding=\"async\" src=\"https:\/\/lia.lvivcenter.org\/image.php?ci_storymapid=43&amp;fileno=4&amp;maxy=400&amp;fit=fity\" alt=\"\"\/><figcaption>Stav budov univerzity po bombardov\u00e1n\u00ed Lvova v listopadu 1848<\/figcaption><\/figure>\n\n\n\n<p>Star\u00e1 budova <a href=\"https:\/\/pl.wikipedia.org\/wiki\/Pa%C5%82ac_Potockich_we_Lwowie\">pal\u00e1ce Potock\u00fdch<\/a> ve Lvov\u011b, rozebran\u00e1 na po\u010d\u00e1tku 60. let 19. stolet\u00ed, byla navr\u017eena a postavena Chambrezem. Vzhled pal\u00e1ce je zn\u00e1m z dochovan\u00e9ho projektu z roku 1822.<\/p>\n\n\n\n<figure class=\"wp-block-image size-large\"><img decoding=\"async\" src=\"https:\/\/i2.wp.com\/photo-lviv.in.ua\/wp-content\/uploads\/2017\/05\/4-3.gif?resize=696%2C330\" alt=\"\"\/><\/figure>\n\n\n\n<figure class=\"wp-block-gallery columns-3 is-cropped wp-block-gallery-1 is-layout-flex wp-block-gallery-is-layout-flex\"><ul class=\"blocks-gallery-grid\"><li class=\"blocks-gallery-item\"><figure><img loading=\"lazy\" decoding=\"async\" width=\"546\" height=\"676\" src=\"https:\/\/ceskylvov.cz\/wp-content\/uploads\/2020\/06\/\u041f\u0440\u043e\u0435\u043a\u0442_\u043f\u0430\u043b\u0430\u0446\u0443_\u041f\u043e\u0442\u043e\u0446\u044c\u043a\u0438\u0445_\u0443_\u041b\u044c\u0432\u043e\u0432\u0456_021.jpg\" alt=\"\" data-id=\"475\" data-link=\"https:\/\/ceskylvov.cz\/?attachment_id=475\" class=\"wp-image-475\" srcset=\"https:\/\/ceskylvov.cz\/wp-content\/uploads\/2020\/06\/\u041f\u0440\u043e\u0435\u043a\u0442_\u043f\u0430\u043b\u0430\u0446\u0443_\u041f\u043e\u0442\u043e\u0446\u044c\u043a\u0438\u0445_\u0443_\u041b\u044c\u0432\u043e\u0432\u0456_021.jpg 546w, https:\/\/ceskylvov.cz\/wp-content\/uploads\/2020\/06\/\u041f\u0440\u043e\u0435\u043a\u0442_\u043f\u0430\u043b\u0430\u0446\u0443_\u041f\u043e\u0442\u043e\u0446\u044c\u043a\u0438\u0445_\u0443_\u041b\u044c\u0432\u043e\u0432\u0456_021-242x300.jpg 242w\" sizes=\"(max-width: 546px) 100vw, 546px\" \/><\/figure><\/li><li class=\"blocks-gallery-item\"><figure><img loading=\"lazy\" decoding=\"async\" width=\"491\" height=\"600\" src=\"https:\/\/ceskylvov.cz\/wp-content\/uploads\/2020\/06\/\u041f\u0440\u043e\u0435\u043a\u0442_\u043f\u0430\u043b\u0430\u0446\u0443_\u041f\u043e\u0442\u043e\u0446\u044c\u043a\u0438\u0445_\u0443_\u041b\u044c\u0432\u043e\u0432\u0456_031.jpg\" alt=\"\" data-id=\"476\" data-link=\"https:\/\/ceskylvov.cz\/?attachment_id=476\" class=\"wp-image-476\" srcset=\"https:\/\/ceskylvov.cz\/wp-content\/uploads\/2020\/06\/\u041f\u0440\u043e\u0435\u043a\u0442_\u043f\u0430\u043b\u0430\u0446\u0443_\u041f\u043e\u0442\u043e\u0446\u044c\u043a\u0438\u0445_\u0443_\u041b\u044c\u0432\u043e\u0432\u0456_031.jpg 491w, https:\/\/ceskylvov.cz\/wp-content\/uploads\/2020\/06\/\u041f\u0440\u043e\u0435\u043a\u0442_\u043f\u0430\u043b\u0430\u0446\u0443_\u041f\u043e\u0442\u043e\u0446\u044c\u043a\u0438\u0445_\u0443_\u041b\u044c\u0432\u043e\u0432\u0456_031-246x300.jpg 246w\" sizes=\"(max-width: 491px) 100vw, 491px\" \/><\/figure><\/li><li class=\"blocks-gallery-item\"><figure><img loading=\"lazy\" decoding=\"async\" width=\"800\" height=\"558\" src=\"https:\/\/ceskylvov.cz\/wp-content\/uploads\/2020\/06\/\u041f\u0440\u043e\u0435\u043a\u0442_\u043f\u0430\u043b\u0430\u0446\u0443_\u041f\u043e\u0442\u043e\u0446\u044c\u043a\u0438\u0445_\u0443_\u041b\u044c\u0432\u043e\u0432\u0456_041.jpg\" alt=\"\" data-id=\"477\" data-link=\"https:\/\/ceskylvov.cz\/?attachment_id=477\" class=\"wp-image-477\" srcset=\"https:\/\/ceskylvov.cz\/wp-content\/uploads\/2020\/06\/\u041f\u0440\u043e\u0435\u043a\u0442_\u043f\u0430\u043b\u0430\u0446\u0443_\u041f\u043e\u0442\u043e\u0446\u044c\u043a\u0438\u0445_\u0443_\u041b\u044c\u0432\u043e\u0432\u0456_041.jpg 800w, https:\/\/ceskylvov.cz\/wp-content\/uploads\/2020\/06\/\u041f\u0440\u043e\u0435\u043a\u0442_\u043f\u0430\u043b\u0430\u0446\u0443_\u041f\u043e\u0442\u043e\u0446\u044c\u043a\u0438\u0445_\u0443_\u041b\u044c\u0432\u043e\u0432\u0456_041-300x209.jpg 300w, https:\/\/ceskylvov.cz\/wp-content\/uploads\/2020\/06\/\u041f\u0440\u043e\u0435\u043a\u0442_\u043f\u0430\u043b\u0430\u0446\u0443_\u041f\u043e\u0442\u043e\u0446\u044c\u043a\u0438\u0445_\u0443_\u041b\u044c\u0432\u043e\u0432\u0456_041-768x536.jpg 768w\" sizes=\"(max-width: 800px) 100vw, 800px\" \/><\/figure><\/li><li class=\"blocks-gallery-item\"><figure><img loading=\"lazy\" decoding=\"async\" width=\"800\" height=\"307\" src=\"https:\/\/ceskylvov.cz\/wp-content\/uploads\/2020\/06\/\u041f\u0440\u043e\u0435\u043a\u0442_\u043f\u0430\u043b\u0430\u0446\u0443_\u041f\u043e\u0442\u043e\u0446\u044c\u043a\u0438\u0445_\u0443_\u041b\u044c\u0432\u043e\u0432\u0456_051.jpg\" alt=\"\" data-id=\"478\" data-full-url=\"https:\/\/ceskylvov.cz\/wp-content\/uploads\/2020\/06\/\u041f\u0440\u043e\u0435\u043a\u0442_\u043f\u0430\u043b\u0430\u0446\u0443_\u041f\u043e\u0442\u043e\u0446\u044c\u043a\u0438\u0445_\u0443_\u041b\u044c\u0432\u043e\u0432\u0456_051.jpg\" data-link=\"https:\/\/ceskylvov.cz\/?attachment_id=478\" class=\"wp-image-478\" srcset=\"https:\/\/ceskylvov.cz\/wp-content\/uploads\/2020\/06\/\u041f\u0440\u043e\u0435\u043a\u0442_\u043f\u0430\u043b\u0430\u0446\u0443_\u041f\u043e\u0442\u043e\u0446\u044c\u043a\u0438\u0445_\u0443_\u041b\u044c\u0432\u043e\u0432\u0456_051.jpg 800w, https:\/\/ceskylvov.cz\/wp-content\/uploads\/2020\/06\/\u041f\u0440\u043e\u0435\u043a\u0442_\u043f\u0430\u043b\u0430\u0446\u0443_\u041f\u043e\u0442\u043e\u0446\u044c\u043a\u0438\u0445_\u0443_\u041b\u044c\u0432\u043e\u0432\u0456_051-300x115.jpg 300w, https:\/\/ceskylvov.cz\/wp-content\/uploads\/2020\/06\/\u041f\u0440\u043e\u0435\u043a\u0442_\u043f\u0430\u043b\u0430\u0446\u0443_\u041f\u043e\u0442\u043e\u0446\u044c\u043a\u0438\u0445_\u0443_\u041b\u044c\u0432\u043e\u0432\u0456_051-768x295.jpg 768w\" sizes=\"(max-width: 800px) 100vw, 800px\" \/><\/figure><\/li><\/ul><figcaption class=\"blocks-gallery-caption\">Projekt pal\u00e1ce Alfreda Potock\u00e9ho na ulici \u0160irok\u00e9 ve Lvov\u011b, 1822. Architekti Ign\u00e1c Chambrez a Franz Trescher.<\/figcaption><\/figure>\n\n\n\n<figure class=\"wp-block-image size-large\"><img decoding=\"async\" src=\"https:\/\/inlviv.in.ua\/wp-content\/uploads\/2017\/05\/palats-bavorovskih.jpg\" alt=\"\"\/><figcaption>Arsen\u00e1l Sieniawskich <em>\u2013<\/em> Knihovna Baworowskich. Ve 30. \u2013 40. letech 19. stolet\u00ed byla budova p\u0159estav\u011bna podle n\u00e1vrhu Ign\u00e1ce Chambreze v duchu biedermeiersk\u00e9ho klasicismu. Pozornost architekta byla zam\u011b\u0159ena na v\u00fdchodn\u00ed fas\u00e1du zdobenou troj\u00faheln\u00edkov\u00fdm \u0161t\u00edtem a balkonem na tosk\u00e1nsk\u00fdch sloupech.<\/figcaption><\/figure>\n\n\n\n<div class=\"wp-block-image\"><figure class=\"alignright size-large is-resized\"><img loading=\"lazy\" decoding=\"async\" src=\"https:\/\/ceskylvov.cz\/wp-content\/uploads\/2020\/06\/bf3a0a44637e9650883cac621ef6fb371.jpg\" alt=\"\" class=\"wp-image-498\" width=\"276\" height=\"190\" srcset=\"https:\/\/ceskylvov.cz\/wp-content\/uploads\/2020\/06\/bf3a0a44637e9650883cac621ef6fb371.jpg 800w, https:\/\/ceskylvov.cz\/wp-content\/uploads\/2020\/06\/bf3a0a44637e9650883cac621ef6fb371-300x206.jpg 300w, https:\/\/ceskylvov.cz\/wp-content\/uploads\/2020\/06\/bf3a0a44637e9650883cac621ef6fb371-768x527.jpg 768w\" sizes=\"(max-width: 276px) 100vw, 276px\" \/><figcaption>D\u016fm na ul. Kniazia Romana 24<\/figcaption><\/figure><\/div>\n\n\n\n<p>Krom\u011b t\u011bchto projekt\u016f, p\u0159ipisuj\u00ed m\u00edstn\u00ed architektoni\u010dt\u00ed historici Chambrezovi rovn\u011b\u017e autorstv\u00ed u n\u011bkolika dal\u0161\u00edch budov. Podle prof. Jurije Biryulyova byl d\u016fm J\u00f3zefa Kilana na ul. Zelen\u00e9 25-27 ve Lvov\u011b, postaven v roce 1828 dle Chambrezova projektu. Dal\u0161\u00edm pravd\u011bpodobn\u00fdm projektem I. Chambreze je podle t\u00e9ho\u017e prof. Biryulyova i d\u016fm na ul. Kniazia Romana 24 ve Lvov\u011b, postaven\u00fd v letech 1829\u20131830.<\/p>\n\n\n\n<figure class=\"wp-block-image alignwide size-large\"><img decoding=\"async\" src=\"https:\/\/i2.wp.com\/photo-lviv.in.ua\/wp-content\/uploads\/2017\/05\/6-2.gif?resize=696%2C186\" alt=\"\"\/><figcaption>Fragment v\u00fdzdoby domu na ul. Knyazya Romana 24<\/figcaption><\/figure>\n\n\n\n<div class=\"wp-block-image\"><figure class=\"alignright size-large is-resized\"><img loading=\"lazy\" decoding=\"async\" src=\"https:\/\/ceskylvov.cz\/wp-content\/uploads\/2020\/06\/Clipboard02-2.jpg\" alt=\"\" class=\"wp-image-545\" width=\"344\" height=\"205\" srcset=\"https:\/\/ceskylvov.cz\/wp-content\/uploads\/2020\/06\/Clipboard02-2.jpg 594w, https:\/\/ceskylvov.cz\/wp-content\/uploads\/2020\/06\/Clipboard02-2-300x179.jpg 300w\" sizes=\"(max-width: 344px) 100vw, 344px\" \/><figcaption>P\u0159ehled hlavn\u00edch sv\u011btov\u00fdch ud\u00e1lost\u00ed a t\u00e9mat publikovan\u00fdch v politick\u00e9 \u010d\u00e1sti Gazety Lwowsk\u00e9 z r. 1842<\/figcaption><\/figure><\/div>\n\n\n\n<p>Ve dvac\u00e1t\u00fdch letech 19. stolet\u00ed, b\u011bhem v\u011bdeck\u00e9 \u010dinnosti na univerzit\u011b ve Lvov\u011b, Ignacy Chambrez de Ryvos onemocn\u011bl. V roce 1834 ode\u0161el do d\u016fchodu. Lvosk\u00e1 univerzita mu za svou mnohaletou pr\u00e1ci nab\u00eddla zlatou medaili.<\/p>\n\n\n\n<p>Ign\u00e1c Chambrez zem\u0159el ve Lvov\u011b 1. prosince 1842 v \u00factyhodn\u00e9m v\u011bku&nbsp;osmdes\u00e1ti \u010dty\u0159 let (\u0159ada polsk\u00fdch autor\u016f chybn\u011b uv\u00e1d\u00ed rok smrti 1835).<\/p>\n\n\n\n<p>Podle polsk\u00fdch zdroj\u016f, po cel\u00fd Chambrez\u016fv pobyt ve Lvov\u011b z\u016fstavala jeho rodina v T\u011b\u0161\u00edn\u011b. Existuj\u00ed v\u0161ak informace, \u017ee jeho syn Leopold \u017eil ve Lvov\u011b v roce 1844. Dal\u0161\u00ed jm\u00e9no, Emanuel Chambrez de los Rivos (o\u010dividn\u011b dal\u0161\u00ed potomek I. Chambreze), se objev\u00ed v novin\u00e1ch Dziennik Polski v r. 1877, 35 let po smrti zapomenut\u00e9ho hole\u0161ovsk\u00e9ho g\u00e9nia, kde se uv\u00e1d\u00ed jeho zat\u010den\u00ed a trestn\u00ed obvin\u011bn\u00ed za ur\u00e1\u017eku Magistr\u00e1tu m\u011bsta Lvov.<\/p>\n\n\n\n<p><em><strong>Architektonick\u00e9 d\u00edlo:<\/strong><\/em><\/p>\n\n\n\n<ul class=\"wp-block-list\"><li>Projekt radnice, 1800, T\u011b\u0161\u00edn (Polsko);<\/li><li>projekt katolick\u00e9ho gymn\u00e1zia, 1802, T\u011b\u0161\u00edn (Polsko);<\/li><li>p\u0159estavba univerzitn\u00edch budov Lvovsk\u00e9 univerzity, 1826-1828, Lvov (Ukrajina);<\/li><li>pal\u00e1c Potock\u00fdch&nbsp;ve Lvov\u011b, rozebran\u00fd na po\u010d\u00e1tku 1860. let. Vzhled pal\u00e1ce je zn\u00e1m z dochovan\u00e9ho projektu z r. 1822 , Lvov (Ukrajina);<\/li><li>rekonstrukce arzen\u00e1lu Sieniawskich na knihovnu, cca. 1830-1840, Lvov (Ukrajina).<\/li><\/ul>\n\n\n\n<p><em>Pravd\u011bpodobn\u011b<\/em>:<\/p>\n\n\n\n<ul class=\"wp-block-list\"><li>D\u016fm J\u00f3zefa Kilana, postaven\u00fd v roce 1828 na ul. Zelen\u00e9 25-27 ve Lvov\u011b;<\/li><li>Obytn\u00fd d\u016fm na ul. Kniazia Romana 24 ve Lvov\u011b, postaven\u00fd v letech 1829\u20131830.<\/li><\/ul>\n\n\n\n<p><strong><em>Mal\u00ed\u0159sk\u00e9 pr\u00e1ce:<\/em><\/strong><\/p>\n\n\n\n<ul class=\"wp-block-list\"><li>Portr\u00e9t far\u00e1\u0159e J. Beyera, 1802, fara Barto\u0161ovice;<\/li><li>Portr\u00e9t far\u00e1\u0159e <a href=\"https:\/\/cs.wikipedia.org\/wiki\/Ond%C5%99ej_Paulini\">Ond\u0159eje Paulini<\/a>, ev. fara Byst\u0159ice nad Odrou;<\/li><li>Nanebevzet\u00ed Panny Marie, 1799, fili\u00e1ln\u00ed kostel Jind\u0159ichov u Hranic;<\/li><li>Sv. Karel Boromejsk\u00fd, farn\u00ed kostel Ropice;<\/li><li>P\u0159ed\u00e1n\u00ed kl\u00ed\u010d\u016f Petrovi, Portr\u00e9t P. Fr. Kuhna, 1790, farn\u00ed kostel Sv. Ma\u0159\u00ed Magdaleny T\u011b\u0161\u00edn (Polsko);<\/li><li>Pohled na T\u011b\u0161\u00edn, 1800, Pohled na n\u00e1m\u011bst\u00ed v T\u011b\u0161\u00edn\u011b, 1802, muzeum T\u011b\u0161\u00edn (Polsko);<\/li><li>V\u0161ichni svat\u00ed, farn\u00ed kostel T\u0159inec (obraz poch\u00e1z\u00ed z kostela v Ko\u0148sk\u00e9)<\/li><\/ul>\n\n\n\n<p>Dle literatury namaloval d\u00e1le obrazy sv. Anny, sv. Mikul\u00e1\u0161e pro farn\u00ed kostel v Malenovic\u00edch u Napajedel, obrazy sv. Jakuba, sv. Petra a Krista pro farn\u00ed kostel v&nbsp;Nikol\u010dic\u00edch, obraz sv. Jakuba pro farn\u00ed kostel v Te\u010dovic\u00edch u Napajedel.<\/p>\n\n\n\n<figure class=\"wp-block-gallery columns-3 is-cropped wp-block-gallery-2 is-layout-flex wp-block-gallery-is-layout-flex\"><ul class=\"blocks-gallery-grid\"><li class=\"blocks-gallery-item\"><figure><img loading=\"lazy\" decoding=\"async\" width=\"392\" height=\"562\" src=\"https:\/\/ceskylvov.cz\/wp-content\/uploads\/2020\/06\/123.jpg\" alt=\"\" data-id=\"519\" data-link=\"https:\/\/ceskylvov.cz\/?attachment_id=519\" class=\"wp-image-519\" srcset=\"https:\/\/ceskylvov.cz\/wp-content\/uploads\/2020\/06\/123.jpg 392w, https:\/\/ceskylvov.cz\/wp-content\/uploads\/2020\/06\/123-209x300.jpg 209w\" sizes=\"(max-width: 392px) 100vw, 392px\" \/><figcaption class=\"blocks-gallery-item__caption\"><em>Obraz sv. Jakuba v farn\u00edm kostele v Te\u010dovic\u00edch<\/em><\/figcaption><\/figure><\/li><li class=\"blocks-gallery-item\"><figure><img loading=\"lazy\" decoding=\"async\" width=\"394\" height=\"545\" src=\"https:\/\/ceskylvov.cz\/wp-content\/uploads\/2020\/06\/Chambrez_Superintendent_Paulini1.jpg\" alt=\"\" data-id=\"582\" data-link=\"https:\/\/ceskylvov.cz\/?attachment_id=582\" class=\"wp-image-582\" srcset=\"https:\/\/ceskylvov.cz\/wp-content\/uploads\/2020\/06\/Chambrez_Superintendent_Paulini1.jpg 394w, https:\/\/ceskylvov.cz\/wp-content\/uploads\/2020\/06\/Chambrez_Superintendent_Paulini1-217x300.jpg 217w\" sizes=\"(max-width: 394px) 100vw, 394px\" \/><figcaption class=\"blocks-gallery-item__caption\">Portr\u00e9t far\u00e1\u0159e Ond\u0159eje Paulini<\/figcaption><\/figure><\/li><li class=\"blocks-gallery-item\"><figure><img loading=\"lazy\" decoding=\"async\" width=\"502\" height=\"795\" src=\"https:\/\/ceskylvov.cz\/wp-content\/uploads\/2020\/06\/1234.jpg\" alt=\"\" data-id=\"584\" data-full-url=\"https:\/\/ceskylvov.cz\/wp-content\/uploads\/2020\/06\/1234.jpg\" data-link=\"https:\/\/ceskylvov.cz\/?attachment_id=584\" class=\"wp-image-584\" srcset=\"https:\/\/ceskylvov.cz\/wp-content\/uploads\/2020\/06\/1234.jpg 502w, https:\/\/ceskylvov.cz\/wp-content\/uploads\/2020\/06\/1234-189x300.jpg 189w\" sizes=\"(max-width: 502px) 100vw, 502px\" \/><figcaption class=\"blocks-gallery-item__caption\">Obraz sv. Mikul\u00e1\u0161e v farn\u00edm kostele v Malenovic\u00edch<\/figcaption><\/figure><\/li><\/ul><\/figure>\n\n\n\n<p><strong><em>Nezv\u011bstn\u00e9 obrazy:<\/em><\/strong><\/p>\n\n\n\n<ul class=\"wp-block-list\"><li>Sv. Ma\u0159\u00ed Magdalena, farn\u00ed kostel T\u011b\u0161\u00edn (Polsko);<\/li><li>sv. Vincenc Ferrarsk\u00fd, farn\u00ed kostel Ropice (okr. Karvin\u00e1);<\/li><li>t\u0159i obrazy, farn\u00ed kostel Vendryn\u011b (okr. Fr\u00fddek-M\u00edstek);<\/li><li>sv. Franti\u0161ek z Pauli, farn\u00ed kostel Jablunkov (okr. Fr\u00fddek-M\u00edstek).<\/li><\/ul>\n\n\n\n<h4 class=\"wp-block-heading\">\u00a9 2020 Vitalii Markovych<\/h4>\n\n\n\n<p><em>Zdroje: <a href=\"https:\/\/www.tesin.cz\/?kdo-je-kdo=ignac-chambrez\">https:\/\/www.tesin.cz\/?kdo-je-kdo=ignac-chambrez<\/a>, <a href=\"https:\/\/photo-lviv.in.ua\/cheskyj-budivnychyj-avstrijskoho-lvova\/\">https:\/\/photo-lviv.in.ua\/cheskyj-budivnychyj-avstrijskoho-lvova\/<\/a>, <a href=\"https:\/\/lia.lvivcenter.org\/uk\/storymaps\/university-1784-1918\/\">https:\/\/lia.lvivcenter.org\/uk\/storymaps\/university-1784-1918\/<\/a>, Prokopovych M. Habsburg Lemberg: Architecture, Public Space, and Politics in the Galician Capital, 1772-1914<\/em><\/p>\n","protected":false},"excerpt":{"rendered":"<p>P\u0159\u00edb\u011bh univerz\u00e1ln\u00edho g\u00e9nia z Hole\u0161ova, kter\u00fd n\u011bkolik desetilet\u00ed vyu\u010doval a navrhoval budovy ve Lvov\u011b<\/p>\n","protected":false},"author":1,"featured_media":529,"parent":0,"menu_order":0,"comment_status":"closed","ping_status":"closed","template":"","meta":{"footnotes":""},"class_list":["post-465","page","type-page","status-publish","has-post-thumbnail","hentry"],"_links":{"self":[{"href":"https:\/\/ceskylvov.cz\/index.php?rest_route=\/wp\/v2\/pages\/465"}],"collection":[{"href":"https:\/\/ceskylvov.cz\/index.php?rest_route=\/wp\/v2\/pages"}],"about":[{"href":"https:\/\/ceskylvov.cz\/index.php?rest_route=\/wp\/v2\/types\/page"}],"author":[{"embeddable":true,"href":"https:\/\/ceskylvov.cz\/index.php?rest_route=\/wp\/v2\/users\/1"}],"replies":[{"embeddable":true,"href":"https:\/\/ceskylvov.cz\/index.php?rest_route=%2Fwp%2Fv2%2Fcomments&post=465"}],"version-history":[{"count":95,"href":"https:\/\/ceskylvov.cz\/index.php?rest_route=\/wp\/v2\/pages\/465\/revisions"}],"predecessor-version":[{"id":859,"href":"https:\/\/ceskylvov.cz\/index.php?rest_route=\/wp\/v2\/pages\/465\/revisions\/859"}],"wp:featuredmedia":[{"embeddable":true,"href":"https:\/\/ceskylvov.cz\/index.php?rest_route=\/wp\/v2\/media\/529"}],"wp:attachment":[{"href":"https:\/\/ceskylvov.cz\/index.php?rest_route=%2Fwp%2Fv2%2Fmedia&parent=465"}],"curies":[{"name":"wp","href":"https:\/\/api.w.org\/{rel}","templated":true}]}}