{"id":399,"date":"2020-06-26T17:05:01","date_gmt":"2020-06-26T15:05:01","guid":{"rendered":"https:\/\/ceskylvov.cz\/?page_id=399"},"modified":"2021-03-10T15:33:06","modified_gmt":"2021-03-10T14:33:06","slug":"cesky-kovar-stareho-lvova","status":"publish","type":"page","link":"https:\/\/ceskylvov.cz\/?page_id=399","title":{"rendered":"Jan Da\u0161ek"},"content":{"rendered":"\n<div class=\"wp-block-image\"><figure class=\"alignright size-large is-resized\"><img loading=\"lazy\" decoding=\"async\" src=\"https:\/\/ceskylvov.cz\/wp-content\/uploads\/2020\/06\/\u042f\u043d_\u0414\u0430\u0448\u0435\u043a_1837\u20141904-745x1024.jpg\" alt=\"\" class=\"wp-image-402\" width=\"186\" height=\"256\" srcset=\"https:\/\/ceskylvov.cz\/wp-content\/uploads\/2020\/06\/\u042f\u043d_\u0414\u0430\u0448\u0435\u043a_1837\u20141904-745x1024.jpg 745w, https:\/\/ceskylvov.cz\/wp-content\/uploads\/2020\/06\/\u042f\u043d_\u0414\u0430\u0448\u0435\u043a_1837\u20141904-218x300.jpg 218w, https:\/\/ceskylvov.cz\/wp-content\/uploads\/2020\/06\/\u042f\u043d_\u0414\u0430\u0448\u0435\u043a_1837\u20141904-768x1055.jpg 768w, https:\/\/ceskylvov.cz\/wp-content\/uploads\/2020\/06\/\u042f\u043d_\u0414\u0430\u0448\u0435\u043a_1837\u20141904.jpg 1035w\" sizes=\"(max-width: 186px) 100vw, 186px\" \/><\/figure><\/div>\n\n\n\n<p><strong>Jan Da\u0161ek<\/strong> (Daschek), nar. 14. prosince 1837, <em>Znojmo<\/em>, &#8211; zem\u0159. 9. ledna 1904, Lvov &#8211; majitel um\u011bleck\u00e9ho kov\u00e1\u0159stv\u00ed a stavebn\u00edho z\u00e1me\u010dnictv\u00ed ve Lvov\u011b. Ve sv\u00e9 dob\u011b byl pova\u017eov\u00e1n za nejv\u00fdznamn\u011bj\u0161\u00edho profesion\u00e1ln\u00edho \u0159emesln\u00edka, interpretuj\u00edc\u00edho p\u0159i zpracov\u00e1n\u00ed kovu motivy renesance a baroka. Jako prvn\u00ed za\u010dal v architektu\u0159e m\u011bsta Lvova pou\u017e\u00edvat i secesn\u00ed ornamenty. S&nbsp;lehkou nads\u00e1zkou lze \u0159\u00edci, \u017ee ka\u017ed\u00fd v\u00fdznamn\u011bj\u0161\u00ed lvovsk\u00fd d\u016fm byl ozdoben jeho tvorbou.<\/p>\n\n\n\n<div class=\"wp-block-image\"><figure class=\"alignleft size-large is-resized\"><img loading=\"lazy\" decoding=\"async\" src=\"https:\/\/i1.wp.com\/photo-lviv.in.ua\/wp-content\/uploads\/2015\/04\/324.jpg?resize=900%2C600&amp;ssl=1\" alt=\"\" width=\"238\" height=\"159\"\/><figcaption>Podnik J. Da\u0161ka na ul. Kopern\u00edka 56-58<\/figcaption><\/figure><\/div>\n\n\n\n<p>Da\u0161ek se usadil ve Lvov\u011b kolem roku 1870. Bydlel na ulici Kopern\u00edka 52, kde si v roce 1879 postavil na zahrad\u011b d\u00edlnu, pozd\u011bji prvn\u00ed z\u00e1me\u010dnickou provozovnu s podporou elektrick\u00e9ho proudu ve Lvov\u011b. V roce 1891 obdr\u017eel \u010destn\u00e9 ob\u010danstv\u00ed m\u011bsta Lvova. V r\u00e1mci V\u0161eobecn\u00e9 hali\u010dsk\u00e9 v\u00fdstavy mu byl ud\u011blen zlat\u00fd Z\u00e1slu\u017en\u00fd k\u0159\u00ed\u017e s korunou, kter\u00fdm c\u00edsa\u0159 oce\u0148oval obecn\u00e9 z\u00e1sluhy o panovn\u00edka a monarchii a zvl\u00e1\u0161tn\u00ed z\u00e1sluhy o obecn\u00e9 blaho (Brunner Zeitung \u010d. 263 z 19.11. 1894). V roce 1898 se p\u0159est\u011bhoval do nov\u011b postaven\u00e9 vily na ulici Kotliarevskoho 41, projektovan\u00e9 kancel\u00e1\u0159\u00ed Ivana Levinsk\u00e9ho.<\/p>\n\n\n\n<div class=\"wp-block-image\"><figure class=\"alignright size-large is-resized\"><img loading=\"lazy\" decoding=\"async\" src=\"https:\/\/ceskylvov.cz\/wp-content\/uploads\/2020\/12\/13707698_1040787192683165_4277506651878043689_n.jpg\" alt=\"\" class=\"wp-image-612\" width=\"309\" height=\"218\" srcset=\"https:\/\/ceskylvov.cz\/wp-content\/uploads\/2020\/12\/13707698_1040787192683165_4277506651878043689_n.jpg 446w, https:\/\/ceskylvov.cz\/wp-content\/uploads\/2020\/12\/13707698_1040787192683165_4277506651878043689_n-300x212.jpg 300w\" sizes=\"(max-width: 309px) 100vw, 309px\" \/><figcaption>Inzer\u00e1t z r. 1897<\/figcaption><\/figure><\/div>\n\n\n\n<p>V\u00fdrobky Da\u0161kovy d\u00edlny byly obdivov\u00e1ny na lvovsk\u00fdch v\u00fdstav\u00e1ch v letech 1892, 1894, 1902 a na sv\u011btov\u00e9 v\u00fdstav\u011b v Pa\u0159\u00ed\u017ei v roce 1900. S Da\u0161kem \u00fazce spolupracoval i architekt <strong><a href=\"https:\/\/ceskylvov.cz\/?page_id=59\">Karel Boubl\u00edk<\/a><\/strong>.<\/p>\n\n\n\n<p>V\u00fdb\u011br z d\u00edla:<\/p>\n\n\n\n<ul class=\"wp-block-list\"><li>kovan\u00e1 br\u00e1na Hali\u010dsk\u00e9 akciov\u00e9 hypote\u010dn\u00ed banky, pl. Hali\u010dska 15, 1872;<\/li><li>m\u0159\u00ed\u017ee v d\u0159ev\u011bn\u00fdch vstupn\u00edch dve\u0159\u00edch a z\u00e1bradl\u00edch ke schod\u016fm b\u00fdval\u00e9ho pal\u00e1ce hrab\u011bte Potock\u00e9ho na ulici Kopernika 15, 1889-1890;<\/li><li>plot s br\u00e1nou do d\u0159ev\u011bn\u00e9 vy\u0159ez\u00e1van\u00e9 kaple Golgoty a dv\u011b lucerny na n\u00e1dvo\u0159\u00ed arm\u00e9nsk\u00e9 katedr\u00e1ly, 1890;<\/li><li>pro Hali\u010dskou spo\u0159itelnu (nyn\u00ed Muzeum etnografie, um\u011bn\u00ed a \u0159emesel) na rohu ul. Prospekt Svobody a ul. Akademika Hnatyuka, vyrobili kovov\u00e9 dve\u0159e hlavn\u00edho vchodu a m\u0159\u00ed\u017eovou vlo\u017eku do d\u0159ev\u011bn\u00fdch dve\u0159\u00ed v ulici Hnatyuka, okenn\u00ed m\u0159\u00ed\u017ee v prvn\u00edm pat\u0159e, balkonov\u00e9 z\u00e1bradl\u00ed atd., 1891<\/li><li>kovan\u00e9 dekorace, br\u00e1na a plot b\u00fdval\u00e9ho Semenskeho-Levytsk\u00e9ho pal\u00e1ce, ul. Peka\u0159ska 19, 1892<\/li><li>kovan\u00e1 br\u00e1na a plot neobarokn\u00ed vily majitele tov\u00e1rny na s\u00e1dru Jozefa Franze, ul. E. Konovaltsa 47, 1893<\/li><\/ul>\n\n\n\n<figure class=\"wp-block-image size-large\"><img loading=\"lazy\" decoding=\"async\" width=\"1024\" height=\"418\" src=\"https:\/\/ceskylvov.cz\/wp-content\/uploads\/2020\/06\/del-finy19-1024x418.jpg\" alt=\"\" class=\"wp-image-423\" srcset=\"https:\/\/ceskylvov.cz\/wp-content\/uploads\/2020\/06\/del-finy19-1024x418.jpg 1024w, https:\/\/ceskylvov.cz\/wp-content\/uploads\/2020\/06\/del-finy19-300x123.jpg 300w, https:\/\/ceskylvov.cz\/wp-content\/uploads\/2020\/06\/del-finy19-768x314.jpg 768w, https:\/\/ceskylvov.cz\/wp-content\/uploads\/2020\/06\/del-finy19.jpg 1200w\" sizes=\"(max-width: 1024px) 100vw, 1024px\" \/><\/figure>\n\n\n\n<p><em>Kovan\u00e1 br\u00e1na b\u00fdval\u00e9 Hali\u010dsk\u00e9 akciov\u00e9 hypote\u010dn\u00ed banky, pl. Hali\u010dska 15, 1872<\/em><\/p>\n\n\n\n<figure class=\"wp-block-pullquote is-style-solid-color\"><blockquote><p><\/p><\/blockquote><\/figure>\n\n\n\n<figure class=\"wp-block-gallery columns-3 is-cropped wp-block-gallery-1 is-layout-flex wp-block-gallery-is-layout-flex\"><ul class=\"blocks-gallery-grid\"><li class=\"blocks-gallery-item\"><figure><img loading=\"lazy\" decoding=\"async\" width=\"780\" height=\"600\" src=\"https:\/\/ceskylvov.cz\/wp-content\/uploads\/2020\/06\/oshadnist_259ea03837fd771.jpg\" alt=\"\" data-id=\"421\" data-link=\"https:\/\/ceskylvov.cz\/?attachment_id=421\" class=\"wp-image-421\" srcset=\"https:\/\/ceskylvov.cz\/wp-content\/uploads\/2020\/06\/oshadnist_259ea03837fd771.jpg 780w, https:\/\/ceskylvov.cz\/wp-content\/uploads\/2020\/06\/oshadnist_259ea03837fd771-300x231.jpg 300w, https:\/\/ceskylvov.cz\/wp-content\/uploads\/2020\/06\/oshadnist_259ea03837fd771-768x591.jpg 768w\" sizes=\"(max-width: 780px) 100vw, 780px\" \/><\/figure><\/li><li class=\"blocks-gallery-item\"><figure><img loading=\"lazy\" decoding=\"async\" width=\"705\" height=\"1024\" src=\"https:\/\/ceskylvov.cz\/wp-content\/uploads\/2020\/06\/2261.jpg\" alt=\"\" data-id=\"425\" data-full-url=\"https:\/\/ceskylvov.cz\/wp-content\/uploads\/2020\/06\/2261.jpg\" data-link=\"https:\/\/ceskylvov.cz\/?attachment_id=425\" class=\"wp-image-425\" srcset=\"https:\/\/ceskylvov.cz\/wp-content\/uploads\/2020\/06\/2261.jpg 705w, https:\/\/ceskylvov.cz\/wp-content\/uploads\/2020\/06\/2261-207x300.jpg 207w\" sizes=\"(max-width: 705px) 100vw, 705px\" \/><\/figure><\/li><li class=\"blocks-gallery-item\"><figure><img loading=\"lazy\" decoding=\"async\" width=\"750\" height=\"1000\" src=\"https:\/\/ceskylvov.cz\/wp-content\/uploads\/2020\/06\/vstupni-dvere-do-muzea-ul.-A.-Hnatyuka-1.jpg\" alt=\"\" data-id=\"419\" class=\"wp-image-419\" srcset=\"https:\/\/ceskylvov.cz\/wp-content\/uploads\/2020\/06\/vstupni-dvere-do-muzea-ul.-A.-Hnatyuka-1.jpg 750w, https:\/\/ceskylvov.cz\/wp-content\/uploads\/2020\/06\/vstupni-dvere-do-muzea-ul.-A.-Hnatyuka-1-225x300.jpg 225w\" sizes=\"(max-width: 750px) 100vw, 750px\" \/><\/figure><\/li><\/ul><\/figure>\n\n\n\n<p><em>Kovov\u00e9 dve\u0159e a m\u0159\u00ed\u017eov\u00e1 vlo\u017eka do d\u0159ev\u011bn\u00fdch dve\u0159\u00ed pro Hali\u010dskou spo\u0159itelnu (nyn\u00ed Muzeum etnografie, um\u011bn\u00ed a \u0159emesel) na rohu ul. Prospekt Svobody a ul. Akademika Hnatyuka<\/em><\/p>\n\n\n\n<figure class=\"wp-block-pullquote is-style-solid-color\"><blockquote><p><\/p><\/blockquote><\/figure>\n\n\n\n<figure class=\"wp-block-gallery columns-3 is-cropped wp-block-gallery-2 is-layout-flex wp-block-gallery-is-layout-flex\"><ul class=\"blocks-gallery-grid\"><li class=\"blocks-gallery-item\"><figure><img loading=\"lazy\" decoding=\"async\" width=\"750\" height=\"1000\" src=\"https:\/\/ceskylvov.cz\/wp-content\/uploads\/2020\/06\/Kovane-dvere-nam.-Soborna.jpg\" alt=\"\" data-id=\"412\" data-link=\"https:\/\/ceskylvov.cz\/?attachment_id=412\" class=\"wp-image-412\" srcset=\"https:\/\/ceskylvov.cz\/wp-content\/uploads\/2020\/06\/Kovane-dvere-nam.-Soborna.jpg 750w, https:\/\/ceskylvov.cz\/wp-content\/uploads\/2020\/06\/Kovane-dvere-nam.-Soborna-225x300.jpg 225w\" sizes=\"(max-width: 750px) 100vw, 750px\" \/><\/figure><\/li><li class=\"blocks-gallery-item\"><figure><img loading=\"lazy\" decoding=\"async\" width=\"281\" height=\"400\" src=\"https:\/\/ceskylvov.cz\/wp-content\/uploads\/2020\/06\/DSC_0366-2.jpg\" alt=\"\" data-id=\"415\" data-link=\"https:\/\/ceskylvov.cz\/?attachment_id=415\" class=\"wp-image-415\" srcset=\"https:\/\/ceskylvov.cz\/wp-content\/uploads\/2020\/06\/DSC_0366-2.jpg 281w, https:\/\/ceskylvov.cz\/wp-content\/uploads\/2020\/06\/DSC_0366-2-211x300.jpg 211w\" sizes=\"(max-width: 281px) 100vw, 281px\" \/><\/figure><\/li><li class=\"blocks-gallery-item\"><figure><img loading=\"lazy\" decoding=\"async\" width=\"900\" height=\"880\" src=\"https:\/\/ceskylvov.cz\/wp-content\/uploads\/2020\/06\/424.jpg\" alt=\"\" data-id=\"417\" data-link=\"https:\/\/ceskylvov.cz\/?attachment_id=417\" class=\"wp-image-417\" srcset=\"https:\/\/ceskylvov.cz\/wp-content\/uploads\/2020\/06\/424.jpg 900w, https:\/\/ceskylvov.cz\/wp-content\/uploads\/2020\/06\/424-300x293.jpg 300w, https:\/\/ceskylvov.cz\/wp-content\/uploads\/2020\/06\/424-768x751.jpg 768w\" sizes=\"(max-width: 900px) 100vw, 900px\" \/><\/figure><\/li><li class=\"blocks-gallery-item\"><figure><img loading=\"lazy\" decoding=\"async\" width=\"1024\" height=\"837\" src=\"https:\/\/ceskylvov.cz\/wp-content\/uploads\/2020\/06\/1100px-Soborna_square_\u2116_1_Lviv_balcony_11-1024x837.jpg\" alt=\"\" data-id=\"428\" data-link=\"https:\/\/ceskylvov.cz\/?attachment_id=428\" class=\"wp-image-428\" srcset=\"https:\/\/ceskylvov.cz\/wp-content\/uploads\/2020\/06\/1100px-Soborna_square_\u2116_1_Lviv_balcony_11-1024x837.jpg 1024w, https:\/\/ceskylvov.cz\/wp-content\/uploads\/2020\/06\/1100px-Soborna_square_\u2116_1_Lviv_balcony_11-300x245.jpg 300w, https:\/\/ceskylvov.cz\/wp-content\/uploads\/2020\/06\/1100px-Soborna_square_\u2116_1_Lviv_balcony_11-768x628.jpg 768w, https:\/\/ceskylvov.cz\/wp-content\/uploads\/2020\/06\/1100px-Soborna_square_\u2116_1_Lviv_balcony_11.jpg 1100w\" sizes=\"(max-width: 1024px) 100vw, 1024px\" \/><\/figure><\/li><li class=\"blocks-gallery-item\"><figure><img loading=\"lazy\" decoding=\"async\" width=\"493\" height=\"759\" src=\"https:\/\/ceskylvov.cz\/wp-content\/uploads\/2020\/06\/dashek-lviv.jpg\" alt=\"\" data-id=\"429\" data-full-url=\"https:\/\/ceskylvov.cz\/wp-content\/uploads\/2020\/06\/dashek-lviv.jpg\" data-link=\"https:\/\/ceskylvov.cz\/?attachment_id=429\" class=\"wp-image-429\" srcset=\"https:\/\/ceskylvov.cz\/wp-content\/uploads\/2020\/06\/dashek-lviv.jpg 493w, https:\/\/ceskylvov.cz\/wp-content\/uploads\/2020\/06\/dashek-lviv-195x300.jpg 195w\" sizes=\"(max-width: 493px) 100vw, 493px\" \/><\/figure><\/li><\/ul><\/figure>\n\n\n\n<p><em>V\u00fdzdoba budovy na pl. Soborn\u00e9, 1, proveden\u00e1 podnikem Jana Da\u0161ka, 1902<\/em><\/p>\n\n\n\n<figure class=\"wp-block-pullquote is-style-solid-color\"><blockquote><p><\/p><\/blockquote><\/figure>\n\n\n\n<figure class=\"wp-block-gallery columns-2 is-cropped wp-block-gallery-3 is-layout-flex wp-block-gallery-is-layout-flex\"><ul class=\"blocks-gallery-grid\"><li class=\"blocks-gallery-item\"><figure><img loading=\"lazy\" decoding=\"async\" width=\"1024\" height=\"768\" src=\"https:\/\/ceskylvov.cz\/wp-content\/uploads\/2020\/06\/59716536_2398458987050168_9165943625413033984_o-1024x768.jpg\" alt=\"\" data-id=\"416\" data-link=\"https:\/\/ceskylvov.cz\/?attachment_id=416\" class=\"wp-image-416\" srcset=\"https:\/\/ceskylvov.cz\/wp-content\/uploads\/2020\/06\/59716536_2398458987050168_9165943625413033984_o-1024x768.jpg 1024w, https:\/\/ceskylvov.cz\/wp-content\/uploads\/2020\/06\/59716536_2398458987050168_9165943625413033984_o-300x225.jpg 300w, https:\/\/ceskylvov.cz\/wp-content\/uploads\/2020\/06\/59716536_2398458987050168_9165943625413033984_o-768x576.jpg 768w, https:\/\/ceskylvov.cz\/wp-content\/uploads\/2020\/06\/59716536_2398458987050168_9165943625413033984_o-1536x1152.jpg 1536w, https:\/\/ceskylvov.cz\/wp-content\/uploads\/2020\/06\/59716536_2398458987050168_9165943625413033984_o.jpg 1728w\" sizes=\"(max-width: 1024px) 100vw, 1024px\" \/><\/figure><\/li><li class=\"blocks-gallery-item\"><figure><img loading=\"lazy\" decoding=\"async\" width=\"1024\" height=\"683\" src=\"https:\/\/ceskylvov.cz\/wp-content\/uploads\/2020\/06\/image-1024x683.jpg\" alt=\"\" data-id=\"439\" data-full-url=\"https:\/\/ceskylvov.cz\/wp-content\/uploads\/2020\/06\/image.jpg\" data-link=\"https:\/\/ceskylvov.cz\/?attachment_id=439\" class=\"wp-image-439\" srcset=\"https:\/\/ceskylvov.cz\/wp-content\/uploads\/2020\/06\/image-1024x683.jpg 1024w, https:\/\/ceskylvov.cz\/wp-content\/uploads\/2020\/06\/image-300x200.jpg 300w, https:\/\/ceskylvov.cz\/wp-content\/uploads\/2020\/06\/image-768x512.jpg 768w, https:\/\/ceskylvov.cz\/wp-content\/uploads\/2020\/06\/image.jpg 1500w\" sizes=\"(max-width: 1024px) 100vw, 1024px\" \/><\/figure><\/li><\/ul><\/figure>\n\n\n\n<p><em>Kovan\u00e9 ozdoby od Jana Da\u0161ka na vile Juliana Zachariewicze Julietka (1891-1893), ul. Metrologichna, 14a<\/em><\/p>\n\n\n\n<figure class=\"wp-block-pullquote is-style-solid-color\"><blockquote><p><\/p><\/blockquote><\/figure>\n\n\n\n<figure class=\"wp-block-gallery columns-3 is-cropped wp-block-gallery-4 is-layout-flex wp-block-gallery-is-layout-flex\"><ul class=\"blocks-gallery-grid\"><li class=\"blocks-gallery-item\"><figure><img loading=\"lazy\" decoding=\"async\" width=\"1000\" height=\"750\" src=\"https:\/\/ceskylvov.cz\/wp-content\/uploads\/2020\/06\/Brana-a-plot-ul.-Pekarska-19.jpeg\" alt=\"\" data-id=\"414\" data-full-url=\"https:\/\/ceskylvov.cz\/wp-content\/uploads\/2020\/06\/Brana-a-plot-ul.-Pekarska-19.jpeg\" data-link=\"https:\/\/ceskylvov.cz\/?attachment_id=414\" class=\"wp-image-414\" srcset=\"https:\/\/ceskylvov.cz\/wp-content\/uploads\/2020\/06\/Brana-a-plot-ul.-Pekarska-19.jpeg 1000w, https:\/\/ceskylvov.cz\/wp-content\/uploads\/2020\/06\/Brana-a-plot-ul.-Pekarska-19-300x225.jpeg 300w, https:\/\/ceskylvov.cz\/wp-content\/uploads\/2020\/06\/Brana-a-plot-ul.-Pekarska-19-768x576.jpeg 768w\" sizes=\"(max-width: 1000px) 100vw, 1000px\" \/><\/figure><\/li><li class=\"blocks-gallery-item\"><figure><img loading=\"lazy\" decoding=\"async\" width=\"506\" height=\"1024\" src=\"https:\/\/ceskylvov.cz\/wp-content\/uploads\/2020\/06\/Clipboard02-1-506x1024.jpg\" alt=\"\" data-id=\"418\" data-full-url=\"https:\/\/ceskylvov.cz\/wp-content\/uploads\/2020\/06\/Clipboard02-1.jpg\" data-link=\"https:\/\/ceskylvov.cz\/?attachment_id=418\" class=\"wp-image-418\" srcset=\"https:\/\/ceskylvov.cz\/wp-content\/uploads\/2020\/06\/Clipboard02-1-506x1024.jpg 506w, https:\/\/ceskylvov.cz\/wp-content\/uploads\/2020\/06\/Clipboard02-1-148x300.jpg 148w, https:\/\/ceskylvov.cz\/wp-content\/uploads\/2020\/06\/Clipboard02-1.jpg 586w\" sizes=\"(max-width: 506px) 100vw, 506px\" \/><\/figure><\/li><li class=\"blocks-gallery-item\"><figure><img loading=\"lazy\" decoding=\"async\" width=\"750\" height=\"1000\" src=\"https:\/\/ceskylvov.cz\/wp-content\/uploads\/2020\/06\/vstupni-brana-ul.-E.-Konovaltsa-47.jpg\" alt=\"\" data-id=\"411\" data-full-url=\"https:\/\/ceskylvov.cz\/wp-content\/uploads\/2020\/06\/vstupni-brana-ul.-E.-Konovaltsa-47.jpg\" data-link=\"https:\/\/ceskylvov.cz\/?attachment_id=411\" class=\"wp-image-411\" srcset=\"https:\/\/ceskylvov.cz\/wp-content\/uploads\/2020\/06\/vstupni-brana-ul.-E.-Konovaltsa-47.jpg 750w, https:\/\/ceskylvov.cz\/wp-content\/uploads\/2020\/06\/vstupni-brana-ul.-E.-Konovaltsa-47-225x300.jpg 225w\" sizes=\"(max-width: 750px) 100vw, 750px\" \/><\/figure><\/li><\/ul><\/figure>\n\n\n\n<p><em>Vjezdov\u00e9 br\u00e1ny a ploty na ul. Pekarska 11, 16 a ul. Konovaltsa 47<\/em><\/p>\n\n\n\n<figure class=\"wp-block-pullquote is-style-solid-color\"><blockquote><p><\/p><\/blockquote><\/figure>\n\n\n\n<figure class=\"wp-block-gallery columns-2 is-cropped wp-block-gallery-5 is-layout-flex wp-block-gallery-is-layout-flex\"><ul class=\"blocks-gallery-grid\"><li class=\"blocks-gallery-item\"><figure><img loading=\"lazy\" decoding=\"async\" width=\"675\" height=\"1024\" src=\"https:\/\/ceskylvov.cz\/wp-content\/uploads\/2020\/06\/\u041a\u043e\u0442\u043b\u044f\u0440\u0435\u0432\u0441\u044c\u043a\u043e\u0433\u043e_41_\u0444\u0440\u0430\u0433\u043c\u0435\u043d\u0442-675x1024.jpg\" alt=\"\" data-id=\"445\" data-full-url=\"https:\/\/ceskylvov.cz\/wp-content\/uploads\/2020\/06\/\u041a\u043e\u0442\u043b\u044f\u0440\u0435\u0432\u0441\u044c\u043a\u043e\u0433\u043e_41_\u0444\u0440\u0430\u0433\u043c\u0435\u043d\u0442.jpg\" data-link=\"https:\/\/ceskylvov.cz\/?attachment_id=445\" class=\"wp-image-445\" srcset=\"https:\/\/ceskylvov.cz\/wp-content\/uploads\/2020\/06\/\u041a\u043e\u0442\u043b\u044f\u0440\u0435\u0432\u0441\u044c\u043a\u043e\u0433\u043e_41_\u0444\u0440\u0430\u0433\u043c\u0435\u043d\u0442-675x1024.jpg 675w, https:\/\/ceskylvov.cz\/wp-content\/uploads\/2020\/06\/\u041a\u043e\u0442\u043b\u044f\u0440\u0435\u0432\u0441\u044c\u043a\u043e\u0433\u043e_41_\u0444\u0440\u0430\u0433\u043c\u0435\u043d\u0442-198x300.jpg 198w, https:\/\/ceskylvov.cz\/wp-content\/uploads\/2020\/06\/\u041a\u043e\u0442\u043b\u044f\u0440\u0435\u0432\u0441\u044c\u043a\u043e\u0433\u043e_41_\u0444\u0440\u0430\u0433\u043c\u0435\u043d\u0442-768x1165.jpg 768w, https:\/\/ceskylvov.cz\/wp-content\/uploads\/2020\/06\/\u041a\u043e\u0442\u043b\u044f\u0440\u0435\u0432\u0441\u044c\u043a\u043e\u0433\u043e_41_\u0444\u0440\u0430\u0433\u043c\u0435\u043d\u0442.jpg 800w\" sizes=\"(max-width: 675px) 100vw, 675px\" \/><\/figure><\/li><li class=\"blocks-gallery-item\"><figure><img loading=\"lazy\" decoding=\"async\" width=\"1024\" height=\"746\" src=\"https:\/\/ceskylvov.cz\/wp-content\/uploads\/2020\/06\/1280px-\u0412\u0456\u043b\u043b\u0430_\u042f\u043d\u0430_\u0414\u0430\u0448\u0435\u043a\u04301-1024x746.jpg\" alt=\"\" data-id=\"444\" data-link=\"https:\/\/ceskylvov.cz\/?attachment_id=444\" class=\"wp-image-444\" srcset=\"https:\/\/ceskylvov.cz\/wp-content\/uploads\/2020\/06\/1280px-\u0412\u0456\u043b\u043b\u0430_\u042f\u043d\u0430_\u0414\u0430\u0448\u0435\u043a\u04301-1024x746.jpg 1024w, https:\/\/ceskylvov.cz\/wp-content\/uploads\/2020\/06\/1280px-\u0412\u0456\u043b\u043b\u0430_\u042f\u043d\u0430_\u0414\u0430\u0448\u0435\u043a\u04301-300x219.jpg 300w, https:\/\/ceskylvov.cz\/wp-content\/uploads\/2020\/06\/1280px-\u0412\u0456\u043b\u043b\u0430_\u042f\u043d\u0430_\u0414\u0430\u0448\u0435\u043a\u04301-768x560.jpg 768w, https:\/\/ceskylvov.cz\/wp-content\/uploads\/2020\/06\/1280px-\u0412\u0456\u043b\u043b\u0430_\u042f\u043d\u0430_\u0414\u0430\u0448\u0435\u043a\u04301.jpg 1280w\" sizes=\"(max-width: 1024px) 100vw, 1024px\" \/><\/figure><\/li><\/ul><\/figure>\n\n\n\n<p><em>Dekorativn\u00ed v\u00fdzdoba vlastn\u00ed vily Jana Da\u0161ka na ul. Kotliarevskoho 41<\/em><\/p>\n\n\n\n<figure class=\"wp-block-pullquote is-style-solid-color\"><blockquote><p><\/p><\/blockquote><\/figure>\n\n\n\n<p>Jeho pr\u00e1ce zanechala stopu na mnoha m\u00edstech Lvova a je na V\u00e1s, kde v\u0161ude objev\u00edte jeho podpisy, kter\u00fdmi opat\u0159oval sv\u00e1 d\u00edla: <\/p>\n\n\n\n<figure class=\"wp-block-gallery columns-3 is-cropped wp-block-gallery-6 is-layout-flex wp-block-gallery-is-layout-flex\"><ul class=\"blocks-gallery-grid\"><li class=\"blocks-gallery-item\"><figure><img loading=\"lazy\" decoding=\"async\" width=\"750\" height=\"1000\" src=\"https:\/\/ceskylvov.cz\/wp-content\/uploads\/2020\/06\/detail-brany-ul.-Konovaltsa.jpeg\" alt=\"\" data-id=\"406\" data-full-url=\"https:\/\/ceskylvov.cz\/wp-content\/uploads\/2020\/06\/detail-brany-ul.-Konovaltsa.jpeg\" data-link=\"https:\/\/ceskylvov.cz\/?attachment_id=406\" class=\"wp-image-406\" srcset=\"https:\/\/ceskylvov.cz\/wp-content\/uploads\/2020\/06\/detail-brany-ul.-Konovaltsa.jpeg 750w, https:\/\/ceskylvov.cz\/wp-content\/uploads\/2020\/06\/detail-brany-ul.-Konovaltsa-225x300.jpeg 225w\" sizes=\"(max-width: 750px) 100vw, 750px\" \/><\/figure><\/li><li class=\"blocks-gallery-item\"><figure><img loading=\"lazy\" decoding=\"async\" width=\"1000\" height=\"750\" src=\"https:\/\/ceskylvov.cz\/wp-content\/uploads\/2020\/06\/autorska-znacka-Jana-Daska.jpeg\" alt=\"\" data-id=\"407\" data-full-url=\"https:\/\/ceskylvov.cz\/wp-content\/uploads\/2020\/06\/autorska-znacka-Jana-Daska.jpeg\" data-link=\"https:\/\/ceskylvov.cz\/?attachment_id=407\" class=\"wp-image-407\" srcset=\"https:\/\/ceskylvov.cz\/wp-content\/uploads\/2020\/06\/autorska-znacka-Jana-Daska.jpeg 1000w, https:\/\/ceskylvov.cz\/wp-content\/uploads\/2020\/06\/autorska-znacka-Jana-Daska-300x225.jpeg 300w, https:\/\/ceskylvov.cz\/wp-content\/uploads\/2020\/06\/autorska-znacka-Jana-Daska-768x576.jpeg 768w\" sizes=\"(max-width: 1000px) 100vw, 1000px\" \/><\/figure><\/li><li class=\"blocks-gallery-item\"><figure><img loading=\"lazy\" decoding=\"async\" width=\"516\" height=\"797\" src=\"https:\/\/ceskylvov.cz\/wp-content\/uploads\/2020\/06\/888.png\" alt=\"\" data-id=\"408\" data-full-url=\"https:\/\/ceskylvov.cz\/wp-content\/uploads\/2020\/06\/888.png\" data-link=\"https:\/\/ceskylvov.cz\/?attachment_id=408\" class=\"wp-image-408\" srcset=\"https:\/\/ceskylvov.cz\/wp-content\/uploads\/2020\/06\/888.png 516w, https:\/\/ceskylvov.cz\/wp-content\/uploads\/2020\/06\/888-194x300.png 194w\" sizes=\"(max-width: 516px) 100vw, 516px\" \/><\/figure><\/li><\/ul><\/figure>\n\n\n\n<figure class=\"wp-block-pullquote is-style-solid-color\"><blockquote><p><\/p><\/blockquote><\/figure>\n\n\n\n<p>Po sv\u00e9 smrti byl poh\u0159ben v rodinn\u00e9 hrobce na h\u0159bitov\u011b Lychakiv (pole \u010d. 1). Po smrti man\u017eelky Katarzyny (10.12. 1910), vedl d\u00edlnu jejich syn Jan Alois Dashek. <\/p>\n\n\n\n<p><\/p>\n\n\n\n<figure class=\"wp-block-gallery columns-2 is-cropped wp-block-gallery-7 is-layout-flex wp-block-gallery-is-layout-flex\"><ul class=\"blocks-gallery-grid\"><li class=\"blocks-gallery-item\"><figure><img loading=\"lazy\" decoding=\"async\" width=\"750\" height=\"1000\" src=\"https:\/\/ceskylvov.cz\/wp-content\/uploads\/2020\/06\/Detail-hrobky.jpeg\" alt=\"\" data-id=\"404\" data-full-url=\"https:\/\/ceskylvov.cz\/wp-content\/uploads\/2020\/06\/Detail-hrobky.jpeg\" data-link=\"https:\/\/ceskylvov.cz\/?attachment_id=404\" class=\"wp-image-404\" srcset=\"https:\/\/ceskylvov.cz\/wp-content\/uploads\/2020\/06\/Detail-hrobky.jpeg 750w, https:\/\/ceskylvov.cz\/wp-content\/uploads\/2020\/06\/Detail-hrobky-225x300.jpeg 225w\" sizes=\"(max-width: 750px) 100vw, 750px\" \/><\/figure><\/li><li class=\"blocks-gallery-item\"><figure><img loading=\"lazy\" decoding=\"async\" width=\"1000\" height=\"750\" src=\"https:\/\/ceskylvov.cz\/wp-content\/uploads\/2020\/06\/rodinna-hrobka-JD-1.jpeg\" alt=\"\" data-id=\"405\" data-full-url=\"https:\/\/ceskylvov.cz\/wp-content\/uploads\/2020\/06\/rodinna-hrobka-JD-1.jpeg\" data-link=\"https:\/\/ceskylvov.cz\/?attachment_id=405\" class=\"wp-image-405\" srcset=\"https:\/\/ceskylvov.cz\/wp-content\/uploads\/2020\/06\/rodinna-hrobka-JD-1.jpeg 1000w, https:\/\/ceskylvov.cz\/wp-content\/uploads\/2020\/06\/rodinna-hrobka-JD-1-300x225.jpeg 300w, https:\/\/ceskylvov.cz\/wp-content\/uploads\/2020\/06\/rodinna-hrobka-JD-1-768x576.jpeg 768w\" sizes=\"(max-width: 1000px) 100vw, 1000px\" \/><\/figure><\/li><\/ul><\/figure>\n\n\n\n<h4 class=\"wp-block-heading\">\u00a9 2020 Petr Zenker<\/h4>\n","protected":false},"excerpt":{"rendered":"<p>Kr\u00e1tk\u00e1 exkurze do d\u00edla v\u00fdznamn\u00e9ho lvovsk\u00e9ho kov\u00e1\u0159e p\u016fvodem ze Znojma Jana Da\u0161ka<\/p>\n","protected":false},"author":1,"featured_media":464,"parent":0,"menu_order":0,"comment_status":"closed","ping_status":"closed","template":"","meta":{"footnotes":""},"class_list":["post-399","page","type-page","status-publish","has-post-thumbnail","hentry"],"_links":{"self":[{"href":"https:\/\/ceskylvov.cz\/index.php?rest_route=\/wp\/v2\/pages\/399"}],"collection":[{"href":"https:\/\/ceskylvov.cz\/index.php?rest_route=\/wp\/v2\/pages"}],"about":[{"href":"https:\/\/ceskylvov.cz\/index.php?rest_route=\/wp\/v2\/types\/page"}],"author":[{"embeddable":true,"href":"https:\/\/ceskylvov.cz\/index.php?rest_route=\/wp\/v2\/users\/1"}],"replies":[{"embeddable":true,"href":"https:\/\/ceskylvov.cz\/index.php?rest_route=%2Fwp%2Fv2%2Fcomments&post=399"}],"version-history":[{"count":33,"href":"https:\/\/ceskylvov.cz\/index.php?rest_route=\/wp\/v2\/pages\/399\/revisions"}],"predecessor-version":[{"id":857,"href":"https:\/\/ceskylvov.cz\/index.php?rest_route=\/wp\/v2\/pages\/399\/revisions\/857"}],"wp:featuredmedia":[{"embeddable":true,"href":"https:\/\/ceskylvov.cz\/index.php?rest_route=\/wp\/v2\/media\/464"}],"wp:attachment":[{"href":"https:\/\/ceskylvov.cz\/index.php?rest_route=%2Fwp%2Fv2%2Fmedia&parent=399"}],"curies":[{"name":"wp","href":"https:\/\/api.w.org\/{rel}","templated":true}]}}