{"id":124,"date":"2020-05-30T15:18:55","date_gmt":"2020-05-30T13:18:55","guid":{"rendered":"https:\/\/ceskylvov.cz\/?page_id=124"},"modified":"2020-06-07T11:15:42","modified_gmt":"2020-06-07T09:15:42","slug":"1869-2","status":"publish","type":"page","link":"https:\/\/ceskylvov.cz\/?page_id=124","title":{"rendered":"1869"},"content":{"rendered":"\n<h4 class=\"wp-block-heading\">Za\u010d\u00e1tek historie lvovsk\u00e9ho architekta<\/h4>\n\n\n\n<p>Po\u010d\u00e1tkem roku <strong>1869<\/strong> prob\u011bhla sv\u011btov\u00fdm tiskem zpr\u00e1va, \u017ee prusk\u00fd premi\u00e9r Bismarck tajn\u011b odjel do Petrohradu dojednat d\u016fle\u017eitou smlouvu s&nbsp;carsk\u00fdm dvorem, v&nbsp;\u00fanoru se objevila v&nbsp;m\u00edstn\u00edch novin\u00e1ch nab\u00eddka stavebn\u00ed zak\u00e1zky na p\u0159em\u011bnu kon\u011bsp\u0159e\u017en\u00e9 dr\u00e1hy c\u00edsa\u0159ovny Al\u017eb\u011bty na trati linecko -bud\u011bjovick\u00e9 na parovozn\u00ed, prezidentem USA se v&nbsp;b\u0159eznu stal <a href=\"https:\/\/cs.wikipedia.org\/wiki\/Ulysses_S._Grant\">Ulysses S. Grant<\/a>, v&nbsp;dubnu byl do p\u0159edstavenstva Spolku architekt\u016f a in\u017een\u00fdr\u016f v&nbsp;\u010cech\u00e1ch zvolen <a href=\"https:\/\/cs.wikipedia.org\/wiki\/Josef_Hl%C3%A1vka\">Josef Hl\u00e1vka<\/a>, novelou \u0161kolsk\u00e9ho z\u00e1kona ze 14.5.1869 byl zru\u0161en vliv c\u00edrkve na v\u00fduku v\u0161ech p\u0159edm\u011bt\u016f, krom\u011b n\u00e1bo\u017eenstv\u00ed, rovn\u011b\u017e bylo potvrzeno pr\u00e1vo na v\u00fduku v&nbsp;jin\u00e9m, ne\u017e n\u011bmeck\u00e9m jazyku a zavedena povinn\u00e1 osmilet\u00e1 \u0161koln\u00ed doch\u00e1zka. Po\u010d\u00e1tkem pr\u00e1zdnin je budouc\u00edmu podu\u010diteli ve \u0161kole pobl\u00ed\u017e Vod\u0148an nab\u00edzeno m\u00edsto za 150 zlat\u00fdch ro\u010dn\u011b + byt a otop, od poloviny srpna byl v Brn\u011b zah\u00e1jen provoz prvn\u00ed ko\u0148sk\u00e9 tramvajov\u00e9 linky v \u010desk\u00fdch zem\u00edch, v&nbsp;listopadu se ot\u0159\u00e1sla zem\u011b v&nbsp;Tyrolsku a tak\u00e9 byl otev\u0159en Suezsk\u00fd pr\u016fplav. V&nbsp;tomto roce zem\u0159el nap\u0159. p\u0159\u00edrodov\u011bdec <a href=\"https:\/\/cs.wikipedia.org\/wiki\/Jan_Evangelista_Purkyn%C4%9B\">Jan Evangelista Purkyn\u011b<\/a> i francouzsk\u00fd skladatel <a href=\"https:\/\/cs.wikipedia.org\/wiki\/Hector_Berlioz\">Hector Berlioz<\/a> a narodili se nejen <a href=\"https:\/\/cs.wikipedia.org\/wiki\/Jan_May\">Jan May<\/a>, l\u00e9ka\u0159 a starosta Mari\u00e1nsk\u00fdch Hor u Ostravy, rusk\u00fd mystik <a href=\"https:\/\/cs.wikipedia.org\/wiki\/Grigorij_Jefimovi%C4%8D_Rasputin\">Grigorij Rasputin<\/a> nebo <a href=\"https:\/\/cs.wikipedia.org\/wiki\/Mah%C3%A1tma_G%C3%A1ndh%C3%AD\">Mah\u00e1tma G\u00e1ndh\u00ed<\/a>.<\/p>\n\n\n\n<figure class=\"wp-block-image size-large\"><img loading=\"lazy\" decoding=\"async\" width=\"1024\" height=\"369\" src=\"https:\/\/ceskylvov.cz\/wp-content\/uploads\/2020\/05\/Boublik-1-1024x369.png\" alt=\"\" class=\"wp-image-125\" srcset=\"https:\/\/ceskylvov.cz\/wp-content\/uploads\/2020\/05\/Boublik-1-1024x369.png 1024w, https:\/\/ceskylvov.cz\/wp-content\/uploads\/2020\/05\/Boublik-1-300x108.png 300w, https:\/\/ceskylvov.cz\/wp-content\/uploads\/2020\/05\/Boublik-1-768x277.png 768w, https:\/\/ceskylvov.cz\/wp-content\/uploads\/2020\/05\/Boublik-1-1536x553.png 1536w, https:\/\/ceskylvov.cz\/wp-content\/uploads\/2020\/05\/Boublik-1.png 1549w\" sizes=\"(max-width: 1024px) 100vw, 1024px\" \/><figcaption>Matri\u010dn\u00ed z\u00e1znam o narozen\u00ed Karla Boubl\u00edka<\/figcaption><\/figure>\n\n\n\n<p>Prvn\u00ed listopadovou sobotu (6.) roku 1869 se v\u00a0Kolinci, v\u00a0katolick\u00e9 rodin\u011b, v dom\u011b\u00a0\u010d p. 42 (t\u00e9\u017e hostinec U zelen\u00e9ho v\u011bnce) matce Marii \u017dofii (roz. Honz\u00edkov\u00e1 (Honzig)), d\u011bdi\u010dce rodn\u00e9ho domu a otci Mat\u011bji Boubl\u00edkovi, kter\u00fd byl hospod\u00e1\u0159sk\u00fdm adjunktem na kolineck\u00e9m z\u00e1mku a pozd\u011bji t\u00e9\u017e spr\u00e1vcem nal\u017eovsk\u00e9ho lihovaru v majetku <a href=\"https:\/\/cs.wikipedia.org\/wiki\/Eduard_Taaffe\">JUDr. Eduarda Taafeho<\/a>, narodil <strong>Karel <em>Vil\u00e9m<\/em> Boubl\u00edk<\/strong>. D\u011bde\u010dek Jan Boubl\u00edk byl \u0161af\u00e1\u0159em v\u00a0Tedra\u017eic\u00edch, matka Marie byla jedinou dcerou Mat\u011bje Honzika a jeho \u017eeny Anny Kohoutov\u00e9 z\u00a0Le\u0161i\u0161ova. Matka KB porodila celkem 8 d\u011bt\u00ed, z\u00a0nich\u017e se dosp\u011bl\u00e9ho v\u011bku do\u017eili jen 3 chlapci. Karel byl po Josefovi (nar. 10.6. 1866, bud. voj. d\u016fstojn\u00edk v Brn\u011b) a Janovi (13.2.1868 &#8211; 12.5.1939, abs. <em>Fachschule f\u00fcr Weberei in Br\u00fcnn<\/em>, \u00fa\u0159edn\u00edk a pozd\u011bji tov. \u0159editel <a href=\"https:\/\/pamatkovykatalog.cz\/valcha-c-k-priv-tovarny-na-sukna-tkalcovna-pradelna-tempes-th-beyer-syn-sdruzene-barevny-a-s-fritsch-spol-moravsko-slezske-vlnarske-zavody-n-p-brno-zavod-12-vlnap-n-p-brno-mosilana-n-p-brno-lanarest-a-s-olli-elektro-s-r-o-20033845\">Fritsch a spol. v Brn\u011b<\/a>), t\u0159et\u00edm synem. Po narozen\u00ed mlad\u0161\u00ed sestry R\u016f\u017eeny Vilem\u00edny (30.8. 1873) se rodina z domu v\u00a0Kolinci odst\u011bhovala.<\/p>\n\n\n\n<p><em>Zdroj: <a href=\"https:\/\/www.portafontium.eu\/\">https:\/\/www.portafontium.eu\/<\/a>, <a href=\"https:\/\/www.kolinec.eu\">https:\/\/www.kolinec.eu<\/a>, <a href=\"https:\/\/www.mza.cz\/\">https:\/\/www.mza.cz\/<\/a><\/em><\/p>\n\n\n\n<h4 class=\"wp-block-heading\">D\u00e1le &#8211; <strong><a href=\"https:\/\/ceskylvov.cz\/?page_id=129\">P\u0159es Brno<\/a><\/strong><\/h4>\n","protected":false},"excerpt":{"rendered":"<p>Za\u010d\u00e1tek historie lvovsk\u00e9ho architekta<\/p>\n","protected":false},"author":1,"featured_media":125,"parent":0,"menu_order":0,"comment_status":"closed","ping_status":"closed","template":"","meta":{"footnotes":""},"class_list":["post-124","page","type-page","status-publish","has-post-thumbnail","hentry"],"_links":{"self":[{"href":"https:\/\/ceskylvov.cz\/index.php?rest_route=\/wp\/v2\/pages\/124"}],"collection":[{"href":"https:\/\/ceskylvov.cz\/index.php?rest_route=\/wp\/v2\/pages"}],"about":[{"href":"https:\/\/ceskylvov.cz\/index.php?rest_route=\/wp\/v2\/types\/page"}],"author":[{"embeddable":true,"href":"https:\/\/ceskylvov.cz\/index.php?rest_route=\/wp\/v2\/users\/1"}],"replies":[{"embeddable":true,"href":"https:\/\/ceskylvov.cz\/index.php?rest_route=%2Fwp%2Fv2%2Fcomments&post=124"}],"version-history":[{"count":7,"href":"https:\/\/ceskylvov.cz\/index.php?rest_route=\/wp\/v2\/pages\/124\/revisions"}],"predecessor-version":[{"id":287,"href":"https:\/\/ceskylvov.cz\/index.php?rest_route=\/wp\/v2\/pages\/124\/revisions\/287"}],"wp:featuredmedia":[{"embeddable":true,"href":"https:\/\/ceskylvov.cz\/index.php?rest_route=\/wp\/v2\/media\/125"}],"wp:attachment":[{"href":"https:\/\/ceskylvov.cz\/index.php?rest_route=%2Fwp%2Fv2%2Fmedia&parent=124"}],"curies":[{"name":"wp","href":"https:\/\/api.w.org\/{rel}","templated":true}]}}