{"id":109,"date":"2020-05-30T14:50:32","date_gmt":"2020-05-30T12:50:32","guid":{"rendered":"https:\/\/ceskylvov.cz\/?page_id=109"},"modified":"2020-06-07T18:34:40","modified_gmt":"2020-06-07T16:34:40","slug":"historie-konzularniho-zastoupeni-ceske-republiky-ve-lvove","status":"publish","type":"page","link":"https:\/\/ceskylvov.cz\/?page_id=109","title":{"rendered":"Historie konzul\u00e1rn\u00edho zastoupen\u00ed \u010cR ve Lvov\u011b"},"content":{"rendered":"\n<h4 class=\"wp-block-heading\">Historie konzul\u00e1rn\u00edho \u00fa\u0159adu \u010cesk\u00e9 (\u010ceskoslovensk\u00e9) republiky ve Lvov\u011b sah\u00e1 do po\u010d\u00e1tku existence samostatn\u00e9ho \u010ceskoslovenska.<\/h4>\n\n\n\n<div class=\"wp-block-image\"><figure class=\"alignright size-large is-resized\"><img loading=\"lazy\" decoding=\"async\" src=\"https:\/\/ceskylvov.cz\/wp-content\/uploads\/2020\/06\/konzulat.jpg\" alt=\"\" class=\"wp-image-327\" width=\"208\" height=\"277\" srcset=\"https:\/\/ceskylvov.cz\/wp-content\/uploads\/2020\/06\/konzulat.jpg 750w, https:\/\/ceskylvov.cz\/wp-content\/uploads\/2020\/06\/konzulat-225x300.jpg 225w\" sizes=\"(max-width: 208px) 100vw, 208px\" \/><figcaption>Exequatur <em>vydan\u00fd<\/em>&nbsp;prvn\u00edmu konzulovi Franti\u0161kovi \u0160tilipovi<\/figcaption><\/figure><\/div>\n\n\n\n<p>Prvn\u00edm konzulem \u010ceskoslovensk\u00e9 republiky ve Lvov\u011b byl pan <strong>Franti\u0161ek \u0160tilip<\/strong>, kter\u00fd p\u0159edal konzulsk\u00fd patent 6. prosince 1921. Konzul\u00e1t pak zah\u00e1jil \u010dinnost 20. prosince 1921 (ofici\u00e1ln\u011b 1. ledna 1922) a s\u00eddlil v Ulici 3 Maja 2 (dnes ul. Si\u010dovych Srtilciv).&nbsp;Do jeho konzul\u00e1rn\u00edho obvodu pat\u0159ila vojvodstv\u00ed Lw\u00f3w, Stanislaw\u00f3w a Tarnopol.<\/p>\n\n\n\n<div class=\"wp-block-image\"><figure class=\"alignleft size-large is-resized\"><img loading=\"lazy\" decoding=\"async\" src=\"https:\/\/ceskylvov.cz\/wp-content\/uploads\/2020\/06\/konz1.jpg\" alt=\"\" class=\"wp-image-322\" width=\"241\" height=\"169\" srcset=\"https:\/\/ceskylvov.cz\/wp-content\/uploads\/2020\/06\/konz1.jpg 963w, https:\/\/ceskylvov.cz\/wp-content\/uploads\/2020\/06\/konz1-300x210.jpg 300w, https:\/\/ceskylvov.cz\/wp-content\/uploads\/2020\/06\/konz1-768x538.jpg 768w\" sizes=\"(max-width: 241px) 100vw, 241px\" \/><figcaption>Konzul\u00e1t \u010ceskoslovensk\u00e9 republiky na ul. 3 Maja 2 (1921-1929)<\/figcaption><\/figure><\/div>\n\n\n\n<p>Dne 11. \u0159\u00edjna 1928 se ujal funkce konzula pan <strong>Jan Jir\u00e1sek<\/strong>, ze jeho\u017e p\u016fsoben\u00ed se v\u00a0roce 1929 konzul\u00e1t p\u0159est\u011bhoval do budovy v\u00a0ulici Kornela Ujejskiego 4 (nyn\u00ed ul. Ustyjanovy\u010de).<\/p>\n\n\n\n<p>Od z\u0159\u00edzen\u00ed konzul\u00e1tu jeho \u010dinnost \u00fazce souvisela s&nbsp;v\u00e1le\u010dn\u00fdm d\u011bdictv\u00edm i nov\u00fdm rozd\u011blen\u00edm st\u0159edn\u00ed Evropy po rozpadu Rakousko-uhersk\u00e9 monarchie: p\u0159eva\u017eovala agenda v\u00e1le\u010dn\u00fdch \u0161kod, p\u00e9\u010de o v\u00e1le\u010dn\u00e9 hroby a exhumace, repatriace, st\u00e1toob\u010dansk\u00e1 agenda, ale i vym\u00e1h\u00e1n\u00ed l\u00e9\u010debn\u00e9ho a aliment\u016f. A\u017e ve druh\u00e9 polovin\u011b 20. let za\u010d\u00edn\u00e1 nab\u00fdvat na d\u016fle\u017eitosti i agenda obchodn\u00ed, a to v&nbsp;p\u0159\u00edm\u00e9 n\u00e1vaznosti na sjedn\u00e1n\u00ed polsko-\u010deskoslovensk\u00e9 obchodn\u00ed smlouvy.<\/p>\n\n\n\n<figure class=\"wp-block-gallery alignleft columns-1 wp-block-gallery-1 is-layout-flex wp-block-gallery-is-layout-flex\"><ul class=\"blocks-gallery-grid\"><li class=\"blocks-gallery-item\"><figure><img loading=\"lazy\" decoding=\"async\" width=\"750\" height=\"1000\" src=\"https:\/\/ceskylvov.cz\/wp-content\/uploads\/2020\/06\/Clipboard01.jpg\" alt=\"\" data-id=\"319\" data-full-url=\"https:\/\/ceskylvov.cz\/wp-content\/uploads\/2020\/06\/Clipboard01.jpg\" data-link=\"https:\/\/ceskylvov.cz\/?attachment_id=319\" class=\"wp-image-319\" srcset=\"https:\/\/ceskylvov.cz\/wp-content\/uploads\/2020\/06\/Clipboard01.jpg 750w, https:\/\/ceskylvov.cz\/wp-content\/uploads\/2020\/06\/Clipboard01-225x300.jpg 225w\" sizes=\"(max-width: 750px) 100vw, 750px\" \/><\/figure><\/li><li class=\"blocks-gallery-item\"><figure><img loading=\"lazy\" decoding=\"async\" width=\"1000\" height=\"750\" src=\"https:\/\/ceskylvov.cz\/wp-content\/uploads\/2020\/06\/Clipboard02.jpg\" alt=\"\" data-id=\"320\" data-full-url=\"https:\/\/ceskylvov.cz\/wp-content\/uploads\/2020\/06\/Clipboard02.jpg\" data-link=\"https:\/\/ceskylvov.cz\/?attachment_id=320\" class=\"wp-image-320\" srcset=\"https:\/\/ceskylvov.cz\/wp-content\/uploads\/2020\/06\/Clipboard02.jpg 1000w, https:\/\/ceskylvov.cz\/wp-content\/uploads\/2020\/06\/Clipboard02-300x225.jpg 300w, https:\/\/ceskylvov.cz\/wp-content\/uploads\/2020\/06\/Clipboard02-768x576.jpg 768w\" sizes=\"(max-width: 1000px) 100vw, 1000px\" \/><\/figure><\/li><\/ul><figcaption class=\"blocks-gallery-caption\">Zam\u011bstnanci Konzul<em>\u00e1<\/em>tu v letech 1937-39<\/figcaption><\/figure>\n\n\n\n<div class=\"wp-block-image\"><figure class=\"alignright size-large is-resized\"><img loading=\"lazy\" decoding=\"async\" src=\"https:\/\/ceskylvov.cz\/wp-content\/uploads\/2020\/06\/konzulat2.jpg\" alt=\"\" class=\"wp-image-323\" width=\"241\" height=\"169\" srcset=\"https:\/\/ceskylvov.cz\/wp-content\/uploads\/2020\/06\/konzulat2.jpg 963w, https:\/\/ceskylvov.cz\/wp-content\/uploads\/2020\/06\/konzulat2-300x210.jpg 300w, https:\/\/ceskylvov.cz\/wp-content\/uploads\/2020\/06\/konzulat2-768x538.jpg 768w\" sizes=\"(max-width: 241px) 100vw, 241px\" \/><figcaption><em>Konzul\u00e1t na ul. Kornela Ujejskiego 4 (1929-1939)<\/em><\/figcaption><\/figure><\/div>\n\n\n\n<p>V&nbsp;letech 1934-1937 vedl konzul\u00e1t pan <strong>V\u00e1clav \u010cech<\/strong>. Posledn\u00ed p\u0159edv\u00e1le\u010dn\u00fd konzul <strong>dr. Karel Mach\u00e1\u010dek<\/strong> p\u0159edal konzulsk\u00fd patent 18. \u010dervence 1937, ani\u017e by tu\u0161il, jak tragick\u00e9 ud\u00e1losti jeho misi ukon\u010d\u00ed. Dr. Karel Mach\u00e1\u010dek opustil Lvov 20. dubna 1939 pot\u00e9, co 20. b\u0159ezna odevzdal &nbsp;konzul\u00e1t&nbsp;n\u011bmeck\u00e9 \u00fa\u0159edn\u00ed moci.&nbsp;<\/p>\n\n\n\n<p>Ve 30. letech konzul\u00e1t vykazoval krom\u011b b\u011b\u017en\u00e9 v\u00edzov\u00e9 a konzul\u00e1rn\u00ed agendy takt\u00e9\u017e aktivity kulturn\u011b-propaga\u010dn\u00ed a osv\u011btov\u00e9, zam\u011b\u0159oval se tak\u00e9 na podporu cestovn\u00edho ruchu a l\u00e1ze\u0148stv\u00ed. Neodmyslitelnou sou\u010d\u00e1st\u00ed jeho pr\u00e1ce byla p\u00e9\u010de o zborovskou mohylu a hroby legion\u00e1\u0159\u016f v&nbsp;Jazern\u00e9. Druh\u00e1 polovina 30. let v\u0161ak byla poznamen\u00e1na zhor\u0161en\u00edm politick\u00fdch pom\u011br\u016f a \u010desko-polsk\u00fdch vztah\u016f, kter\u00e9 se prom\u00edtly do v\u0161ech oblast\u00ed \u010dinnosti \u010desk\u00e9ho konzul\u00e1rn\u00edho zastoupen\u00ed ve Lvov\u011b.<\/p>\n\n\n\n<p>O obnoven\u00ed konzul\u00e1rn\u00edho zastoupen\u00ed \u010cesk\u00e9 republiky ve Lvov\u011b, tentokr\u00e1t na \u00farovni gener\u00e1ln\u00edho konzul\u00e1tu, bylo rozhodnuto v&nbsp;roce 2003. Ukrajinsk\u00e1 strana ud\u011blila exequatur prvn\u00edmu gener\u00e1ln\u00edmu konzulovi samostatn\u00e9 \u010cesk\u00e9 republiky <strong>ing. Milanu Janderovi<\/strong> dne 14. z\u00e1\u0159\u00ed 2003.<\/p>\n\n\n\n<p>Gener\u00e1ln\u00ed konzul\u00e1t zah\u00e1jil \u010dinnost na st\u00e1vaj\u00edc\u00ed adrese (Antonovycha 130a) dne 5. ledna 2004, ofici\u00e1ln\u00ed otev\u0159en\u00ed konzul\u00e1tu se konalo 20. ledna 2004. Konzul\u00e1rn\u00ed obvod byl tehdy definov\u00e1n \u010dty\u0159mi oblastmi: Lvovskou, Zakarpatskou, Ivano-Frankivskou a Ternopilskou. V&nbsp;roce 2006 pak bylo rozhodnuto o roz\u0161\u00ed\u0159en\u00ed konzul\u00e1rn\u00ed p\u016fsobnosti GK Lvov i na oblast Voly\u0148skou, Rivnenskou a \u010cerniveckou. \u010cinnost Gener\u00e1ln\u00edho konzul\u00e1tu \u010cR ve Lvov\u011b od po\u010d\u00e1tku spo\u010d\u00edvala p\u0159edev\u0161\u00edm ve v\u00edzov\u00e9 agend\u011b, \u00fasil\u00ed gener\u00e1ln\u00edho konzula, nicm\u00e9n\u011b, sm\u011b\u0159ovalo i do oblasti kulturn\u00edch a obchodn\u00edch vztah\u016f. Ing. Milan Jandera ukon\u010dil sv\u00e9 p\u016fsoben\u00ed ve Lvov\u011b 10. \u0159\u00edjna 2007.<\/p>\n\n\n\n<div class=\"wp-block-image\"><figure class=\"alignright size-large is-resized\"><img loading=\"lazy\" decoding=\"async\" src=\"https:\/\/ceskylvov.cz\/wp-content\/uploads\/2020\/05\/konzulat.jpg\" alt=\"\" class=\"wp-image-105\" width=\"291\" height=\"179\" srcset=\"https:\/\/ceskylvov.cz\/wp-content\/uploads\/2020\/05\/konzulat.jpg 945w, https:\/\/ceskylvov.cz\/wp-content\/uploads\/2020\/05\/konzulat-300x183.jpg 300w, https:\/\/ceskylvov.cz\/wp-content\/uploads\/2020\/05\/konzulat-768x470.jpg 768w\" sizes=\"(max-width: 291px) 100vw, 291px\" \/><figcaption>Konzul\u00e1t na ul. Antonovycha 130A (od r. 2004)<\/figcaption><\/figure><\/div>\n\n\n\n<p>Dne 1. listopadu 2007 se ujal funkce <strong>JUDr. Ladislav Hradil<\/strong>, kter\u00fd exequatur obdr\u017eel 18. dubna 2008. &nbsp;V&nbsp;pr\u016fb\u011bhu roku 2008 pro\u0161la budova konzul\u00e1tu, nyn\u00ed ji\u017e ve vlastnictv\u00ed \u010desk\u00e9ho st\u00e1tu, \u010d\u00e1ste\u010dnou rekonstrukc\u00ed. Mise JUDr. Ladislava Hradila ve Lvov\u011b skon\u010dila &nbsp;22. \u00fanora 2009. V&nbsp;prvn\u00ed polovin\u011b roku 2009 je \u010dinnost konzul\u00e1tu op\u011bt na n\u011bkolik m\u011bs\u00edc\u016f omezena z&nbsp;d\u016fvodu dal\u0161\u00ed f\u00e1ze rekonstrukce objektu.<\/p>\n\n\n\n<p>Dne 20. \u010dervence&nbsp; 2009 p\u0159ij\u00ed\u017ed\u00ed do Lvova gener\u00e1ln\u00ed konzul <strong>Mgr. David Pavlita<\/strong>. Exequatur mu bylo ukrajinsk\u00fdmi \u00fa\u0159ady ud\u011bleno 6. srpna 2009, ve funkci z\u016fst\u00e1v\u00e1 do 13. z\u00e1\u0159\u00ed 2013. Aktivity konzul\u00e1tu se ve v\u011bt\u0161\u00ed m\u00ed\u0159e roz\u0161i\u0159uj\u00ed i na kulturn\u00ed a obchodn\u00ed agendu.<\/p>\n\n\n\n<p>Dne 16. z\u00e1\u0159\u00ed 2013 se funkce gener\u00e1ln\u00edho konzula uj\u00edm\u00e1 <strong>PhDr. Miroslav Kl\u00edma<\/strong>. Souhlas ukrajinsk\u00e9 strany s p\u016fsoben\u00edm ve funkci mu byl ud\u011blen dne 10. \u0159\u00edjna 2013 a p\u0159ed\u00e1n dne 24. \u0159\u00edjna 2013 v Kyjev\u011b. Za jeho p\u016fsoben\u00ed ve funkci byla otev\u0159ena v\u00edzov\u00e1 centra ve Lvov\u011b, Ivano-Frankivsku a U\u017ehorodu. Byl rovn\u011b\u017e otev\u0159en Honor\u00e1ln\u00ed konzul\u00e1t \u010cesk\u00e9 republiky v U\u017ehorodu.<\/p>\n\n\n\n<p>Dne 10. \u0159\u00edjna 2016 p\u0159evzal na Ministerstvu zahrani\u010dn\u00edch v\u011bc\u00ed Ukrajiny v Kyjev\u011b exequatur nov\u00fd gener\u00e1ln\u00ed konzul \u010cesk\u00e9 republiky ve Lvov\u011b <strong>Mgr. Pavel Pe\u0161ek<\/strong>.<\/p>\n\n\n\n<p>Web Gener\u00e1ln\u00edho konzul\u00e1tu \u010cesk\u00e9 republiky ve Lvov\u011b: <a href=\"https:\/\/mzv.cz\/lvov\/\">https:\/\/mzv.cz\/lvov\/<\/a><\/p>\n\n\n\n<iframe loading=\"lazy\" src=\"https:\/\/www.google.com\/maps\/d\/u\/0\/embed?mid=1-vRCgKYyqkb9atYIqcdcMBf5h3UgM23a\" width=\"640\" height=\"480\"><\/iframe>\n\n\n\n<p><\/p>\n","protected":false},"excerpt":{"rendered":"<p>Historie konzul\u00e1rn\u00edho \u00fa\u0159adu \u010cesk\u00e9 (\u010ceskoslovensk\u00e9) republiky ve Lvov\u011b<\/p>\n","protected":false},"author":1,"featured_media":105,"parent":0,"menu_order":0,"comment_status":"closed","ping_status":"closed","template":"","meta":{"footnotes":""},"class_list":["post-109","page","type-page","status-publish","has-post-thumbnail","hentry"],"_links":{"self":[{"href":"https:\/\/ceskylvov.cz\/index.php?rest_route=\/wp\/v2\/pages\/109"}],"collection":[{"href":"https:\/\/ceskylvov.cz\/index.php?rest_route=\/wp\/v2\/pages"}],"about":[{"href":"https:\/\/ceskylvov.cz\/index.php?rest_route=\/wp\/v2\/types\/page"}],"author":[{"embeddable":true,"href":"https:\/\/ceskylvov.cz\/index.php?rest_route=\/wp\/v2\/users\/1"}],"replies":[{"embeddable":true,"href":"https:\/\/ceskylvov.cz\/index.php?rest_route=%2Fwp%2Fv2%2Fcomments&post=109"}],"version-history":[{"count":16,"href":"https:\/\/ceskylvov.cz\/index.php?rest_route=\/wp\/v2\/pages\/109\/revisions"}],"predecessor-version":[{"id":335,"href":"https:\/\/ceskylvov.cz\/index.php?rest_route=\/wp\/v2\/pages\/109\/revisions\/335"}],"wp:featuredmedia":[{"embeddable":true,"href":"https:\/\/ceskylvov.cz\/index.php?rest_route=\/wp\/v2\/media\/105"}],"wp:attachment":[{"href":"https:\/\/ceskylvov.cz\/index.php?rest_route=%2Fwp%2Fv2%2Fmedia&parent=109"}],"curies":[{"name":"wp","href":"https:\/\/api.w.org\/{rel}","templated":true}]}}